{"id":21066,"date":"2025-04-08T11:00:33","date_gmt":"2025-04-08T09:00:33","guid":{"rendered":"https:\/\/azvitrine.ecdev.fr\/?page_id=21066"},"modified":"2025-10-13T12:03:46","modified_gmt":"2025-10-13T10:03:46","slug":"quand-partir-vacances-corse","status":"publish","type":"page","link":"https:\/\/www.azureva-vacances.com\/fr\/destinations\/vacances-en-france\/quand-partir-vacances-corse\/","title":{"rendered":"Quand partir en vacances en Corse ?"},"content":{"rendered":"\t\t<div data-elementor-type=\"wp-page\" data-elementor-id=\"21066\" class=\"elementor elementor-21066\" data-elementor-post-type=\"page\">\n\t\t\t\t<div class=\"elementor-element elementor-element-bba377a e-con-full e-flex e-con e-parent\" data-id=\"bba377a\" data-element_type=\"container\" data-settings=\"{&quot;jet_parallax_layout_list&quot;:[],&quot;background_background&quot;:&quot;classic&quot;}\">\n\t\t\t\t<div class=\"elementor-element elementor-element-1a45e8e elementor-align-center elementor-widget elementor-widget-raven-heading\" data-id=\"1a45e8e\" data-element_type=\"widget\" data-widget_type=\"raven-heading.default\">\n\t\t\t\t<div class=\"elementor-widget-container\">\n\t\t\t\t\t\t\t<div class=\"raven-widget-wrapper\"><h1 class=\"raven-heading raven-heading-h1\"><span class=\"raven-heading-title \">Quand partir en vacances<br><b> en Corse ?<\/b><\/span><\/h1><\/div>\n\t\t\t\t\t\t<\/div>\n\t\t\t\t<\/div>\n\t\t\t\t<\/div>\n\t\t<div class=\"elementor-element elementor-element-b2f3957 e-con-full e-flex e-con e-parent\" data-id=\"b2f3957\" data-element_type=\"container\" data-settings=\"{&quot;jet_parallax_layout_list&quot;:[]}\">\n\t\t<div class=\"elementor-element elementor-element-a8abc53 e-con-full e-flex e-con e-child\" data-id=\"a8abc53\" data-element_type=\"container\" data-settings=\"{&quot;jet_parallax_layout_list&quot;:[]}\">\n\t\t\t\t<div class=\"elementor-element elementor-element-c9ca7c5 elementor-widget elementor-widget-breadcrumbs\" data-id=\"c9ca7c5\" data-element_type=\"widget\" data-widget_type=\"breadcrumbs.default\">\n\t\t\t\t<div class=\"elementor-widget-container\">\n\t\t\t\t\t<p id=\"breadcrumbs\"><span><span><a href=\"https:\/\/www.azureva-vacances.com\/fr\/\">Accueil<\/a><\/span><\/span><\/p>\t\t\t\t<\/div>\n\t\t\t\t<\/div>\n\t\t\t\t<div class=\"elementor-element elementor-element-1d39ebe elementor-widget elementor-widget-heading\" data-id=\"1d39ebe\" data-element_type=\"widget\" data-widget_type=\"heading.default\">\n\t\t\t\t<div class=\"elementor-widget-container\">\n\t\t\t\t\t<h2 class=\"elementor-heading-title elementor-size-default\">La corse, l\u2019\u00eele de beaut\u00e9 \u00e0 savourer en toutes saisons<\/h2>\t\t\t\t<\/div>\n\t\t\t\t<\/div>\n\t\t\t\t<div class=\"elementor-element elementor-element-28608fa elementor-widget elementor-widget-text-editor\" data-id=\"28608fa\" data-element_type=\"widget\" data-widget_type=\"text-editor.default\">\n\t\t\t\t<div class=\"elementor-widget-container\">\n\t\t\t\t\t\t\t\t\t<p>Authentique continent miniature, la Corse n&#8217;usurpe pas son appellation d&#8217;\u00cele de Beaut\u00e9\u00a0! L&#8217;exceptionnelle diversit\u00e9 des territoires et paysages de la plus proche des \u00eeles lointaines fran\u00e7aises contribue tout naturellement \u00e0 son dynamisme touristique. Vous ne savez pas quand partir en vacances en Corse\u00a0? Azureva vous met au parfum tout de suite\u00a0!<\/p>\t\t\t\t\t\t\t\t<\/div>\n\t\t\t\t<\/div>\n\t\t\t\t<\/div>\n\t\t\t\t<div class=\"elementor-element elementor-element-11bd626 elementor-widget__width-initial elementor-widget elementor-widget-image\" data-id=\"11bd626\" data-element_type=\"widget\" data-widget_type=\"image.default\">\n\t\t\t\t<div class=\"elementor-widget-container\">\n\t\t\t\t\t\t\t\t\t\t\t\t\t\t\t<img loading=\"lazy\" decoding=\"async\" width=\"820\" height=\"547\" src=\"https:\/\/www.azureva-vacances.com\/wp-content\/uploads\/2025\/04\/582b21957faf2_vacances-sud-ete-corse.jpg\" class=\"attachment-large size-large wp-image-21345\" alt=\"vos vacances en location en corse\u00a0\" srcset=\"https:\/\/www.azureva-vacances.com\/wp-content\/uploads\/2025\/04\/582b21957faf2_vacances-sud-ete-corse-mobile.avif 420w\" sizes=\"auto, (max-width: 420px) 100vw, 100vw\" loading=\"lazy\" \/>\t\t\t\t\t\t\t\t\t\t\t\t\t\t\t<\/div>\n\t\t\t\t<\/div>\n\t\t\t\t<\/div>\n\t\t<div class=\"elementor-element elementor-element-c3491d4 e-con-full e-flex e-con e-parent\" data-id=\"c3491d4\" data-element_type=\"container\" data-settings=\"{&quot;jet_parallax_layout_list&quot;:[]}\">\n\t\t\t\t<div class=\"elementor-element elementor-element-e84a9b0 elementor-widget elementor-widget-text-editor\" data-id=\"e84a9b0\" data-element_type=\"widget\" data-widget_type=\"text-editor.default\">\n\t\t\t\t<div class=\"elementor-widget-container\">\n\t\t\t\t\t\t\t\t\t<h2 class=\"rich-text-title-2\">Le printemps, une saison id\u00e9ale pour partir en vacances en Corse<\/h2><p>Pour (re) d\u00e9couvrir ce joyau insulaire et ses Merveilles, rien de tel que le printemps\u00a0! En avril, mai et juin\u00a0: pas de canicule, moins de touristes et le maquis est en fleurs.<\/p><p>Victime de son succ\u00e8s, l&#8217;\u00eele souffre malheureusement de surpopulation. L&#8217;\u00e9t\u00e9, ce sont jusqu&#8217;\u00e0 6 millions de touristes qui se d\u00e9versent des ferries \u00e0 Bastia, Calvi, l&#8217;\u00cele-Rousse, Propiano ou encore Porto-Vecchio\u00a0! Des flots qui ont pouss\u00e9 l&#8217;Assembl\u00e9e de Corse \u00e0 mettre en place des quotas annuels afin de pr\u00e9server l&#8217;Environnement. D\u00e9sormais, pour se rendre aux \u00eeles Lavezzi, faire de la randonn\u00e9e \u00e0 Bavella ou visiter les gorges de la Restonica, il faut pr\u00e9alablement r\u00e9server\u00a0: pas plus de 200 000 visiteurs maximum sur ces sites jusqu&#8217;en 2026\u00a0! Mythique et donc tr\u00e8s emprunt\u00e9 par les randonneurs de tous poils, le GR20 entre Calenzana, au nord, et Conca, au Sud, pourrait lui aussi tr\u00e8s prochainement \u00eatre soumis \u00e0 r\u00e9glementation.<\/p><p>Si, en avril, la temp\u00e9rature de l&#8217;eau est encore un peu fra\u00eeche pour la baignade (env. 14\u00b0C), les journ\u00e9es sont tr\u00e8s agr\u00e9ables. Elles sont propices aux activit\u00e9s en tous genres. Par contre en mai, vous pouvez vous jeter \u00e0 l&#8217;eau sans h\u00e9sitation. En juin, multipliez les plaisirs\u00a0: les journ\u00e9es sont plus longues\u00a0!<\/p><p>Impossible de partir en vacances en Corse au printemps sans visiter ses jardins, une explosion d&#8217;ar\u00f4mes et de couleurs\u00a0! En voici quelques-uns parmi les plus remarquables\u00a0: Parc de Saleccia (entr\u00e9e de la Balagne), Parc Gal\u00e9a (Bastia), Jardin des Milelli (Ajaccio&#8230;<\/p><p>Enfin, un petit tour dans l&#8217;un des \u00e9cosyst\u00e8mes les plus repr\u00e9sentatifs de l&#8217;\u00eele s&#8217;impose\u00a0: son maquis. Arbousiers, bruy\u00e8res, c\u00e8dres, ch\u00e2taigniers, ch\u00eanes verts, cistes, myrtes, romarins&#8230; couvrent en effet 40 % du territoire corse\u00a0!<\/p><p>Bref, vous l&#8217;aurez compris\u00a0: pour visiter ce paradis \u00e0 deux pas d&#8217;ici et profiter au mieux de votre prochain s\u00e9jour en Corse, optez pour des vacances printani\u00e8res&#8230; ou automnales.<\/p><h2 class=\"rich-text-title-2\">L&#8217;automne, une autre saison tr\u00e8s propice \u00e0 un s\u00e9jour en Corse avec Azureva<\/h2><p>Partir en vacances en Corse \u00e0 l&#8217;automne est aussi une excellente option. En Octobre, les temp\u00e9ratures peuvent encore \u00eatre estivales, atteignant all\u00e9grement les 25-26\u00b0C ! De quoi facilement se baigner, profiter des loisirs nautiques ou simplement buller au soleil sur une plage d\u00e9serte. Sans parler des randonn\u00e9es et activit\u00e9s en tous genres plus accessibles avec le reflux de touristes.<\/p><p>Impossible d&#8217;\u00e9voquer l&#8217;automne sans penser aussi aux for\u00eats et leurs couleurs flamboyantes. Pour en profiter, nul besoin d&#8217;aller au Canada. La for\u00eat corse, malgr\u00e9 ses pins en tr\u00e8s grand nombre, offre un v\u00e9ritable festival \u00e0 l&#8217;automne. A ne pas manquer si vous partez en vacances en Corse en octobre\u00a0: la for\u00eat de Valdu-Nielli au c\u0153ur du Parc naturel r\u00e9gional de Corse, la ch\u00e2taigneraie de Pianellu, Vizzavona&#8230;<\/p><p>L&#8217;automne en Corse sous le signe de l&#8217;\u00e9t\u00e9 indien, c&#8217;est \u00e9galement des plages \u00e0 perte de vue (1000 km de littoral !) avec le sable et la mer comme uniques horizons. En octobre, la temp\u00e9rature moyenne de l&#8217;eau est encore de 20\u00b0C\u00a0! Voici, rien que pour vous, notre TOP 5 des plus belles plages pour prolonger les vacances en Corse\u00a0: Palombaggia (Porto-Vecchio), Rondinara (Bonifacio), Ostriconi, Roccapina (Sart\u00e8ne) et Erbaju. Et, si vous le pouvez, ne manquez pas les petites criques des \u00eeles Lavezzi, un v\u00e9ritable \u00e9den en automne\u00a0!<\/p><p>Enfin, partir en vacances en Corse l&#8217;automne, c&#8217;est profiter d&#8217;Incontournables rien que pour soi\u00a0: Calvi et sa citadelle, Golfe de Porto et sa tour carr\u00e9e, \u00celes Lavezzi, D\u00e9sert des Agriates, R\u00e9serve de Scandola, \u00celes Sanguinaires&#8230;<\/p>\t\t\t\t\t\t\t\t<\/div>\n\t\t\t\t<\/div>\n\t\t\t\t<\/div>\n\t\t\t\t<\/div>\n\t\t","protected":false},"excerpt":{"rendered":"<p>Quand partir en vacances en Corse ? La corse, l\u2019\u00eele de beaut\u00e9 \u00e0 savourer en toutes saisons Authentique continent miniature, la Corse n&#8217;usurpe pas son appellation d&#8217;\u00cele de Beaut\u00e9\u00a0! L&#8217;exceptionnelle diversit\u00e9 des territoires et paysages de la plus proche des \u00eeles lointaines fran\u00e7aises contribue tout naturellement \u00e0 son dynamisme touristique. Vous ne savez pas quand [&hellip;]<\/p>\n","protected":false},"author":4,"featured_media":0,"parent":17345,"menu_order":0,"comment_status":"closed","ping_status":"closed","template":"full-width.php","meta":{"_acf_changed":false,"_yoast_wpseo_focuskw":"","_yoast_wpseo_metadesc":"Choisissez la meilleure p\u00e9riode pour vos vacances en Corse et profitez de l\u2019\u00eele de Beaut\u00e9 dans notre \u00e9tablissement de vacances.","rank_math_description":"","rank_math_title":"","rank_math_focus_keyword":"","footnotes":""},"class_list":["post-21066","page","type-page","status-publish","hentry"],"acf":[],"yoast_head":"<!-- This site is optimized with the Yoast SEO plugin v27.3 - https:\/\/yoast.com\/product\/yoast-seo-wordpress\/ -->\n<title>Quand partir en vacances en Corse ? - Azureva Vacances en France<\/title>\n<meta name=\"description\" content=\"Choisissez la meilleure p\u00e9riode pour vos vacances en Corse et profitez de l\u2019\u00eele de Beaut\u00e9 dans notre \u00e9tablissement de vacances.\" \/>\n<meta name=\"robots\" content=\"index, follow, max-snippet:-1, max-image-preview:large, max-video-preview:-1\" \/>\n<link rel=\"canonical\" href=\"https:\/\/www.azureva-vacances.com\/fr\/destinations\/vacances-en-france\/quand-partir-vacances-corse\/\" \/>\n<meta property=\"og:locale\" content=\"fr_FR\" \/>\n<meta property=\"og:type\" content=\"article\" \/>\n<meta property=\"og:title\" content=\"Quand partir en vacances en Corse ? - Azureva Vacances en France\" \/>\n<meta property=\"og:description\" content=\"Choisissez la meilleure p\u00e9riode pour vos vacances en Corse et profitez de l\u2019\u00eele de Beaut\u00e9 dans notre \u00e9tablissement de vacances.\" \/>\n<meta property=\"og:url\" content=\"https:\/\/www.azureva-vacances.com\/fr\/destinations\/vacances-en-france\/quand-partir-vacances-corse\/\" \/>\n<meta property=\"og:site_name\" content=\"Azureva Vacances en France\" \/>\n<meta property=\"article:publisher\" content=\"https:\/\/www.facebook.com\/AzurevaVacances\/\" \/>\n<meta property=\"article:modified_time\" content=\"2025-10-13T10:03:46+00:00\" \/>\n<meta property=\"og:image\" content=\"https:\/\/www.azureva-vacances.com\/wp-content\/uploads\/2025\/04\/582b21957faf2_vacances-sud-ete-corse.jpg\" \/>\n\t<meta property=\"og:image:width\" content=\"820\" \/>\n\t<meta property=\"og:image:height\" content=\"547\" \/>\n\t<meta property=\"og:image:type\" content=\"image\/jpeg\" \/>\n<meta name=\"twitter:card\" content=\"summary_large_image\" \/>\n<meta name=\"twitter:label1\" content=\"Est. reading time\" \/>\n\t<meta name=\"twitter:data1\" content=\"4 minutes\" \/>\n<script type=\"application\/ld+json\" class=\"yoast-schema-graph\">{\"@context\":\"https:\\\/\\\/schema.org\",\"@graph\":[{\"@type\":\"WebPage\",\"@id\":\"https:\\\/\\\/www.azureva-vacances.com\\\/fr\\\/destinations\\\/vacances-en-france\\\/quand-partir-vacances-corse\\\/\",\"url\":\"https:\\\/\\\/www.azureva-vacances.com\\\/fr\\\/destinations\\\/vacances-en-france\\\/quand-partir-vacances-corse\\\/\",\"name\":\"Quand partir en vacances en Corse ? - Azureva Vacances en France\",\"isPartOf\":{\"@id\":\"https:\\\/\\\/www.azureva-vacances.com\\\/fr\\\/#website\"},\"primaryImageOfPage\":{\"@id\":\"https:\\\/\\\/www.azureva-vacances.com\\\/fr\\\/destinations\\\/vacances-en-france\\\/quand-partir-vacances-corse\\\/#primaryimage\"},\"image\":{\"@id\":\"https:\\\/\\\/www.azureva-vacances.com\\\/fr\\\/destinations\\\/vacances-en-france\\\/quand-partir-vacances-corse\\\/#primaryimage\"},\"thumbnailUrl\":\"https:\\\/\\\/www.azureva-vacances.com\\\/wp-content\\\/uploads\\\/2025\\\/04\\\/582b21957faf2_vacances-sud-ete-corse.jpg\",\"datePublished\":\"2025-04-08T09:00:33+00:00\",\"dateModified\":\"2025-10-13T10:03:46+00:00\",\"description\":\"Choisissez la meilleure p\u00e9riode pour vos vacances en Corse et profitez de l\u2019\u00eele de Beaut\u00e9 dans notre \u00e9tablissement de vacances.\",\"breadcrumb\":{\"@id\":\"https:\\\/\\\/www.azureva-vacances.com\\\/fr\\\/destinations\\\/vacances-en-france\\\/quand-partir-vacances-corse\\\/#breadcrumb\"},\"inLanguage\":\"fr\",\"potentialAction\":[{\"@type\":\"ReadAction\",\"target\":[\"https:\\\/\\\/www.azureva-vacances.com\\\/fr\\\/destinations\\\/vacances-en-france\\\/quand-partir-vacances-corse\\\/\"]}]},{\"@type\":\"ImageObject\",\"inLanguage\":\"fr\",\"@id\":\"https:\\\/\\\/www.azureva-vacances.com\\\/fr\\\/destinations\\\/vacances-en-france\\\/quand-partir-vacances-corse\\\/#primaryimage\",\"url\":\"https:\\\/\\\/www.azureva-vacances.com\\\/wp-content\\\/uploads\\\/2025\\\/04\\\/582b21957faf2_vacances-sud-ete-corse.jpg\",\"contentUrl\":\"https:\\\/\\\/www.azureva-vacances.com\\\/wp-content\\\/uploads\\\/2025\\\/04\\\/582b21957faf2_vacances-sud-ete-corse.jpg\"},{\"@type\":\"BreadcrumbList\",\"@id\":\"https:\\\/\\\/www.azureva-vacances.com\\\/fr\\\/destinations\\\/vacances-en-france\\\/quand-partir-vacances-corse\\\/#breadcrumb\",\"itemListElement\":[{\"@type\":\"ListItem\",\"position\":1,\"name\":\"Accueil\",\"item\":\"https:\\\/\\\/www.azureva-vacances.com\\\/fr\\\/\"},{\"@type\":\"ListItem\",\"position\":2,\"name\":\"Destinations\",\"item\":\"https:\\\/\\\/www.azureva-vacances.com\\\/fr\\\/destinations\\\/\"},{\"@type\":\"ListItem\",\"position\":3,\"name\":\"Vacances en France\",\"item\":\"https:\\\/\\\/www.azureva-vacances.com\\\/fr\\\/destinations\\\/vacances-en-france\\\/\"},{\"@type\":\"ListItem\",\"position\":4,\"name\":\"Quand partir en vacances en Corse ?\"}]},{\"@type\":\"WebSite\",\"@id\":\"https:\\\/\\\/www.azureva-vacances.com\\\/fr\\\/#website\",\"url\":\"https:\\\/\\\/www.azureva-vacances.com\\\/fr\\\/\",\"name\":\"Azureva Vacances\",\"description\":\"\",\"publisher\":{\"@id\":\"https:\\\/\\\/www.azureva-vacances.com\\\/fr\\\/#organization\"},\"potentialAction\":[{\"@type\":\"SearchAction\",\"target\":{\"@type\":\"EntryPoint\",\"urlTemplate\":\"https:\\\/\\\/www.azureva-vacances.com\\\/fr\\\/?s={search_term_string}\"},\"query-input\":{\"@type\":\"PropertyValueSpecification\",\"valueRequired\":true,\"valueName\":\"search_term_string\"}}],\"inLanguage\":\"fr\"},{\"@type\":\"Organization\",\"@id\":\"https:\\\/\\\/www.azureva-vacances.com\\\/fr\\\/#organization\",\"name\":\"Azureva Vacances\",\"url\":\"https:\\\/\\\/www.azureva-vacances.com\\\/fr\\\/\",\"logo\":{\"@type\":\"ImageObject\",\"inLanguage\":\"fr\",\"@id\":\"https:\\\/\\\/www.azureva-vacances.com\\\/fr\\\/#\\\/schema\\\/logo\\\/image\\\/\",\"url\":\"https:\\\/\\\/www.azureva-vacances.com\\\/wp-content\\\/uploads\\\/2025\\\/01\\\/logo.svg\",\"contentUrl\":\"https:\\\/\\\/www.azureva-vacances.com\\\/wp-content\\\/uploads\\\/2025\\\/01\\\/logo.svg\",\"caption\":\"Azureva Vacances\"},\"image\":{\"@id\":\"https:\\\/\\\/www.azureva-vacances.com\\\/fr\\\/#\\\/schema\\\/logo\\\/image\\\/\"},\"sameAs\":[\"https:\\\/\\\/www.facebook.com\\\/AzurevaVacances\\\/\",\"https:\\\/\\\/www.instagram.com\\\/azurevavacances\\\/\",\"https:\\\/\\\/www.tiktok.com\\\/@azureva_vacances\",\"https:\\\/\\\/www.youtube.com\\\/user\\\/vacancesazureva\",\"https:\\\/\\\/www.linkedin.com\\\/company\\\/azureva\\\/mycompany\\\/\"]}]}<\/script>\n<!-- \/ Yoast SEO plugin. -->","yoast_head_json":{"title":"Quand partir en vacances en Corse ? - Azureva Vacances en France","description":"Choisissez la meilleure p\u00e9riode pour vos vacances en Corse et profitez de l\u2019\u00eele de Beaut\u00e9 dans notre \u00e9tablissement de vacances.","robots":{"index":"index","follow":"follow","max-snippet":"max-snippet:-1","max-image-preview":"max-image-preview:large","max-video-preview":"max-video-preview:-1"},"canonical":"https:\/\/www.azureva-vacances.com\/fr\/destinations\/vacances-en-france\/quand-partir-vacances-corse\/","og_locale":"fr_FR","og_type":"article","og_title":"Quand partir en vacances en Corse ? - Azureva Vacances en France","og_description":"Choisissez la meilleure p\u00e9riode pour vos vacances en Corse et profitez de l\u2019\u00eele de Beaut\u00e9 dans notre \u00e9tablissement de vacances.","og_url":"https:\/\/www.azureva-vacances.com\/fr\/destinations\/vacances-en-france\/quand-partir-vacances-corse\/","og_site_name":"Azureva Vacances en France","article_publisher":"https:\/\/www.facebook.com\/AzurevaVacances\/","article_modified_time":"2025-10-13T10:03:46+00:00","og_image":[{"width":820,"height":547,"url":"https:\/\/www.azureva-vacances.com\/wp-content\/uploads\/2025\/04\/582b21957faf2_vacances-sud-ete-corse.jpg","type":"image\/jpeg"}],"twitter_card":"summary_large_image","twitter_misc":{"Est. reading time":"4 minutes"},"schema":{"@context":"https:\/\/schema.org","@graph":[{"@type":"WebPage","@id":"https:\/\/www.azureva-vacances.com\/fr\/destinations\/vacances-en-france\/quand-partir-vacances-corse\/","url":"https:\/\/www.azureva-vacances.com\/fr\/destinations\/vacances-en-france\/quand-partir-vacances-corse\/","name":"Quand partir en vacances en Corse ? - Azureva Vacances en France","isPartOf":{"@id":"https:\/\/www.azureva-vacances.com\/fr\/#website"},"primaryImageOfPage":{"@id":"https:\/\/www.azureva-vacances.com\/fr\/destinations\/vacances-en-france\/quand-partir-vacances-corse\/#primaryimage"},"image":{"@id":"https:\/\/www.azureva-vacances.com\/fr\/destinations\/vacances-en-france\/quand-partir-vacances-corse\/#primaryimage"},"thumbnailUrl":"https:\/\/www.azureva-vacances.com\/wp-content\/uploads\/2025\/04\/582b21957faf2_vacances-sud-ete-corse.jpg","datePublished":"2025-04-08T09:00:33+00:00","dateModified":"2025-10-13T10:03:46+00:00","description":"Choisissez la meilleure p\u00e9riode pour vos vacances en Corse et profitez de l\u2019\u00eele de Beaut\u00e9 dans notre \u00e9tablissement de vacances.","breadcrumb":{"@id":"https:\/\/www.azureva-vacances.com\/fr\/destinations\/vacances-en-france\/quand-partir-vacances-corse\/#breadcrumb"},"inLanguage":"fr","potentialAction":[{"@type":"ReadAction","target":["https:\/\/www.azureva-vacances.com\/fr\/destinations\/vacances-en-france\/quand-partir-vacances-corse\/"]}]},{"@type":"ImageObject","inLanguage":"fr","@id":"https:\/\/www.azureva-vacances.com\/fr\/destinations\/vacances-en-france\/quand-partir-vacances-corse\/#primaryimage","url":"https:\/\/www.azureva-vacances.com\/wp-content\/uploads\/2025\/04\/582b21957faf2_vacances-sud-ete-corse.jpg","contentUrl":"https:\/\/www.azureva-vacances.com\/wp-content\/uploads\/2025\/04\/582b21957faf2_vacances-sud-ete-corse.jpg"},{"@type":"BreadcrumbList","@id":"https:\/\/www.azureva-vacances.com\/fr\/destinations\/vacances-en-france\/quand-partir-vacances-corse\/#breadcrumb","itemListElement":[{"@type":"ListItem","position":1,"name":"Accueil","item":"https:\/\/www.azureva-vacances.com\/fr\/"},{"@type":"ListItem","position":2,"name":"Destinations","item":"https:\/\/www.azureva-vacances.com\/fr\/destinations\/"},{"@type":"ListItem","position":3,"name":"Vacances en France","item":"https:\/\/www.azureva-vacances.com\/fr\/destinations\/vacances-en-france\/"},{"@type":"ListItem","position":4,"name":"Quand partir en vacances en Corse ?"}]},{"@type":"WebSite","@id":"https:\/\/www.azureva-vacances.com\/fr\/#website","url":"https:\/\/www.azureva-vacances.com\/fr\/","name":"Azureva Vacances","description":"","publisher":{"@id":"https:\/\/www.azureva-vacances.com\/fr\/#organization"},"potentialAction":[{"@type":"SearchAction","target":{"@type":"EntryPoint","urlTemplate":"https:\/\/www.azureva-vacances.com\/fr\/?s={search_term_string}"},"query-input":{"@type":"PropertyValueSpecification","valueRequired":true,"valueName":"search_term_string"}}],"inLanguage":"fr"},{"@type":"Organization","@id":"https:\/\/www.azureva-vacances.com\/fr\/#organization","name":"Azureva Vacances","url":"https:\/\/www.azureva-vacances.com\/fr\/","logo":{"@type":"ImageObject","inLanguage":"fr","@id":"https:\/\/www.azureva-vacances.com\/fr\/#\/schema\/logo\/image\/","url":"https:\/\/www.azureva-vacances.com\/wp-content\/uploads\/2025\/01\/logo.svg","contentUrl":"https:\/\/www.azureva-vacances.com\/wp-content\/uploads\/2025\/01\/logo.svg","caption":"Azureva Vacances"},"image":{"@id":"https:\/\/www.azureva-vacances.com\/fr\/#\/schema\/logo\/image\/"},"sameAs":["https:\/\/www.facebook.com\/AzurevaVacances\/","https:\/\/www.instagram.com\/azurevavacances\/","https:\/\/www.tiktok.com\/@azureva_vacances","https:\/\/www.youtube.com\/user\/vacancesazureva","https:\/\/www.linkedin.com\/company\/azureva\/mycompany\/"]}]}},"_links":{"self":[{"href":"https:\/\/www.azureva-vacances.com\/fr\/wp-json\/wp\/v2\/pages\/21066","targetHints":{"allow":["GET"]}}],"collection":[{"href":"https:\/\/www.azureva-vacances.com\/fr\/wp-json\/wp\/v2\/pages"}],"about":[{"href":"https:\/\/www.azureva-vacances.com\/fr\/wp-json\/wp\/v2\/types\/page"}],"author":[{"embeddable":true,"href":"https:\/\/www.azureva-vacances.com\/fr\/wp-json\/wp\/v2\/users\/4"}],"replies":[{"embeddable":true,"href":"https:\/\/www.azureva-vacances.com\/fr\/wp-json\/wp\/v2\/comments?post=21066"}],"version-history":[{"count":3,"href":"https:\/\/www.azureva-vacances.com\/fr\/wp-json\/wp\/v2\/pages\/21066\/revisions"}],"predecessor-version":[{"id":40910,"href":"https:\/\/www.azureva-vacances.com\/fr\/wp-json\/wp\/v2\/pages\/21066\/revisions\/40910"}],"up":[{"embeddable":true,"href":"https:\/\/www.azureva-vacances.com\/fr\/wp-json\/wp\/v2\/pages\/17345"}],"wp:attachment":[{"href":"https:\/\/www.azureva-vacances.com\/fr\/wp-json\/wp\/v2\/media?parent=21066"}],"curies":[{"name":"wp","href":"https:\/\/api.w.org\/{rel}","templated":true}]}}