{"id":17809,"date":"2025-03-14T15:23:39","date_gmt":"2025-03-14T14:23:39","guid":{"rendered":"https:\/\/azvitrine.ecdev.fr\/?page_id=17809"},"modified":"2026-02-05T14:24:24","modified_gmt":"2026-02-05T13:24:24","slug":"villages-vacances-rhone-alpes","status":"publish","type":"page","link":"https:\/\/www.azureva-vacances.com\/fr\/hebergements\/villages\/villages-vacances-rhone-alpes\/","title":{"rendered":"Villages Vacances Rh\u00f4ne-Alpes"},"content":{"rendered":"\t\t<div data-elementor-type=\"wp-page\" data-elementor-id=\"17809\" class=\"elementor elementor-17809\" data-elementor-post-type=\"page\">\n\t\t\t\t<div class=\"elementor-element elementor-element-e6bcf92 e-con-full e-flex e-con e-parent\" data-id=\"e6bcf92\" data-element_type=\"container\" data-settings=\"{&quot;jet_parallax_layout_list&quot;:[],&quot;background_background&quot;:&quot;classic&quot;}\">\n\t\t\t\t<div class=\"elementor-element elementor-element-80f9f52 elementor-align-center elementor-widget elementor-widget-raven-heading\" data-id=\"80f9f52\" data-element_type=\"widget\" data-widget_type=\"raven-heading.default\">\n\t\t\t\t<div class=\"elementor-widget-container\">\n\t\t\t\t\t\t\t<div class=\"raven-widget-wrapper\"><h1 class=\"raven-heading raven-heading-h1\"><span class=\"raven-heading-title \">Villages Vacances<br><b> Rh\u00f4ne-Alpes<\/b><\/span><\/h1><\/div>\n\t\t\t\t\t\t<\/div>\n\t\t\t\t<\/div>\n\t\t\t\t<\/div>\n\t\t<div class=\"elementor-element elementor-element-7960f13 e-con-full e-flex e-con e-parent\" data-id=\"7960f13\" data-element_type=\"container\" data-settings=\"{&quot;jet_parallax_layout_list&quot;:[]}\">\n\t\t\t\t<div class=\"elementor-element elementor-element-dccf56e elementor-widget elementor-widget-breadcrumbs\" data-id=\"dccf56e\" data-element_type=\"widget\" data-widget_type=\"breadcrumbs.default\">\n\t\t\t\t<div class=\"elementor-widget-container\">\n\t\t\t\t\t<p id=\"breadcrumbs\"><span><span><a href=\"https:\/\/www.azureva-vacances.com\/fr\/\">Accueil<\/a><\/span><\/span><\/p>\t\t\t\t<\/div>\n\t\t\t\t<\/div>\n\t\t\t\t<\/div>\n\t\t<div class=\"elementor-element elementor-element-53ac32a e-con-full e-flex e-con e-parent\" data-id=\"53ac32a\" data-element_type=\"container\" data-settings=\"{&quot;jet_parallax_layout_list&quot;:[]}\">\n\t\t<div class=\"elementor-element elementor-element-c17836b e-con-full e-flex e-con e-child\" data-id=\"c17836b\" data-element_type=\"container\" data-settings=\"{&quot;jet_parallax_layout_list&quot;:[]}\">\n\t\t\t\t<div class=\"elementor-element elementor-element-a62f280 elementor-widget elementor-widget-text-editor\" data-id=\"a62f280\" data-element_type=\"widget\" data-widget_type=\"text-editor.default\">\n\t\t\t\t<div class=\"elementor-widget-container\">\n\t\t\t\t\t\t\t\t\t<div class=\"flex max-w-full flex-col flex-grow\"><div class=\"min-h-8 text-message relative flex w-full flex-col items-end gap-2 whitespace-normal break-words text-start [.text-message+&amp;]:mt-5\" dir=\"auto\" data-message-author-role=\"assistant\" data-message-id=\"3dcacfcb-28d3-4a2b-8645-8c771dda8b2a\" data-message-model-slug=\"gpt-4o\"><div class=\"flex w-full flex-col gap-1 empty:hidden first:pt-[3px]\"><div class=\"markdown prose w-full break-words dark:prose-invert light\"><div class=\"flex max-w-full flex-col flex-grow\"><div class=\"min-h-8 text-message relative flex w-full flex-col items-end gap-2 whitespace-normal break-words text-start [.text-message+&amp;]:mt-5\" dir=\"auto\" data-message-author-role=\"assistant\" data-message-id=\"df648954-59b5-4d27-8642-2fa28421efd6\" data-message-model-slug=\"gpt-4o-mini\"><div class=\"flex w-full flex-col gap-1 empty:hidden first:pt-[3px]\"><div class=\"markdown prose w-full break-words dark:prose-invert light\"><div class=\"flex max-w-full flex-col flex-grow\"><div class=\"min-h-8 text-message relative flex w-full flex-col items-end gap-2 whitespace-normal break-words text-start [.text-message+&amp;]:mt-5\" dir=\"auto\" data-message-author-role=\"assistant\" data-message-id=\"df648954-59b5-4d27-8642-2fa28421efd6\" data-message-model-slug=\"gpt-4o-mini\"><div class=\"flex w-full flex-col gap-1 empty:hidden first:pt-[3px]\"><div class=\"markdown prose w-full break-words dark:prose-invert light\"><h2 data-start=\"0\" data-end=\"75\">\u00c9vasion en Rh\u00f4ne-Alpes : nature, aventure et grand air au rendez-vous !<\/h2><\/div><\/div><\/div><\/div><p data-start=\"70\" data-end=\"436\" data-is-last-node=\"\" data-is-only-node=\"\">Entre montagnes majestueuses et nature pr\u00e9serv\u00e9e, Rh\u00f4ne-Alpes est la destination id\u00e9ale pour un s\u00e9jour actif ou d\u00e9tente en toute saison. Vous r\u00eavez de vacances en famille o\u00f9 tout est pens\u00e9 pour vous ? Nos villages vacances en Rh\u00f4ne-Alpes vous offrent un cadre exceptionnel avec des s\u00e9jours en pension compl\u00e8te. Randonn\u00e9e, ski, parapente ou simple plaisir des yeux, offrez-vous une escapade au grand air dans un cadre exceptionnel. Azureva M\u00e9tabief vous accueille \u00e0 1000m d&#8217;altitude pour des vacances inoubliables au c\u0153ur des Alpes !<\/p><\/div><\/div><\/div><\/div><\/div><\/div><\/div><\/div>\t\t\t\t\t\t\t\t<\/div>\n\t\t\t\t<\/div>\n\t\t\t\t<\/div>\n\t\t<div class=\"elementor-element elementor-element-85d7fb6 e-con-full e-flex e-con e-child\" data-id=\"85d7fb6\" data-element_type=\"container\" data-settings=\"{&quot;jet_parallax_layout_list&quot;:[]}\">\n\t\t\t\t<div class=\"elementor-element elementor-element-4c01217 elementor-widget elementor-widget-image\" data-id=\"4c01217\" data-element_type=\"widget\" data-widget_type=\"image.default\">\n\t\t\t\t<div class=\"elementor-widget-container\">\n\t\t\t\t\t\t\t\t\t\t\t\t\t\t\t<img loading=\"lazy\" decoding=\"async\" width=\"820\" height=\"547\" src=\"https:\/\/www.azureva-vacances.com\/wp-content\/uploads\/2025\/03\/57f3c1bda0a42_vacances-montagne-metabief.jpg\" class=\"attachment-large size-large wp-image-18217\" alt=\"les villages et r\u00e9sidences de vacances Rhone-Alpes\u00a0\" srcset=\"https:\/\/www.azureva-vacances.com\/wp-content\/uploads\/2025\/03\/57f3c1bda0a42_vacances-montagne-metabief-mobile.avif 420w\" sizes=\"auto, (max-width: 420px) 100vw, 100vw\" loading=\"lazy\" \/>\t\t\t\t\t\t\t\t\t\t\t\t\t\t\t<\/div>\n\t\t\t\t<\/div>\n\t\t\t\t<\/div>\n\t\t\t\t<\/div>\n\t\t<div class=\"elementor-element elementor-element-7308c94a e-con-full e-flex e-con e-parent\" data-id=\"7308c94a\" data-element_type=\"container\" data-settings=\"{&quot;background_background&quot;:&quot;classic&quot;,&quot;jet_parallax_layout_list&quot;:[]}\">\n\t\t\t\t<div class=\"elementor-element elementor-element-2bf8ed77 elementor-widget__width-initial elementor-hidden-mobile elementor-widget elementor-widget-jet-listing-grid\" data-id=\"2bf8ed77\" data-element_type=\"widget\" id=\"map-aside\" data-settings=\"{&quot;columns&quot;:&quot;2&quot;,&quot;columns_tablet&quot;:&quot;1&quot;,&quot;columns_mobile&quot;:&quot;1&quot;}\" data-widget_type=\"jet-listing-grid.default\">\n\t\t\t\t<div class=\"elementor-widget-container\">\n\t\t\t\t\t<div class=\"jet-listing-grid jet-listing\"><div class=\"jet-listing-grid__items grid-col-desk-2 grid-col-tablet-1 grid-col-mobile-1 jet-listing-grid--255\" data-queried-id=\"17809|WP_Post\" data-nav=\"{&quot;enabled&quot;:false,&quot;type&quot;:null,&quot;more_el&quot;:null,&quot;query&quot;:[],&quot;widget_settings&quot;:{&quot;lisitng_id&quot;:255,&quot;posts_num&quot;:1000,&quot;columns&quot;:2,&quot;columns_tablet&quot;:1,&quot;columns_mobile&quot;:1,&quot;column_min_width&quot;:240,&quot;column_min_width_tablet&quot;:240,&quot;column_min_width_mobile&quot;:240,&quot;inline_columns_css&quot;:false,&quot;is_archive_template&quot;:&quot;&quot;,&quot;post_status&quot;:[&quot;publish&quot;],&quot;use_random_posts_num&quot;:&quot;&quot;,&quot;max_posts_num&quot;:9,&quot;not_found_message&quot;:&quot;Aucun r\\u00e9sultat ne correspond \\u00e0 votre recherche&quot;,&quot;is_masonry&quot;:false,&quot;equal_columns_height&quot;:&quot;&quot;,&quot;use_load_more&quot;:&quot;&quot;,&quot;load_more_id&quot;:&quot;&quot;,&quot;load_more_type&quot;:&quot;click&quot;,&quot;load_more_offset&quot;:{&quot;unit&quot;:&quot;px&quot;,&quot;size&quot;:0,&quot;sizes&quot;:[]},&quot;use_custom_post_types&quot;:&quot;&quot;,&quot;custom_post_types&quot;:[],&quot;hide_widget_if&quot;:&quot;&quot;,&quot;carousel_enabled&quot;:&quot;&quot;,&quot;slides_to_scroll&quot;:&quot;1&quot;,&quot;arrows&quot;:&quot;true&quot;,&quot;arrow_icon&quot;:&quot;fa fa-angle-left&quot;,&quot;dots&quot;:&quot;&quot;,&quot;autoplay&quot;:&quot;true&quot;,&quot;pause_on_hover&quot;:&quot;true&quot;,&quot;autoplay_speed&quot;:5000,&quot;infinite&quot;:&quot;true&quot;,&quot;center_mode&quot;:&quot;&quot;,&quot;effect&quot;:&quot;slide&quot;,&quot;speed&quot;:500,&quot;inject_alternative_items&quot;:&quot;&quot;,&quot;injection_items&quot;:[],&quot;scroll_slider_enabled&quot;:&quot;&quot;,&quot;scroll_slider_on&quot;:[&quot;desktop&quot;,&quot;tablet&quot;,&quot;mobile&quot;],&quot;custom_query&quot;:false,&quot;custom_query_id&quot;:&quot;39&quot;,&quot;_element_id&quot;:&quot;map-aside&quot;,&quot;collapse_first_last_gap&quot;:false,&quot;list_tag_selection&quot;:&quot;&quot;,&quot;list_items_wrapper_tag&quot;:&quot;div&quot;,&quot;list_item_tag&quot;:&quot;div&quot;,&quot;empty_items_wrapper_tag&quot;:&quot;div&quot;}}\" data-page=\"1\" data-pages=\"1\" data-listing-source=\"posts\" data-listing-id=\"255\" data-query-id=\"34\"><div class=\"jet-listing-grid__item jet-listing-dynamic-post-1095\" data-post-id=\"1095\"  >\t\t<div data-elementor-type=\"jet-listing-items\" data-elementor-id=\"255\" class=\"elementor elementor-255\" data-elementor-post-type=\"jet-engine\">\n\t\t\t\t<div class=\"elementor-element elementor-element-9a22b3d e-flex e-con-boxed e-con e-parent\" data-id=\"9a22b3d\" data-element_type=\"container\" data-settings=\"{&quot;jet_parallax_layout_list&quot;:[]}\">\n\t\t\t\t\t<div class=\"e-con-inner\">\n\t\t<div class=\"elementor-element elementor-element-240f1d4 e-con-full e-flex e-con e-child\" data-id=\"240f1d4\" data-element_type=\"container\" data-settings=\"{&quot;background_background&quot;:&quot;classic&quot;,&quot;jet_parallax_layout_list&quot;:[]}\">\n\t\t<div class=\"elementor-element elementor-element-698a509 e-con-full e-flex e-con e-child\" data-id=\"698a509\" data-element_type=\"container\" data-settings=\"{&quot;jet_parallax_layout_list&quot;:[]}\">\n\t\t\t\t<div class=\"elementor-element elementor-element-5967ec2 elementor-widget__width-initial elementor-widget-tablet__width-inherit img_modal_map elementor-widget elementor-widget-image\" data-id=\"5967ec2\" data-element_type=\"widget\" data-widget_type=\"image.default\">\n\t\t\t\t<div class=\"elementor-widget-container\">\n\t\t\t\t\t\t\t\t\t\t\t\t\t\t\t<img loading=\"lazy\" decoding=\"async\" width=\"399\" height=\"266\" src=\"https:\/\/www.azureva-vacances.com\/wp-content\/uploads\/2025\/10\/village-vacances-jura-metabief-azureva-hiver.webp\" class=\"attachment-large size-large wp-image-40124\" alt=\"Vue panoramique enneig\u00e9e du village vacances Azureva M\u00e9tabief dans le Jura en hiver\" srcset=\"https:\/\/www.azureva-vacances.com\/wp-content\/uploads\/2025\/10\/village-vacances-jura-metabief-azureva-hiver-mobile.avif 420w\" sizes=\"auto, (max-width: 420px) 100vw, 100vw\" loading=\"lazy\" \/>\t\t\t\t\t\t\t\t\t\t\t\t\t\t\t<\/div>\n\t\t\t\t<\/div>\n\t\t\t\t<div class=\"elementor-element elementor-element-886ac4b dc-has-condition dc-condition-equal map_modal_title elementor-widget elementor-widget-shortcode\" data-id=\"886ac4b\" data-element_type=\"widget\" data-widget_type=\"shortcode.default\">\n\t\t\t\t<div class=\"elementor-widget-container\">\n\t\t\t\t\t<a href=\"https:\/\/www.azureva-vacances.com\/fr\/hebergement-hiver\/residence-vacances-metabief\/\" style=\"color: black;display: flex; flex-direction: column; justify-content: center; padding: 10px; cursor: pointer;\"><h3 style=\"font-family: Noto Sans;font-weight: 700;\">R\u00e9sidence Vacances M\u00e9tabief<\/h3><span style=\"font-family: Noto Sans;font-size: 13px;font-weight: 400;\">Doubs<\/span><\/a>\t\t<div class=\"elementor-shortcode\"><\/div>\n\t\t\t\t\t\t<\/div>\n\t\t\t\t<\/div>\n\t\t<!-- hidden widget 1095-4668bdf -->\t\t<\/div>\n\t\t<div class=\"elementor-element elementor-element-0a1d0ea e-con-full e-flex e-con e-child\" data-id=\"0a1d0ea\" data-element_type=\"container\" data-settings=\"{&quot;jet_parallax_layout_list&quot;:[]}\">\n\t\t\t\t<div class=\"elementor-element elementor-element-45101c3 ellipsis-5 elementor-hidden-mobile elementor-widget elementor-widget-text-editor\" data-id=\"45101c3\" data-element_type=\"widget\" id=\"map_description_modal\" data-widget_type=\"text-editor.default\">\n\t\t\t\t<div class=\"elementor-widget-container\">\n\t\t\t\t\t\t\t\t\t\u00c0 1 000 m d\u2019altitude, \u00e0 deux pas des pistes de la premi\u00e8re station de sports d\u2019hiver du massif jurassien, notre r\u00e9sidence de vacances \u00e0 M\u00e9tabief est l\u2019endroit id\u00e9al pour des vacances en famille, \u00e9t\u00e9 comme hiver, au c\u0153ur du Jura.\t\t\t\t\t\t\t\t<\/div>\n\t\t\t\t<\/div>\n\t\t<div class=\"elementor-element elementor-element-ed8e9bf e-con-full dc-has-condition dc-condition-greater e-flex e-con e-child\" data-id=\"ed8e9bf\" data-element_type=\"container\" data-settings=\"{&quot;jet_parallax_layout_list&quot;:[]}\">\n\t\t\t\t<div class=\"elementor-element elementor-element-72c53f1 dc-has-condition dc-condition-less elementor-widget elementor-widget-shortcode\" data-id=\"72c53f1\" data-element_type=\"widget\" data-widget_type=\"shortcode.default\">\n\t\t\t\t<div class=\"elementor-widget-container\">\n\t\t\t\t\t<a href=\"https:\/\/www.azureva-vacances.com\/fr\/hebergement\/residence-vacances-metabief\/\" title=\"R\u00e9sidence Vacances M\u00e9tabief \u00e9t\u00e9\" class=\"btn-azureva-reverse\">S\u00e9jour \u00e9t\u00e9<\/a>\t\t<div class=\"elementor-shortcode\"><\/div>\n\t\t\t\t\t\t<\/div>\n\t\t\t\t<\/div>\n\t\t\t\t<div class=\"elementor-element elementor-element-308e2d1 dc-has-condition dc-condition-less elementor-widget elementor-widget-shortcode\" data-id=\"308e2d1\" data-element_type=\"widget\" data-widget_type=\"shortcode.default\">\n\t\t\t\t<div class=\"elementor-widget-container\">\n\t\t\t\t\t<button data-href=\"aHR0cHM6Ly93d3cuYXp1cmV2YS12YWNhbmNlcy5jb20vZnIvaGViZXJnZW1lbnQtaGl2ZXIvcmVzaWRlbmNlLXZhY2FuY2VzLW1ldGFiaWVmLw==\" class=\"btn-azureva\" onclick=\"redirect(this.dataset.href)\">S\u00e9jour hiver<\/button>\t\t<div class=\"elementor-shortcode\"><\/div>\n\t\t\t\t\t\t<\/div>\n\t\t\t\t<\/div>\n\t\t\t\t<\/div>\n\t\t<!-- hidden container 1095-4d13f2c -->\t\t<\/div>\n\t\t\t\t<\/div>\n\t\t\t\t\t<\/div>\n\t\t\t\t<\/div>\n\t\t\t\t<\/div>\n\t\t<\/div><div class=\"jet-listing-grid__item jet-listing-dynamic-post-1109\" data-post-id=\"1109\"  >\t\t<div data-elementor-type=\"jet-listing-items\" data-elementor-id=\"255\" class=\"elementor elementor-255\" data-elementor-post-type=\"jet-engine\">\n\t\t\t\t<div class=\"elementor-element elementor-element-9a22b3d e-flex e-con-boxed e-con e-parent\" data-id=\"9a22b3d\" data-element_type=\"container\" data-settings=\"{&quot;jet_parallax_layout_list&quot;:[]}\">\n\t\t\t\t\t<div class=\"e-con-inner\">\n\t\t<div class=\"elementor-element elementor-element-240f1d4 e-con-full e-flex e-con e-child\" data-id=\"240f1d4\" data-element_type=\"container\" data-settings=\"{&quot;background_background&quot;:&quot;classic&quot;,&quot;jet_parallax_layout_list&quot;:[]}\">\n\t\t<div class=\"elementor-element elementor-element-698a509 e-con-full e-flex e-con e-child\" data-id=\"698a509\" data-element_type=\"container\" data-settings=\"{&quot;jet_parallax_layout_list&quot;:[]}\">\n\t\t\t\t<div class=\"elementor-element elementor-element-5967ec2 elementor-widget__width-initial elementor-widget-tablet__width-inherit img_modal_map elementor-widget elementor-widget-image\" data-id=\"5967ec2\" data-element_type=\"widget\" data-widget_type=\"image.default\">\n\t\t\t\t<div class=\"elementor-widget-container\">\n\t\t\t\t\t\t\t\t\t\t\t\t\t\t\t<img loading=\"lazy\" decoding=\"async\" width=\"399\" height=\"266\" src=\"https:\/\/www.azureva-vacances.com\/wp-content\/uploads\/2025\/10\/village-vacances-jura-metabief-azureva-ski-famille-hiver.webp\" class=\"attachment-large size-large wp-image-40118\" alt=\"Station de ski de M\u00e9tabief dans le Jura avec h\u00e9bergements Azureva et pistes enneig\u00e9es\" srcset=\"https:\/\/www.azureva-vacances.com\/wp-content\/uploads\/2025\/10\/village-vacances-jura-metabief-azureva-ski-famille-hiver-mobile.avif 420w\" sizes=\"auto, (max-width: 420px) 100vw, 100vw\" loading=\"lazy\" \/>\t\t\t\t\t\t\t\t\t\t\t\t\t\t\t<\/div>\n\t\t\t\t<\/div>\n\t\t\t\t<div class=\"elementor-element elementor-element-886ac4b dc-has-condition dc-condition-equal map_modal_title elementor-widget elementor-widget-shortcode\" data-id=\"886ac4b\" data-element_type=\"widget\" data-widget_type=\"shortcode.default\">\n\t\t\t\t<div class=\"elementor-widget-container\">\n\t\t\t\t\t<a href=\"https:\/\/www.azureva-vacances.com\/fr\/hebergement-hiver\/village-vacances-metabief\/\" style=\"color: black;display: flex; flex-direction: column; justify-content: center; padding: 10px; cursor: pointer;\"><h3 style=\"font-family: Noto Sans;font-weight: 700;\">Village Vacances M\u00e9tabief<\/h3><span style=\"font-family: Noto Sans;font-size: 13px;font-weight: 400;\">Doubs<\/span><\/a>\t\t<div class=\"elementor-shortcode\"><\/div>\n\t\t\t\t\t\t<\/div>\n\t\t\t\t<\/div>\n\t\t<!-- hidden widget 1109-4668bdf -->\t\t<\/div>\n\t\t<div class=\"elementor-element elementor-element-0a1d0ea e-con-full e-flex e-con e-child\" data-id=\"0a1d0ea\" data-element_type=\"container\" data-settings=\"{&quot;jet_parallax_layout_list&quot;:[]}\">\n\t\t\t\t<div class=\"elementor-element elementor-element-45101c3 ellipsis-5 elementor-hidden-mobile elementor-widget elementor-widget-text-editor\" data-id=\"45101c3\" data-element_type=\"widget\" id=\"map_description_modal\" data-widget_type=\"text-editor.default\">\n\t\t\t\t<div class=\"elementor-widget-container\">\n\t\t\t\t\t\t\t\t\t\u00c0 1 000 m d\u2019altitude, \u00e0 deux pas des pistes de la premi\u00e8re station de sports d\u2019hiver du massif jurassien, notre village vacances \u00e0 M\u00e9tabief est l\u2019endroit id\u00e9al pour des vacances en famille, \u00e9t\u00e9 comme hiver, au c\u0153ur du Jura.\t\t\t\t\t\t\t\t<\/div>\n\t\t\t\t<\/div>\n\t\t<div class=\"elementor-element elementor-element-ed8e9bf e-con-full dc-has-condition dc-condition-greater e-flex e-con e-child\" data-id=\"ed8e9bf\" data-element_type=\"container\" data-settings=\"{&quot;jet_parallax_layout_list&quot;:[]}\">\n\t\t\t\t<div class=\"elementor-element elementor-element-72c53f1 dc-has-condition dc-condition-less elementor-widget elementor-widget-shortcode\" data-id=\"72c53f1\" data-element_type=\"widget\" data-widget_type=\"shortcode.default\">\n\t\t\t\t<div class=\"elementor-widget-container\">\n\t\t\t\t\t<a href=\"https:\/\/www.azureva-vacances.com\/fr\/hebergement\/village-vacances-metabief\/\" title=\"Village Vacances M\u00e9tabief \u00e9t\u00e9\" class=\"btn-azureva-reverse\">S\u00e9jour \u00e9t\u00e9<\/a>\t\t<div class=\"elementor-shortcode\"><\/div>\n\t\t\t\t\t\t<\/div>\n\t\t\t\t<\/div>\n\t\t\t\t<div class=\"elementor-element elementor-element-308e2d1 dc-has-condition dc-condition-less elementor-widget elementor-widget-shortcode\" data-id=\"308e2d1\" data-element_type=\"widget\" data-widget_type=\"shortcode.default\">\n\t\t\t\t<div class=\"elementor-widget-container\">\n\t\t\t\t\t<button data-href=\"aHR0cHM6Ly93d3cuYXp1cmV2YS12YWNhbmNlcy5jb20vZnIvaGViZXJnZW1lbnQtaGl2ZXIvdmlsbGFnZS12YWNhbmNlcy1tZXRhYmllZi8=\" class=\"btn-azureva\" onclick=\"redirect(this.dataset.href)\">S\u00e9jour hiver<\/button>\t\t<div class=\"elementor-shortcode\"><\/div>\n\t\t\t\t\t\t<\/div>\n\t\t\t\t<\/div>\n\t\t\t\t<\/div>\n\t\t<!-- hidden container 1109-4d13f2c -->\t\t<\/div>\n\t\t\t\t<\/div>\n\t\t\t\t\t<\/div>\n\t\t\t\t<\/div>\n\t\t\t\t<\/div>\n\t\t<\/div><\/div><\/div>\t\t\t\t<\/div>\n\t\t\t\t<\/div>\n\t\t\t\t<div class=\"elementor-element elementor-element-5ca6fd19 elementor-widget__width-initial elementor-hidden-desktop elementor-hidden-tablet elementor-widget elementor-widget-jet-listing-grid\" data-id=\"5ca6fd19\" data-element_type=\"widget\" id=\"map-aside-responsive\" data-settings=\"{&quot;columns&quot;:&quot;3&quot;,&quot;columns_tablet&quot;:&quot;1&quot;,&quot;columns_mobile&quot;:&quot;1&quot;}\" data-widget_type=\"jet-listing-grid.default\">\n\t\t\t\t<div class=\"elementor-widget-container\">\n\t\t\t\t\t<div class=\"jet-listing-grid jet-listing\"><div class=\"jet-listing-grid__slider\" data-slider_options=\"{&quot;autoplaySpeed&quot;:5000,&quot;autoplay&quot;:true,&quot;pauseOnHover&quot;:true,&quot;infinite&quot;:true,&quot;centerMode&quot;:false,&quot;speed&quot;:500,&quot;arrows&quot;:false,&quot;dots&quot;:false,&quot;slidesToScroll&quot;:1,&quot;prevArrow&quot;:&quot;\\u003Cdiv class=\\u0027jet-listing-grid__slider-icon prev-arrow \\u0027 role=\\u0027button\\u0027 aria-label=\\u0027Previous\\u0027\\u003E\\u003Csvg width=\\u0027180\\u0027 height=\\u0027180\\u0027 viewBox=\\u00270 0 180 180\\u0027 fill=\\u0027none\\u0027 xmlns=\\u0027http:\\\/\\\/www.w3.org\\\/2000\\\/svg\\u0027\\u003E\\u003Cpath d=\\u0027M119 47.3166C119 48.185 118.668 48.9532 118.003 49.6212L78.8385 89L118.003 128.379C118.668 129.047 119 129.815 119 130.683C119 131.552 118.668 132.32 118.003 132.988L113.021 137.998C112.356 138.666 111.592 139 110.729 139C109.865 139 109.101 138.666 108.436 137.998L61.9966 91.3046C61.3322 90.6366 61 89.8684 61 89C61 88.1316 61.3322 87.3634 61.9966 86.6954L108.436 40.002C109.101 39.334 109.865 39 110.729 39C111.592 39 112.356 39.334 113.021 40.002L118.003 45.012C118.668 45.68 119 46.4482 119 47.3166Z\\u0027 fill=\\u0027black\\u0027\\\/\\u003E\\u003C\\\/svg\\u003E\\u003C\\\/div\\u003E&quot;,&quot;nextArrow&quot;:&quot;\\u003Cdiv class=\\u0027jet-listing-grid__slider-icon next-arrow \\u0027 role=\\u0027button\\u0027 aria-label=\\u0027Next\\u0027\\u003E\\u003Csvg width=\\u0027180\\u0027 height=\\u0027180\\u0027 viewBox=\\u00270 0 180 180\\u0027 fill=\\u0027none\\u0027 xmlns=\\u0027http:\\\/\\\/www.w3.org\\\/2000\\\/svg\\u0027\\u003E\\u003Cpath d=\\u0027M119 47.3166C119 48.185 118.668 48.9532 118.003 49.6212L78.8385 89L118.003 128.379C118.668 129.047 119 129.815 119 130.683C119 131.552 118.668 132.32 118.003 132.988L113.021 137.998C112.356 138.666 111.592 139 110.729 139C109.865 139 109.101 138.666 108.436 137.998L61.9966 91.3046C61.3322 90.6366 61 89.8684 61 89C61 88.1316 61.3322 87.3634 61.9966 86.6954L108.436 40.002C109.101 39.334 109.865 39 110.729 39C111.592 39 112.356 39.334 113.021 40.002L118.003 45.012C118.668 45.68 119 46.4482 119 47.3166Z\\u0027 fill=\\u0027black\\u0027\\\/\\u003E\\u003C\\\/svg\\u003E\\u003C\\\/div\\u003E&quot;,&quot;rtl&quot;:false,&quot;itemsCount&quot;:2,&quot;fade&quot;:false,&quot;slidesToShow&quot;:{&quot;desktop&quot;:3,&quot;tablet&quot;:1,&quot;mobile&quot;:1}}\" dir=\"ltr\"><div class=\"jet-listing-grid__items grid-col-desk-3 grid-col-tablet-1 grid-col-mobile-1 jet-listing-grid--255 grid-collapse-gap\" data-queried-id=\"17809|WP_Post\" data-nav=\"{&quot;enabled&quot;:false,&quot;type&quot;:null,&quot;more_el&quot;:null,&quot;query&quot;:[],&quot;widget_settings&quot;:{&quot;lisitng_id&quot;:255,&quot;posts_num&quot;:1000,&quot;columns&quot;:3,&quot;columns_tablet&quot;:1,&quot;columns_mobile&quot;:1,&quot;column_min_width&quot;:240,&quot;column_min_width_tablet&quot;:240,&quot;column_min_width_mobile&quot;:240,&quot;inline_columns_css&quot;:false,&quot;is_archive_template&quot;:&quot;&quot;,&quot;post_status&quot;:[&quot;publish&quot;],&quot;use_random_posts_num&quot;:&quot;&quot;,&quot;max_posts_num&quot;:9,&quot;not_found_message&quot;:&quot;Aucun r\\u00e9sultat ne correspond \\u00e0 votre recherche&quot;,&quot;is_masonry&quot;:false,&quot;equal_columns_height&quot;:&quot;&quot;,&quot;use_load_more&quot;:&quot;&quot;,&quot;load_more_id&quot;:&quot;&quot;,&quot;load_more_type&quot;:&quot;click&quot;,&quot;load_more_offset&quot;:{&quot;unit&quot;:&quot;px&quot;,&quot;size&quot;:0,&quot;sizes&quot;:[]},&quot;use_custom_post_types&quot;:&quot;&quot;,&quot;custom_post_types&quot;:[],&quot;hide_widget_if&quot;:&quot;&quot;,&quot;carousel_enabled&quot;:&quot;yes&quot;,&quot;slides_to_scroll&quot;:&quot;1&quot;,&quot;arrows&quot;:&quot;true&quot;,&quot;arrow_icon&quot;:&quot;fa fa-angle-left&quot;,&quot;dots&quot;:&quot;&quot;,&quot;autoplay&quot;:&quot;true&quot;,&quot;pause_on_hover&quot;:&quot;true&quot;,&quot;autoplay_speed&quot;:5000,&quot;infinite&quot;:&quot;true&quot;,&quot;center_mode&quot;:&quot;&quot;,&quot;effect&quot;:&quot;slide&quot;,&quot;speed&quot;:500,&quot;inject_alternative_items&quot;:&quot;&quot;,&quot;injection_items&quot;:[],&quot;scroll_slider_enabled&quot;:&quot;&quot;,&quot;scroll_slider_on&quot;:[&quot;desktop&quot;,&quot;tablet&quot;,&quot;mobile&quot;],&quot;custom_query&quot;:false,&quot;custom_query_id&quot;:&quot;39&quot;,&quot;_element_id&quot;:&quot;map-aside-responsive&quot;,&quot;collapse_first_last_gap&quot;:&quot;true&quot;,&quot;list_tag_selection&quot;:&quot;&quot;,&quot;list_items_wrapper_tag&quot;:&quot;div&quot;,&quot;list_item_tag&quot;:&quot;div&quot;,&quot;empty_items_wrapper_tag&quot;:&quot;div&quot;}}\" data-page=\"1\" data-pages=\"1\" data-listing-source=\"posts\" data-listing-id=\"255\" data-query-id=\"34\"><div class=\"jet-listing-grid__item jet-listing-dynamic-post-1095\" data-post-id=\"1095\"  >\t\t<div data-elementor-type=\"jet-listing-items\" data-elementor-id=\"255\" class=\"elementor elementor-255\" data-elementor-post-type=\"jet-engine\">\n\t\t\t\t<div class=\"elementor-element elementor-element-9a22b3d e-flex e-con-boxed e-con e-parent\" data-id=\"9a22b3d\" data-element_type=\"container\" data-settings=\"{&quot;jet_parallax_layout_list&quot;:[]}\">\n\t\t\t\t\t<div class=\"e-con-inner\">\n\t\t<div class=\"elementor-element elementor-element-240f1d4 e-con-full e-flex e-con e-child\" data-id=\"240f1d4\" data-element_type=\"container\" data-settings=\"{&quot;background_background&quot;:&quot;classic&quot;,&quot;jet_parallax_layout_list&quot;:[]}\">\n\t\t<div class=\"elementor-element elementor-element-698a509 e-con-full e-flex e-con e-child\" data-id=\"698a509\" data-element_type=\"container\" data-settings=\"{&quot;jet_parallax_layout_list&quot;:[]}\">\n\t\t\t\t<div class=\"elementor-element elementor-element-5967ec2 elementor-widget__width-initial elementor-widget-tablet__width-inherit img_modal_map elementor-widget elementor-widget-image\" data-id=\"5967ec2\" data-element_type=\"widget\" data-widget_type=\"image.default\">\n\t\t\t\t<div class=\"elementor-widget-container\">\n\t\t\t\t\t\t\t\t\t\t\t\t\t\t\t<img loading=\"lazy\" decoding=\"async\" width=\"399\" height=\"266\" src=\"https:\/\/www.azureva-vacances.com\/wp-content\/uploads\/2025\/10\/village-vacances-jura-metabief-azureva-hiver.webp\" class=\"attachment-large size-large wp-image-40124\" alt=\"Vue panoramique enneig\u00e9e du village vacances Azureva M\u00e9tabief dans le Jura en hiver\" srcset=\"https:\/\/www.azureva-vacances.com\/wp-content\/uploads\/2025\/10\/village-vacances-jura-metabief-azureva-hiver-mobile.avif 420w\" sizes=\"auto, (max-width: 420px) 100vw, 100vw\" loading=\"lazy\" \/>\t\t\t\t\t\t\t\t\t\t\t\t\t\t\t<\/div>\n\t\t\t\t<\/div>\n\t\t\t\t<div class=\"elementor-element elementor-element-886ac4b dc-has-condition dc-condition-equal map_modal_title elementor-widget elementor-widget-shortcode\" data-id=\"886ac4b\" data-element_type=\"widget\" data-widget_type=\"shortcode.default\">\n\t\t\t\t<div class=\"elementor-widget-container\">\n\t\t\t\t\t<a href=\"https:\/\/www.azureva-vacances.com\/fr\/hebergement-hiver\/residence-vacances-metabief\/\" style=\"color: black;display: flex; flex-direction: column; justify-content: center; padding: 10px; cursor: pointer;\"><h3 style=\"font-family: Noto Sans;font-weight: 700;\">R\u00e9sidence Vacances M\u00e9tabief<\/h3><span style=\"font-family: Noto Sans;font-size: 13px;font-weight: 400;\">Doubs<\/span><\/a>\t\t<div class=\"elementor-shortcode\"><\/div>\n\t\t\t\t\t\t<\/div>\n\t\t\t\t<\/div>\n\t\t<!-- hidden widget 1095-4668bdf -->\t\t<\/div>\n\t\t<div class=\"elementor-element elementor-element-0a1d0ea e-con-full e-flex e-con e-child\" data-id=\"0a1d0ea\" data-element_type=\"container\" data-settings=\"{&quot;jet_parallax_layout_list&quot;:[]}\">\n\t\t\t\t<div class=\"elementor-element elementor-element-45101c3 ellipsis-5 elementor-hidden-mobile elementor-widget elementor-widget-text-editor\" data-id=\"45101c3\" data-element_type=\"widget\" id=\"map_description_modal\" data-widget_type=\"text-editor.default\">\n\t\t\t\t<div class=\"elementor-widget-container\">\n\t\t\t\t\t\t\t\t\t\u00c0 1 000 m d\u2019altitude, \u00e0 deux pas des pistes de la premi\u00e8re station de sports d\u2019hiver du massif jurassien, notre r\u00e9sidence de vacances \u00e0 M\u00e9tabief est l\u2019endroit id\u00e9al pour des vacances en famille, \u00e9t\u00e9 comme hiver, au c\u0153ur du Jura.\t\t\t\t\t\t\t\t<\/div>\n\t\t\t\t<\/div>\n\t\t<div class=\"elementor-element elementor-element-ed8e9bf e-con-full dc-has-condition dc-condition-greater e-flex e-con e-child\" data-id=\"ed8e9bf\" data-element_type=\"container\" data-settings=\"{&quot;jet_parallax_layout_list&quot;:[]}\">\n\t\t\t\t<div class=\"elementor-element elementor-element-72c53f1 dc-has-condition dc-condition-less elementor-widget elementor-widget-shortcode\" data-id=\"72c53f1\" data-element_type=\"widget\" data-widget_type=\"shortcode.default\">\n\t\t\t\t<div class=\"elementor-widget-container\">\n\t\t\t\t\t<a href=\"https:\/\/www.azureva-vacances.com\/fr\/hebergement\/residence-vacances-metabief\/\" title=\"R\u00e9sidence Vacances M\u00e9tabief \u00e9t\u00e9\" class=\"btn-azureva-reverse\">S\u00e9jour \u00e9t\u00e9<\/a>\t\t<div class=\"elementor-shortcode\"><\/div>\n\t\t\t\t\t\t<\/div>\n\t\t\t\t<\/div>\n\t\t\t\t<div class=\"elementor-element elementor-element-308e2d1 dc-has-condition dc-condition-less elementor-widget elementor-widget-shortcode\" data-id=\"308e2d1\" data-element_type=\"widget\" data-widget_type=\"shortcode.default\">\n\t\t\t\t<div class=\"elementor-widget-container\">\n\t\t\t\t\t<button data-href=\"aHR0cHM6Ly93d3cuYXp1cmV2YS12YWNhbmNlcy5jb20vZnIvaGViZXJnZW1lbnQtaGl2ZXIvcmVzaWRlbmNlLXZhY2FuY2VzLW1ldGFiaWVmLw==\" class=\"btn-azureva\" onclick=\"redirect(this.dataset.href)\">S\u00e9jour hiver<\/button>\t\t<div class=\"elementor-shortcode\"><\/div>\n\t\t\t\t\t\t<\/div>\n\t\t\t\t<\/div>\n\t\t\t\t<\/div>\n\t\t<!-- hidden container 1095-4d13f2c -->\t\t<\/div>\n\t\t\t\t<\/div>\n\t\t\t\t\t<\/div>\n\t\t\t\t<\/div>\n\t\t\t\t<\/div>\n\t\t<\/div><div class=\"jet-listing-grid__item jet-listing-dynamic-post-1109\" data-post-id=\"1109\"  >\t\t<div data-elementor-type=\"jet-listing-items\" data-elementor-id=\"255\" class=\"elementor elementor-255\" data-elementor-post-type=\"jet-engine\">\n\t\t\t\t<div class=\"elementor-element elementor-element-9a22b3d e-flex e-con-boxed e-con e-parent\" data-id=\"9a22b3d\" data-element_type=\"container\" data-settings=\"{&quot;jet_parallax_layout_list&quot;:[]}\">\n\t\t\t\t\t<div class=\"e-con-inner\">\n\t\t<div class=\"elementor-element elementor-element-240f1d4 e-con-full e-flex e-con e-child\" data-id=\"240f1d4\" data-element_type=\"container\" data-settings=\"{&quot;background_background&quot;:&quot;classic&quot;,&quot;jet_parallax_layout_list&quot;:[]}\">\n\t\t<div class=\"elementor-element elementor-element-698a509 e-con-full e-flex e-con e-child\" data-id=\"698a509\" data-element_type=\"container\" data-settings=\"{&quot;jet_parallax_layout_list&quot;:[]}\">\n\t\t\t\t<div class=\"elementor-element elementor-element-5967ec2 elementor-widget__width-initial elementor-widget-tablet__width-inherit img_modal_map elementor-widget elementor-widget-image\" data-id=\"5967ec2\" data-element_type=\"widget\" data-widget_type=\"image.default\">\n\t\t\t\t<div class=\"elementor-widget-container\">\n\t\t\t\t\t\t\t\t\t\t\t\t\t\t\t<img loading=\"lazy\" decoding=\"async\" width=\"399\" height=\"266\" src=\"https:\/\/www.azureva-vacances.com\/wp-content\/uploads\/2025\/10\/village-vacances-jura-metabief-azureva-ski-famille-hiver.webp\" class=\"attachment-large size-large wp-image-40118\" alt=\"Station de ski de M\u00e9tabief dans le Jura avec h\u00e9bergements Azureva et pistes enneig\u00e9es\" srcset=\"https:\/\/www.azureva-vacances.com\/wp-content\/uploads\/2025\/10\/village-vacances-jura-metabief-azureva-ski-famille-hiver-mobile.avif 420w\" sizes=\"auto, (max-width: 420px) 100vw, 100vw\" loading=\"lazy\" \/>\t\t\t\t\t\t\t\t\t\t\t\t\t\t\t<\/div>\n\t\t\t\t<\/div>\n\t\t\t\t<div class=\"elementor-element elementor-element-886ac4b dc-has-condition dc-condition-equal map_modal_title elementor-widget elementor-widget-shortcode\" data-id=\"886ac4b\" data-element_type=\"widget\" data-widget_type=\"shortcode.default\">\n\t\t\t\t<div class=\"elementor-widget-container\">\n\t\t\t\t\t<a href=\"https:\/\/www.azureva-vacances.com\/fr\/hebergement-hiver\/village-vacances-metabief\/\" style=\"color: black;display: flex; flex-direction: column; justify-content: center; padding: 10px; cursor: pointer;\"><h3 style=\"font-family: Noto Sans;font-weight: 700;\">Village Vacances M\u00e9tabief<\/h3><span style=\"font-family: Noto Sans;font-size: 13px;font-weight: 400;\">Doubs<\/span><\/a>\t\t<div class=\"elementor-shortcode\"><\/div>\n\t\t\t\t\t\t<\/div>\n\t\t\t\t<\/div>\n\t\t<!-- hidden widget 1109-4668bdf -->\t\t<\/div>\n\t\t<div class=\"elementor-element elementor-element-0a1d0ea e-con-full e-flex e-con e-child\" data-id=\"0a1d0ea\" data-element_type=\"container\" data-settings=\"{&quot;jet_parallax_layout_list&quot;:[]}\">\n\t\t\t\t<div class=\"elementor-element elementor-element-45101c3 ellipsis-5 elementor-hidden-mobile elementor-widget elementor-widget-text-editor\" data-id=\"45101c3\" data-element_type=\"widget\" id=\"map_description_modal\" data-widget_type=\"text-editor.default\">\n\t\t\t\t<div class=\"elementor-widget-container\">\n\t\t\t\t\t\t\t\t\t\u00c0 1 000 m d\u2019altitude, \u00e0 deux pas des pistes de la premi\u00e8re station de sports d\u2019hiver du massif jurassien, notre village vacances \u00e0 M\u00e9tabief est l\u2019endroit id\u00e9al pour des vacances en famille, \u00e9t\u00e9 comme hiver, au c\u0153ur du Jura.\t\t\t\t\t\t\t\t<\/div>\n\t\t\t\t<\/div>\n\t\t<div class=\"elementor-element elementor-element-ed8e9bf e-con-full dc-has-condition dc-condition-greater e-flex e-con e-child\" data-id=\"ed8e9bf\" data-element_type=\"container\" data-settings=\"{&quot;jet_parallax_layout_list&quot;:[]}\">\n\t\t\t\t<div class=\"elementor-element elementor-element-72c53f1 dc-has-condition dc-condition-less elementor-widget elementor-widget-shortcode\" data-id=\"72c53f1\" data-element_type=\"widget\" data-widget_type=\"shortcode.default\">\n\t\t\t\t<div class=\"elementor-widget-container\">\n\t\t\t\t\t<a href=\"https:\/\/www.azureva-vacances.com\/fr\/hebergement\/village-vacances-metabief\/\" title=\"Village Vacances M\u00e9tabief \u00e9t\u00e9\" class=\"btn-azureva-reverse\">S\u00e9jour \u00e9t\u00e9<\/a>\t\t<div class=\"elementor-shortcode\"><\/div>\n\t\t\t\t\t\t<\/div>\n\t\t\t\t<\/div>\n\t\t\t\t<div class=\"elementor-element elementor-element-308e2d1 dc-has-condition dc-condition-less elementor-widget elementor-widget-shortcode\" data-id=\"308e2d1\" data-element_type=\"widget\" data-widget_type=\"shortcode.default\">\n\t\t\t\t<div class=\"elementor-widget-container\">\n\t\t\t\t\t<button data-href=\"aHR0cHM6Ly93d3cuYXp1cmV2YS12YWNhbmNlcy5jb20vZnIvaGViZXJnZW1lbnQtaGl2ZXIvdmlsbGFnZS12YWNhbmNlcy1tZXRhYmllZi8=\" class=\"btn-azureva\" onclick=\"redirect(this.dataset.href)\">S\u00e9jour hiver<\/button>\t\t<div class=\"elementor-shortcode\"><\/div>\n\t\t\t\t\t\t<\/div>\n\t\t\t\t<\/div>\n\t\t\t\t<\/div>\n\t\t<!-- hidden container 1109-4d13f2c -->\t\t<\/div>\n\t\t\t\t<\/div>\n\t\t\t\t\t<\/div>\n\t\t\t\t<\/div>\n\t\t\t\t<\/div>\n\t\t<\/div><\/div><\/div><\/div>\t\t\t\t<\/div>\n\t\t\t\t<\/div>\n\t\t\t\t<div class=\"elementor-element elementor-element-5df148c0 elementor-widget__width-initial elementor-widget elementor-widget-jet-engine-maps-listing\" data-id=\"5df148c0\" data-element_type=\"widget\" data-widget_type=\"jet-engine-maps-listing.default\">\n\t\t\t\t<div class=\"elementor-widget-container\">\n\t\t\t\t\t<div class=\"jet-map-listing jet-listing-grid--255 popup-has-pin leaflet-provider\" data-init=\"{&quot;zoomControl&quot;:true,&quot;fullscreenControl&quot;:false,&quot;streetViewControl&quot;:false,&quot;mapTypeControl&quot;:true}\" data-markers=\"[{&quot;id&quot;:1095,&quot;latLang&quot;:{&quot;lat&quot;:&quot;46.76727386489304&quot;,&quot;lng&quot;:&quot;6.3466145661958935&quot;},&quot;label&quot;:false,&quot;custom_marker&quot;:false,&quot;geo_query_distance&quot;:-1},{&quot;id&quot;:1109,&quot;latLang&quot;:{&quot;lat&quot;:&quot;46.76773195&quot;,&quot;lng&quot;:&quot;6.347460550000002&quot;},&quot;label&quot;:false,&quot;custom_marker&quot;:false,&quot;geo_query_distance&quot;:-1}]\" data-general=\"{&quot;api&quot;:&quot;https:\\\/\\\/www.azureva-vacances.com\\\/fr\\\/wp-json\\\/jet-engine\\\/v2\\\/get-map-marker-info\\\/&quot;,&quot;restNonce&quot;:&quot;36b3c69dd8&quot;,&quot;listingID&quot;:255,&quot;source&quot;:&quot;posts&quot;,&quot;width&quot;:350,&quot;offset&quot;:50,&quot;clustererImg&quot;:&quot;https:\\\/\\\/www.azureva-vacances.com\\\/wp-content\\\/plugins\\\/jet-engine\\\/includes\\\/modules\\\/maps-listings\\\/assets\\\/lib\\\/markerclustererplus\\\/img\\\/m&quot;,&quot;marker&quot;:{&quot;type&quot;:&quot;icon&quot;,&quot;html&quot;:&quot;&lt;div class=\\&quot;jet-map-marker jet-map-marker-default apply-fill is-svg-icon\\&quot;&gt;&lt;svg class=\\&quot;e-font-icon-svg e-fas-map-marker-alt\\&quot; aria-hidden=\\&quot;true\\&quot; viewBox=\\&quot;0 0 384 512\\&quot; xmlns=\\&quot;http:\\\/\\\/www.w3.org\\\/2000\\\/svg\\&quot;&gt;&lt;path d=\\&quot;M172.268 501.67C26.97 291.031 0 269.413 0 192 0 85.961 85.961 0 192 0s192 85.961 192 192c0 77.413-26.97 99.031-172.268 309.67-9.535 13.774-29.93 13.773-39.464 0zM192 272c44.183 0 80-35.817 80-80s-35.817-80-80-80-80 35.817-80 80 35.817 80 80 80z\\&quot;&gt;&lt;\\\/path&gt;&lt;\\\/svg&gt;&lt;\\\/div&gt;&quot;},&quot;autoCenter&quot;:true,&quot;maxZoom&quot;:18,&quot;minZoom&quot;:4,&quot;customCenter&quot;:false,&quot;customZoom&quot;:11,&quot;popupPreloader&quot;:true,&quot;querySeparator&quot;:&quot;?&quot;,&quot;markerClustering&quot;:true,&quot;customClusterImg&quot;:[],&quot;clusterMaxZoom&quot;:&quot;&quot;,&quot;clusterRadius&quot;:20,&quot;popupOpenOn&quot;:&quot;click&quot;,&quot;centeringOnOpen&quot;:true,&quot;zoomOnOpen&quot;:false,&quot;advanced&quot;:{&quot;zoom_control&quot;:&quot;auto&quot;,&quot;scrollwheel&quot;:true},&quot;user_location_enabled&quot;:false,&quot;user_location_marker&quot;:false,&quot;user_location_label&quot;:&quot;&quot;}\" data-listing-source=\"posts\" data-query-id=\"34\" data-queried-id=\"17809|WP_Post\"><\/div>\t\t\t\t<\/div>\n\t\t\t\t<\/div>\n\t\t\t\t<\/div>\n\t\t<div class=\"elementor-element elementor-element-057af9e e-con-full e-flex e-con e-parent\" data-id=\"057af9e\" data-element_type=\"container\" data-settings=\"{&quot;jet_parallax_layout_list&quot;:[]}\">\n\t\t\t\t<div class=\"elementor-element elementor-element-ffa7cd9 elementor-widget elementor-widget-text-editor\" data-id=\"ffa7cd9\" data-element_type=\"widget\" data-widget_type=\"text-editor.default\">\n\t\t\t\t<div class=\"elementor-widget-container\">\n\t\t\t\t\t\t\t\t\t<h2>Pourquoi choisir les villages vacances en Rh\u00f4ne-Alpes ?<\/h2><h3>Un cadre naturel exceptionnel<\/h3><p>Imaginez-vous au c\u0153ur d&#8217;un d\u00e9cor de carte postale ! La r\u00e9gion Rh\u00f4ne-Alpes d\u00e9ploie des paysages \u00e0 couper le souffle. Des massifs embl\u00e9matiques aux stations de ski r\u00e9put\u00e9es, en passant par les villages de montagne authentiques de Savoie, c&#8217;est une vraie invitation \u00e0 la d\u00e9connexion. Hauts sommets, for\u00eats verdoyantes, lacs scintillants et neiges \u00e9ternelles : la r\u00e9gion offre tout ce qu&#8217;il faut pour vous ressourcer en profondeur. Nos <a href=\"https:\/\/www.azureva-vacances.com\/fr\/hebergements\/villages\/villages-vacances-rhone-alpes\/\">villages vacances en Rh\u00f4ne-Alpes pour toute la famille<\/a> vous garantissent un d\u00e9paysement total !<\/p><h3>Des activit\u00e9s pour toute la famille<\/h3><p>Vous cherchez des vacances o\u00f9 chacun trouve son bonheur ? C&#8217;est exactement ce que vous proposent nos villages vacances !<\/p><ul><li>Vos enfants s&#8217;amusent dans des clubs encadr\u00e9s par des animateurs qualifi\u00e9s<\/li><li>Vos ados testent des sports \u00e0 sensations : escalade, VTT, sports de glisse&#8230;<\/li><li>Vous alternez d\u00e9tente et activit\u00e9s sportives \u00e0 votre rythme<\/li><\/ul><p>Le tout dans un environnement s\u00e9curis\u00e9 et convivial. Pratique, non ?<\/p><h2 class=\"rich-text-title-3\">Azureva : notre s\u00e9lection de villages et r\u00e9sidences de vacances en Rh\u00f4ne-Alpes<\/h2><h3>Azureva M\u00e9tabief : un s\u00e9jour au c\u0153ur des Alpes<\/h3><p>D\u00e9couvrez <a href=\"https:\/\/www.azureva-vacances.com\/fr\/hebergement\/residence-vacances-metabief\">notre club Azureva M\u00e9tabief<\/a>. A 1000m d&#8217;altitude, vous s\u00e9journez dans une station familiale \u00e0 taille humaine en pension compl\u00e8te et profitez d&#8217;un panorama unique pour passer vos plus belles vacances. H\u00e9bergements chaleureux, ambiance conviviale&#8230; Tout est r\u00e9uni pour cr\u00e9er des souvenirs inoubliables avec ceux que vous aimez !<\/p><h3>Profitez des sports d&#8217;hiver et d&#8217;\u00e9t\u00e9<\/h3><p>Chaque saison vous r\u00e9serve son lot d&#8217;\u00e9motions !<\/p><p>En hiver, notre station offre un acc\u00e8s privil\u00e9gi\u00e9 au domaine skiable avec ses pistes de ski alpin et de snowboard. La neige est au rendez-vous pour votre plus grand plaisir :<\/p><ul><li>Ski alpin et snowboard sur les pistes<\/li><li>Raquettes et ski de fond pour les amateurs de neige et de calme<\/li><\/ul><p>En \u00e9t\u00e9, go\u00fbtez aux sensations du vol libre en parapente ou partez \u00e0 l&#8217;aventure !<\/p><ul><li>Randonn\u00e9es p\u00e9destres ou \u00e0 v\u00e9lo<\/li><li>Escalade pour les grimpeurs en herbe<\/li><li>Canyoning et VTT pour les fans de sensations fortes<\/li><\/ul><p>Nos \u00e9quipes sont l\u00e0 pour vous conseiller les meilleures activit\u00e9s selon vos envies. Vous n&#8217;avez plus qu&#8217;\u00e0 profiter !<\/p><p>Hauts sommets, for\u00eats verdoyantes, lacs scintillants et neiges \u00e9ternelles, la r\u00e9gion Rh\u00f4ne-Alpes regorge de panoramas exceptionnels, sans oublier la richesse en sp\u00e9cialit\u00e9s culinaires et gastronomiques de son terroir, dont vous pourrez vous r\u00e9galer pendant votre s\u00e9jour en village ou r\u00e9sidence de vacances Azureva.<\/p><h2>Informations pratiques pour votre s\u00e9jour<\/h2><h3>Comment r\u00e9server votre village vacances ?<\/h3><p>R\u00e9server, c&#8217;est simple comme bonjour ! Consultez nos disponibilit\u00e9s en ligne, choisissez vos dates et le type d&#8217;h\u00e9bergement qui vous convient. Notre \u00e9quipe est \u00e0 votre \u00e9coute pour r\u00e9pondre \u00e0 toutes vos questions : formules en pension compl\u00e8te, activit\u00e9s incluses, services disponibles&#8230; On vous accompagne de A \u00e0 Z pour pr\u00e9parer vos vacances id\u00e9ales !<\/p><h3>Conseils pour un s\u00e9jour r\u00e9ussi<\/h3><p>Vous voulez profiter \u00e0 fond de votre escapade en Rh\u00f4ne-Alpes ? Voici nos petits conseils malins :<\/p><ul><li>Pr\u00e9voyez des v\u00eatements adapt\u00e9s \u00e0 la montagne selon la saison<\/li><li>R\u00e9servez vos activit\u00e9s en avance, surtout en haute saison<\/li><li>Jetez un \u0153il \u00e0 la m\u00e9t\u00e9o pour planifier vos sorties<\/li><li>Profitez de la formule pension compl\u00e8te : un souci de moins, c&#8217;est toujours \u00e7a de gagn\u00e9 !<\/li><\/ul><h2>Vos questions sur les villages vacances en Rh\u00f4ne-Alpes<\/h2><h3>Pourquoi les familles adorent nos villages vacances en Rh\u00f4ne-Alpes ?<\/h3><p>Tout simplement parce qu&#8217;on s&#8217;occupe de tout ! Avec la pension compl\u00e8te, vous oubliez les courses et la cuisine. Les h\u00e9bergements sont con\u00e7us pour accueillir confortablement toute la tribu, avec des espaces adapt\u00e9s aux enfants. Et pendant que vos petits s&#8217;\u00e9clatent dans les clubs encadr\u00e9s, vous profitez enfin de moments rien qu&#8217;\u00e0 vous. Le bonheur, quoi !<\/p><h3>Qu&#8217;est-ce qui attend vos enfants et ados dans nos villages ?<\/h3><p>Nos villages offrent de quoi faire briller les yeux de tous les \u00e2ges ! Au programme des clubs enfants et ados : ateliers cr\u00e9atifs, jeux sportifs, balades en pleine nature, veill\u00e9es anim\u00e9es&#8230; Les ados peuvent m\u00eame s&#8217;initier \u00e0 l&#8217;escalade, au VTT ou aux sports de glisse. Rassurez-vous, tout est encadr\u00e9 par des pros dipl\u00f4m\u00e9s. Vos jeunes sont entre de bonnes mains !<\/p><h3>Quelle est la meilleure p\u00e9riode pour venir ?<\/h3><p>\u00c7a d\u00e9pend de ce qui vous fait vibrer !<\/p><ul><li>L&#8217;hiver (d\u00e9cembre \u00e0 mars) est id\u00e9al pour les amoureux de sports de glisse et d&#8217;ambiance neige<\/li><li>L&#8217;\u00e9t\u00e9 (juin \u00e0 septembre) offre des conditions parfaites pour la rando, le VTT et les activit\u00e9s au grand air<\/li><li>Le printemps et l&#8217;automne s\u00e9duisent les amateurs de tranquillit\u00e9 avec leurs paysages changeants et moins de monde<\/li><\/ul><h3>Comment venir jusqu&#8217;\u00e0 nos villages ?<\/h3><p>La r\u00e9gion Rh\u00f4ne-Alpes est super bien desservie ! M\u00e9tabief est accessible en voiture via l&#8217;A36, ou en train jusqu&#8217;\u00e0 Frasne avec une navette ensuite. D\u00e8s votre r\u00e9servation, on vous envoie toutes les infos pratiques pour arriver les doigts dans le nez !<\/p><h3>Qu&#8217;est-ce qui est inclus dans la pension compl\u00e8te ?<\/h3><p>La formule pension compl\u00e8te, c&#8217;est votre s\u00e9same pour des vacances sans prise de t\u00eate ! Elle comprend l&#8217;h\u00e9bergement et tous les repas : petit-d\u00e9jeuner, d\u00e9jeuner et d\u00eener. Vous b\u00e9n\u00e9ficiez aussi d&#8217;un programme d&#8217;animations vari\u00e9es, de l&#8217;acc\u00e8s aux \u00e9quipements sportifs et de loisirs, et du service de m\u00e9nage. Certaines activit\u00e9s ext\u00e9rieures peuvent demander un petit suppl\u00e9ment, mais l&#8217;essentiel est l\u00e0 !<\/p><h3>Peut-on personnaliser son s\u00e9jour ?<\/h3><p>Bien s\u00fbr ! Vous \u00eates libre comme l&#8217;air. On vous propose un programme d&#8217;activit\u00e9s, mais vous composez vos journ\u00e9es comme bon vous semble. Envie de participer aux animations collectives ? Super ! Plut\u00f4t tent\u00e9 par une journ\u00e9e d&#8217;exploration en solo ? Aucun souci ! Notre \u00e9quipe est l\u00e0 pour vous conseiller sur les excursions \u00e0 ne pas manquer dans les environs. C&#8217;est VOUS qui d\u00e9cidez !<\/p>\t\t\t\t\t\t\t\t<\/div>\n\t\t\t\t<\/div>\n\t\t\t\t<\/div>\n\t\t\t\t<\/div>\n\t\t","protected":false},"excerpt":{"rendered":"<p>Villages Vacances Rh\u00f4ne-Alpes \u00c9vasion en Rh\u00f4ne-Alpes : nature, aventure et grand air au rendez-vous ! Entre montagnes majestueuses et nature pr\u00e9serv\u00e9e, Rh\u00f4ne-Alpes est la destination id\u00e9ale pour un s\u00e9jour actif ou d\u00e9tente en toute saison. Vous r\u00eavez de vacances en famille o\u00f9 tout est pens\u00e9 pour vous ? Nos villages vacances en Rh\u00f4ne-Alpes vous offrent [&hellip;]<\/p>\n","protected":false},"author":4,"featured_media":0,"parent":21750,"menu_order":0,"comment_status":"closed","ping_status":"closed","template":"full-width.php","meta":{"_acf_changed":false,"_yoast_wpseo_focuskw":"","_yoast_wpseo_metadesc":"\u00c9vadez-vous en Rh\u00f4ne-Alpes avec Azureva : villages vacances entre montagnes, lacs et nature pr\u00e9serv\u00e9e pour des vacances ressour\u00e7antes.","rank_math_description":"","rank_math_title":"","rank_math_focus_keyword":"","footnotes":""},"class_list":["post-17809","page","type-page","status-publish","hentry"],"acf":[],"yoast_head":"<!-- This site is optimized with the Yoast SEO plugin v27.3 - https:\/\/yoast.com\/product\/yoast-seo-wordpress\/ -->\n<title>Villages Vacances Rh\u00f4ne-Alpes - Azureva Vacances en France<\/title>\n<meta name=\"description\" content=\"\u00c9vadez-vous en Rh\u00f4ne-Alpes avec Azureva : villages vacances entre montagnes, lacs et nature pr\u00e9serv\u00e9e pour des vacances ressour\u00e7antes.\" \/>\n<meta name=\"robots\" content=\"index, follow, max-snippet:-1, max-image-preview:large, max-video-preview:-1\" \/>\n<link rel=\"canonical\" href=\"https:\/\/www.azureva-vacances.com\/fr\/hebergements\/villages\/villages-vacances-rhone-alpes\/\" \/>\n<meta property=\"og:locale\" content=\"fr_FR\" \/>\n<meta property=\"og:type\" content=\"article\" \/>\n<meta property=\"og:title\" content=\"Villages Vacances Rh\u00f4ne-Alpes - Azureva Vacances en France\" \/>\n<meta property=\"og:description\" content=\"\u00c9vadez-vous en Rh\u00f4ne-Alpes avec Azureva : villages vacances entre montagnes, lacs et nature pr\u00e9serv\u00e9e pour des vacances ressour\u00e7antes.\" \/>\n<meta property=\"og:url\" content=\"https:\/\/www.azureva-vacances.com\/fr\/hebergements\/villages\/villages-vacances-rhone-alpes\/\" \/>\n<meta property=\"og:site_name\" content=\"Azureva Vacances en France\" \/>\n<meta property=\"article:publisher\" content=\"https:\/\/www.facebook.com\/AzurevaVacances\/\" \/>\n<meta property=\"article:modified_time\" content=\"2026-02-05T13:24:24+00:00\" \/>\n<meta property=\"og:image\" content=\"https:\/\/www.azureva-vacances.com\/wp-content\/uploads\/2025\/03\/57f3c1bda0a42_vacances-montagne-metabief.jpg\" \/>\n\t<meta property=\"og:image:width\" content=\"820\" \/>\n\t<meta property=\"og:image:height\" content=\"547\" \/>\n\t<meta property=\"og:image:type\" content=\"image\/jpeg\" \/>\n<meta name=\"twitter:card\" content=\"summary_large_image\" \/>\n<meta name=\"twitter:label1\" content=\"Est. reading time\" \/>\n\t<meta name=\"twitter:data1\" content=\"10 minutes\" \/>\n<script type=\"application\/ld+json\" class=\"yoast-schema-graph\">{\"@context\":\"https:\\\/\\\/schema.org\",\"@graph\":[{\"@type\":\"WebPage\",\"@id\":\"https:\\\/\\\/www.azureva-vacances.com\\\/fr\\\/hebergements\\\/villages\\\/villages-vacances-rhone-alpes\\\/\",\"url\":\"https:\\\/\\\/www.azureva-vacances.com\\\/fr\\\/hebergements\\\/villages\\\/villages-vacances-rhone-alpes\\\/\",\"name\":\"Villages Vacances Rh\u00f4ne-Alpes - Azureva Vacances en France\",\"isPartOf\":{\"@id\":\"https:\\\/\\\/www.azureva-vacances.com\\\/fr\\\/#website\"},\"primaryImageOfPage\":{\"@id\":\"https:\\\/\\\/www.azureva-vacances.com\\\/fr\\\/hebergements\\\/villages\\\/villages-vacances-rhone-alpes\\\/#primaryimage\"},\"image\":{\"@id\":\"https:\\\/\\\/www.azureva-vacances.com\\\/fr\\\/hebergements\\\/villages\\\/villages-vacances-rhone-alpes\\\/#primaryimage\"},\"thumbnailUrl\":\"https:\\\/\\\/www.azureva-vacances.com\\\/wp-content\\\/uploads\\\/2025\\\/03\\\/57f3c1bda0a42_vacances-montagne-metabief.jpg\",\"datePublished\":\"2025-03-14T14:23:39+00:00\",\"dateModified\":\"2026-02-05T13:24:24+00:00\",\"description\":\"\u00c9vadez-vous en Rh\u00f4ne-Alpes avec Azureva : villages vacances entre montagnes, lacs et nature pr\u00e9serv\u00e9e pour des vacances ressour\u00e7antes.\",\"breadcrumb\":{\"@id\":\"https:\\\/\\\/www.azureva-vacances.com\\\/fr\\\/hebergements\\\/villages\\\/villages-vacances-rhone-alpes\\\/#breadcrumb\"},\"inLanguage\":\"fr\",\"potentialAction\":[{\"@type\":\"ReadAction\",\"target\":[\"https:\\\/\\\/www.azureva-vacances.com\\\/fr\\\/hebergements\\\/villages\\\/villages-vacances-rhone-alpes\\\/\"]}]},{\"@type\":\"ImageObject\",\"inLanguage\":\"fr\",\"@id\":\"https:\\\/\\\/www.azureva-vacances.com\\\/fr\\\/hebergements\\\/villages\\\/villages-vacances-rhone-alpes\\\/#primaryimage\",\"url\":\"https:\\\/\\\/www.azureva-vacances.com\\\/wp-content\\\/uploads\\\/2025\\\/03\\\/57f3c1bda0a42_vacances-montagne-metabief.jpg\",\"contentUrl\":\"https:\\\/\\\/www.azureva-vacances.com\\\/wp-content\\\/uploads\\\/2025\\\/03\\\/57f3c1bda0a42_vacances-montagne-metabief.jpg\"},{\"@type\":\"BreadcrumbList\",\"@id\":\"https:\\\/\\\/www.azureva-vacances.com\\\/fr\\\/hebergements\\\/villages\\\/villages-vacances-rhone-alpes\\\/#breadcrumb\",\"itemListElement\":[{\"@type\":\"ListItem\",\"position\":1,\"name\":\"Accueil\",\"item\":\"https:\\\/\\\/www.azureva-vacances.com\\\/fr\\\/\"},{\"@type\":\"ListItem\",\"position\":2,\"name\":\"H\u00e9bergements\",\"item\":\"https:\\\/\\\/www.azureva-vacances.com\\\/fr\\\/hebergements\\\/\"},{\"@type\":\"ListItem\",\"position\":3,\"name\":\"Villages Vacances\",\"item\":\"https:\\\/\\\/www.azureva-vacances.com\\\/fr\\\/hebergements\\\/villages\\\/\"},{\"@type\":\"ListItem\",\"position\":4,\"name\":\"Villages Vacances Rh\u00f4ne-Alpes\"}]},{\"@type\":\"WebSite\",\"@id\":\"https:\\\/\\\/www.azureva-vacances.com\\\/fr\\\/#website\",\"url\":\"https:\\\/\\\/www.azureva-vacances.com\\\/fr\\\/\",\"name\":\"Azureva Vacances\",\"description\":\"\",\"publisher\":{\"@id\":\"https:\\\/\\\/www.azureva-vacances.com\\\/fr\\\/#organization\"},\"potentialAction\":[{\"@type\":\"SearchAction\",\"target\":{\"@type\":\"EntryPoint\",\"urlTemplate\":\"https:\\\/\\\/www.azureva-vacances.com\\\/fr\\\/?s={search_term_string}\"},\"query-input\":{\"@type\":\"PropertyValueSpecification\",\"valueRequired\":true,\"valueName\":\"search_term_string\"}}],\"inLanguage\":\"fr\"},{\"@type\":\"Organization\",\"@id\":\"https:\\\/\\\/www.azureva-vacances.com\\\/fr\\\/#organization\",\"name\":\"Azureva Vacances\",\"url\":\"https:\\\/\\\/www.azureva-vacances.com\\\/fr\\\/\",\"logo\":{\"@type\":\"ImageObject\",\"inLanguage\":\"fr\",\"@id\":\"https:\\\/\\\/www.azureva-vacances.com\\\/fr\\\/#\\\/schema\\\/logo\\\/image\\\/\",\"url\":\"https:\\\/\\\/www.azureva-vacances.com\\\/wp-content\\\/uploads\\\/2025\\\/01\\\/logo.svg\",\"contentUrl\":\"https:\\\/\\\/www.azureva-vacances.com\\\/wp-content\\\/uploads\\\/2025\\\/01\\\/logo.svg\",\"caption\":\"Azureva Vacances\"},\"image\":{\"@id\":\"https:\\\/\\\/www.azureva-vacances.com\\\/fr\\\/#\\\/schema\\\/logo\\\/image\\\/\"},\"sameAs\":[\"https:\\\/\\\/www.facebook.com\\\/AzurevaVacances\\\/\",\"https:\\\/\\\/www.instagram.com\\\/azurevavacances\\\/\",\"https:\\\/\\\/www.tiktok.com\\\/@azureva_vacances\",\"https:\\\/\\\/www.youtube.com\\\/user\\\/vacancesazureva\",\"https:\\\/\\\/www.linkedin.com\\\/company\\\/azureva\\\/mycompany\\\/\"]}]}<\/script>\n<!-- \/ Yoast SEO plugin. -->","yoast_head_json":{"title":"Villages Vacances Rh\u00f4ne-Alpes - Azureva Vacances en France","description":"\u00c9vadez-vous en Rh\u00f4ne-Alpes avec Azureva : villages vacances entre montagnes, lacs et nature pr\u00e9serv\u00e9e pour des vacances ressour\u00e7antes.","robots":{"index":"index","follow":"follow","max-snippet":"max-snippet:-1","max-image-preview":"max-image-preview:large","max-video-preview":"max-video-preview:-1"},"canonical":"https:\/\/www.azureva-vacances.com\/fr\/hebergements\/villages\/villages-vacances-rhone-alpes\/","og_locale":"fr_FR","og_type":"article","og_title":"Villages Vacances Rh\u00f4ne-Alpes - Azureva Vacances en France","og_description":"\u00c9vadez-vous en Rh\u00f4ne-Alpes avec Azureva : villages vacances entre montagnes, lacs et nature pr\u00e9serv\u00e9e pour des vacances ressour\u00e7antes.","og_url":"https:\/\/www.azureva-vacances.com\/fr\/hebergements\/villages\/villages-vacances-rhone-alpes\/","og_site_name":"Azureva Vacances en France","article_publisher":"https:\/\/www.facebook.com\/AzurevaVacances\/","article_modified_time":"2026-02-05T13:24:24+00:00","og_image":[{"width":820,"height":547,"url":"https:\/\/www.azureva-vacances.com\/wp-content\/uploads\/2025\/03\/57f3c1bda0a42_vacances-montagne-metabief.jpg","type":"image\/jpeg"}],"twitter_card":"summary_large_image","twitter_misc":{"Est. reading time":"10 minutes"},"schema":{"@context":"https:\/\/schema.org","@graph":[{"@type":"WebPage","@id":"https:\/\/www.azureva-vacances.com\/fr\/hebergements\/villages\/villages-vacances-rhone-alpes\/","url":"https:\/\/www.azureva-vacances.com\/fr\/hebergements\/villages\/villages-vacances-rhone-alpes\/","name":"Villages Vacances Rh\u00f4ne-Alpes - Azureva Vacances en France","isPartOf":{"@id":"https:\/\/www.azureva-vacances.com\/fr\/#website"},"primaryImageOfPage":{"@id":"https:\/\/www.azureva-vacances.com\/fr\/hebergements\/villages\/villages-vacances-rhone-alpes\/#primaryimage"},"image":{"@id":"https:\/\/www.azureva-vacances.com\/fr\/hebergements\/villages\/villages-vacances-rhone-alpes\/#primaryimage"},"thumbnailUrl":"https:\/\/www.azureva-vacances.com\/wp-content\/uploads\/2025\/03\/57f3c1bda0a42_vacances-montagne-metabief.jpg","datePublished":"2025-03-14T14:23:39+00:00","dateModified":"2026-02-05T13:24:24+00:00","description":"\u00c9vadez-vous en Rh\u00f4ne-Alpes avec Azureva : villages vacances entre montagnes, lacs et nature pr\u00e9serv\u00e9e pour des vacances ressour\u00e7antes.","breadcrumb":{"@id":"https:\/\/www.azureva-vacances.com\/fr\/hebergements\/villages\/villages-vacances-rhone-alpes\/#breadcrumb"},"inLanguage":"fr","potentialAction":[{"@type":"ReadAction","target":["https:\/\/www.azureva-vacances.com\/fr\/hebergements\/villages\/villages-vacances-rhone-alpes\/"]}]},{"@type":"ImageObject","inLanguage":"fr","@id":"https:\/\/www.azureva-vacances.com\/fr\/hebergements\/villages\/villages-vacances-rhone-alpes\/#primaryimage","url":"https:\/\/www.azureva-vacances.com\/wp-content\/uploads\/2025\/03\/57f3c1bda0a42_vacances-montagne-metabief.jpg","contentUrl":"https:\/\/www.azureva-vacances.com\/wp-content\/uploads\/2025\/03\/57f3c1bda0a42_vacances-montagne-metabief.jpg"},{"@type":"BreadcrumbList","@id":"https:\/\/www.azureva-vacances.com\/fr\/hebergements\/villages\/villages-vacances-rhone-alpes\/#breadcrumb","itemListElement":[{"@type":"ListItem","position":1,"name":"Accueil","item":"https:\/\/www.azureva-vacances.com\/fr\/"},{"@type":"ListItem","position":2,"name":"H\u00e9bergements","item":"https:\/\/www.azureva-vacances.com\/fr\/hebergements\/"},{"@type":"ListItem","position":3,"name":"Villages Vacances","item":"https:\/\/www.azureva-vacances.com\/fr\/hebergements\/villages\/"},{"@type":"ListItem","position":4,"name":"Villages Vacances Rh\u00f4ne-Alpes"}]},{"@type":"WebSite","@id":"https:\/\/www.azureva-vacances.com\/fr\/#website","url":"https:\/\/www.azureva-vacances.com\/fr\/","name":"Azureva Vacances","description":"","publisher":{"@id":"https:\/\/www.azureva-vacances.com\/fr\/#organization"},"potentialAction":[{"@type":"SearchAction","target":{"@type":"EntryPoint","urlTemplate":"https:\/\/www.azureva-vacances.com\/fr\/?s={search_term_string}"},"query-input":{"@type":"PropertyValueSpecification","valueRequired":true,"valueName":"search_term_string"}}],"inLanguage":"fr"},{"@type":"Organization","@id":"https:\/\/www.azureva-vacances.com\/fr\/#organization","name":"Azureva Vacances","url":"https:\/\/www.azureva-vacances.com\/fr\/","logo":{"@type":"ImageObject","inLanguage":"fr","@id":"https:\/\/www.azureva-vacances.com\/fr\/#\/schema\/logo\/image\/","url":"https:\/\/www.azureva-vacances.com\/wp-content\/uploads\/2025\/01\/logo.svg","contentUrl":"https:\/\/www.azureva-vacances.com\/wp-content\/uploads\/2025\/01\/logo.svg","caption":"Azureva Vacances"},"image":{"@id":"https:\/\/www.azureva-vacances.com\/fr\/#\/schema\/logo\/image\/"},"sameAs":["https:\/\/www.facebook.com\/AzurevaVacances\/","https:\/\/www.instagram.com\/azurevavacances\/","https:\/\/www.tiktok.com\/@azureva_vacances","https:\/\/www.youtube.com\/user\/vacancesazureva","https:\/\/www.linkedin.com\/company\/azureva\/mycompany\/"]}]}},"_links":{"self":[{"href":"https:\/\/www.azureva-vacances.com\/fr\/wp-json\/wp\/v2\/pages\/17809","targetHints":{"allow":["GET"]}}],"collection":[{"href":"https:\/\/www.azureva-vacances.com\/fr\/wp-json\/wp\/v2\/pages"}],"about":[{"href":"https:\/\/www.azureva-vacances.com\/fr\/wp-json\/wp\/v2\/types\/page"}],"author":[{"embeddable":true,"href":"https:\/\/www.azureva-vacances.com\/fr\/wp-json\/wp\/v2\/users\/4"}],"replies":[{"embeddable":true,"href":"https:\/\/www.azureva-vacances.com\/fr\/wp-json\/wp\/v2\/comments?post=17809"}],"version-history":[{"count":5,"href":"https:\/\/www.azureva-vacances.com\/fr\/wp-json\/wp\/v2\/pages\/17809\/revisions"}],"predecessor-version":[{"id":51443,"href":"https:\/\/www.azureva-vacances.com\/fr\/wp-json\/wp\/v2\/pages\/17809\/revisions\/51443"}],"up":[{"embeddable":true,"href":"https:\/\/www.azureva-vacances.com\/fr\/wp-json\/wp\/v2\/pages\/21750"}],"wp:attachment":[{"href":"https:\/\/www.azureva-vacances.com\/fr\/wp-json\/wp\/v2\/media?parent=17809"}],"curies":[{"name":"wp","href":"https:\/\/api.w.org\/{rel}","templated":true}]}}