{"id":17347,"date":"2025-03-12T13:44:21","date_gmt":"2025-03-12T12:44:21","guid":{"rendered":"https:\/\/azvitrine.ecdev.fr\/?page_id=17347"},"modified":"2026-06-17T16:55:28","modified_gmt":"2026-06-17T14:55:28","slug":"location-vacances-en-france","status":"publish","type":"page","link":"https:\/\/www.azureva-vacances.com\/fr\/destinations\/location-vacances-en-france\/","title":{"rendered":"Location vacances en France"},"content":{"rendered":"\t\t<div data-elementor-type=\"wp-page\" data-elementor-id=\"17347\" class=\"elementor elementor-17347\" data-elementor-post-type=\"page\">\n\t\t\t\t<div class=\"elementor-element elementor-element-e6a02aa e-con-full e-flex e-con e-parent\" data-id=\"e6a02aa\" data-element_type=\"container\" data-e-type=\"container\" data-settings=\"{&quot;jet_parallax_layout_list&quot;:[],&quot;background_background&quot;:&quot;classic&quot;}\">\n\t\t\t\t<div class=\"elementor-element elementor-element-a9b17e3 elementor-align-center elementor-widget elementor-widget-raven-heading\" data-id=\"a9b17e3\" data-element_type=\"widget\" data-e-type=\"widget\" data-widget_type=\"raven-heading.default\">\n\t\t\t\t<div class=\"elementor-widget-container\">\n\t\t\t\t\t\t\t<div class=\"raven-widget-wrapper\"><h1 class=\"raven-heading raven-heading-h1\"><span class=\"raven-heading-title \">Vacances tout compris en pension compl\u00e8te<\/span><\/h1><\/div>\n\t\t\t\t\t\t<\/div>\n\t\t\t\t<\/div>\n\t\t\t\t<\/div>\n\t\t<div class=\"elementor-element elementor-element-724a054 e-con-full e-flex e-con e-parent\" data-id=\"724a054\" data-element_type=\"container\" data-e-type=\"container\" data-settings=\"{&quot;jet_parallax_layout_list&quot;:[]}\">\n\t\t\t\t<div class=\"elementor-element elementor-element-edf9d35 elementor-widget elementor-widget-breadcrumbs\" data-id=\"edf9d35\" data-element_type=\"widget\" data-e-type=\"widget\" data-widget_type=\"breadcrumbs.default\">\n\t\t\t\t<div class=\"elementor-widget-container\">\n\t\t\t\t\t<p id=\"breadcrumbs\"><span><span><a href=\"https:\/\/www.azureva-vacances.com\/fr\/\">Accueil<\/a><\/span><\/span><\/p>\t\t\t\t<\/div>\n\t\t\t\t<\/div>\n\t\t\t\t<\/div>\n\t\t<div class=\"elementor-element elementor-element-b903b7d e-con-full e-flex e-con e-parent\" data-id=\"b903b7d\" data-element_type=\"container\" data-e-type=\"container\" data-settings=\"{&quot;jet_parallax_layout_list&quot;:[]}\">\n\t\t<div class=\"elementor-element elementor-element-ec790bd e-con-full e-flex e-con e-child\" data-id=\"ec790bd\" data-element_type=\"container\" data-e-type=\"container\" data-settings=\"{&quot;jet_parallax_layout_list&quot;:[]}\">\n\t\t\t\t<div class=\"elementor-element elementor-element-7a9b245 elementor-widget elementor-widget-text-editor\" data-id=\"7a9b245\" data-element_type=\"widget\" data-e-type=\"widget\" data-widget_type=\"text-editor.default\">\n\t\t\t\t<div class=\"elementor-widget-container\">\n\t\t\t\t\t\t\t\t\t<h2>Vous profitez, on s\u2019occupe du reste<\/h2><p>Envie de poser vos valises et de ne plus penser \u00e0 rien ? Chez Azureva, les vacances tout compris en pension compl\u00e8te, c\u2019est la solution id\u00e9ale pour l\u00e2cher prise et profiter \u00e0 100 % de votre s\u00e9jour. H\u00e9bergement, repas, animations\u2026 tout est pr\u00e9vu pour vous faciliter la vie. Vous, vous n\u2019avez qu\u2019une chose \u00e0 faire : profiter.<\/p>\t\t\t\t\t\t\t\t<\/div>\n\t\t\t\t<\/div>\n\t\t\t\t<\/div>\n\t\t<div class=\"elementor-element elementor-element-eeaecef e-con-full e-flex e-con e-child\" data-id=\"eeaecef\" data-element_type=\"container\" data-e-type=\"container\" data-settings=\"{&quot;jet_parallax_layout_list&quot;:[]}\">\n\t\t\t\t<div class=\"elementor-element elementor-element-9f0d821 elementor-widget elementor-widget-image\" data-id=\"9f0d821\" data-element_type=\"widget\" data-e-type=\"widget\" data-widget_type=\"image.default\">\n\t\t\t\t<div class=\"elementor-widget-container\">\n\t\t\t\t\t\t\t\t\t\t\t\t\t\t\t<img loading=\"lazy\" decoding=\"async\" width=\"820\" height=\"547\" src=\"https:\/\/www.azureva-vacances.com\/wp-content\/uploads\/2025\/04\/57f3cfcbb2cc0_village-vacances-jura-metabief.jpg\" class=\"attachment-large size-large wp-image-20286\" alt=\"vos vacances en location dans le jura\" srcset=\"https:\/\/www.azureva-vacances.com\/wp-content\/uploads\/2025\/04\/57f3cfcbb2cc0_village-vacances-jura-metabief-mobile.avif 420w\" sizes=\"auto, (max-width: 420px) 100vw, 100vw\" loading=\"lazy\" \/>\t\t\t\t\t\t\t\t\t\t\t\t\t\t\t<\/div>\n\t\t\t\t<\/div>\n\t\t\t\t<\/div>\n\t\t\t\t<\/div>\n\t\t<div class=\"elementor-element elementor-element-14c2a90 e-con-full e-flex e-con e-parent\" data-id=\"14c2a90\" data-element_type=\"container\" data-e-type=\"container\" data-settings=\"{&quot;background_background&quot;:&quot;classic&quot;,&quot;jet_parallax_layout_list&quot;:[]}\">\n\t\t\t\t<div class=\"elementor-element elementor-element-89e5d52 elementor-widget__width-initial elementor-hidden-mobile elementor-widget elementor-widget-jet-listing-grid\" data-id=\"89e5d52\" data-element_type=\"widget\" data-e-type=\"widget\" data-settings=\"{&quot;columns&quot;:&quot;3&quot;,&quot;columns_tablet&quot;:&quot;1&quot;,&quot;columns_mobile&quot;:&quot;1&quot;}\" data-widget_type=\"jet-listing-grid.default\">\n\t\t\t\t<div class=\"elementor-widget-container\">\n\t\t\t\t\t<div class=\"jet-listing-grid jet-listing\"><div class=\"jet-listing-not-found jet-listing-grid__items\" data-nav=\"{&quot;enabled&quot;:false,&quot;type&quot;:null,&quot;more_el&quot;:null,&quot;query&quot;:[],&quot;widget_settings&quot;:{&quot;lisitng_id&quot;:255,&quot;posts_num&quot;:1000,&quot;columns&quot;:3,&quot;columns_tablet&quot;:1,&quot;columns_mobile&quot;:1,&quot;column_min_width&quot;:240,&quot;column_min_width_tablet&quot;:240,&quot;column_min_width_mobile&quot;:240,&quot;inline_columns_css&quot;:false,&quot;is_archive_template&quot;:&quot;&quot;,&quot;post_status&quot;:[&quot;publish&quot;],&quot;use_random_posts_num&quot;:&quot;&quot;,&quot;max_posts_num&quot;:9,&quot;not_found_message&quot;:&quot;Aucun r\\u00e9sultat ne correspond \\u00e0 votre recherche&quot;,&quot;is_masonry&quot;:false,&quot;equal_columns_height&quot;:&quot;&quot;,&quot;use_load_more&quot;:&quot;&quot;,&quot;load_more_id&quot;:&quot;&quot;,&quot;load_more_type&quot;:&quot;click&quot;,&quot;load_more_offset&quot;:null,&quot;use_custom_post_types&quot;:&quot;&quot;,&quot;custom_post_types&quot;:[],&quot;hide_widget_if&quot;:&quot;&quot;,&quot;carousel_enabled&quot;:&quot;&quot;,&quot;slides_to_scroll&quot;:&quot;1&quot;,&quot;arrows&quot;:&quot;true&quot;,&quot;arrow_icon&quot;:&quot;fa fa-angle-left&quot;,&quot;dots&quot;:&quot;&quot;,&quot;autoplay&quot;:&quot;true&quot;,&quot;pause_on_hover&quot;:&quot;true&quot;,&quot;autoplay_speed&quot;:5000,&quot;infinite&quot;:&quot;true&quot;,&quot;center_mode&quot;:&quot;&quot;,&quot;effect&quot;:&quot;slide&quot;,&quot;speed&quot;:500,&quot;inject_alternative_items&quot;:&quot;&quot;,&quot;injection_items&quot;:[],&quot;scroll_slider_enabled&quot;:&quot;&quot;,&quot;scroll_slider_on&quot;:[&quot;desktop&quot;,&quot;tablet&quot;,&quot;mobile&quot;],&quot;custom_query&quot;:&quot;yes&quot;,&quot;custom_query_id&quot;:&quot;42&quot;,&quot;_element_id&quot;:&quot;&quot;,&quot;collapse_first_last_gap&quot;:false,&quot;list_tag_selection&quot;:&quot;&quot;,&quot;list_items_wrapper_tag&quot;:&quot;div&quot;,&quot;list_item_tag&quot;:&quot;div&quot;,&quot;empty_items_wrapper_tag&quot;:&quot;div&quot;}}\" data-listing-source=\"query\" data-listing-id=\"255\" data-query-id=\"42\" data-queried-id=\"17347|WP_Post\">Aucun r\u00e9sultat ne correspond \u00e0 votre recherche<\/div><\/div>\t\t\t\t<\/div>\n\t\t\t\t<\/div>\n\t\t\t\t<div class=\"elementor-element elementor-element-6d3d3de elementor-widget__width-initial elementor-hidden-desktop elementor-hidden-tablet elementor-widget elementor-widget-jet-listing-grid\" data-id=\"6d3d3de\" data-element_type=\"widget\" data-e-type=\"widget\" data-settings=\"{&quot;columns&quot;:&quot;3&quot;,&quot;columns_tablet&quot;:&quot;1&quot;,&quot;columns_mobile&quot;:&quot;1&quot;}\" data-widget_type=\"jet-listing-grid.default\">\n\t\t\t\t<div class=\"elementor-widget-container\">\n\t\t\t\t\t<div class=\"jet-listing-grid jet-listing\"><div class=\"jet-listing-not-found jet-listing-grid__items\" data-nav=\"{&quot;enabled&quot;:false,&quot;type&quot;:null,&quot;more_el&quot;:null,&quot;query&quot;:[],&quot;widget_settings&quot;:{&quot;lisitng_id&quot;:255,&quot;posts_num&quot;:1000,&quot;columns&quot;:3,&quot;columns_tablet&quot;:1,&quot;columns_mobile&quot;:1,&quot;column_min_width&quot;:240,&quot;column_min_width_tablet&quot;:240,&quot;column_min_width_mobile&quot;:240,&quot;inline_columns_css&quot;:false,&quot;is_archive_template&quot;:&quot;&quot;,&quot;post_status&quot;:[&quot;publish&quot;],&quot;use_random_posts_num&quot;:&quot;&quot;,&quot;max_posts_num&quot;:9,&quot;not_found_message&quot;:&quot;Aucun r\\u00e9sultat ne correspond \\u00e0 votre recherche&quot;,&quot;is_masonry&quot;:false,&quot;equal_columns_height&quot;:&quot;&quot;,&quot;use_load_more&quot;:&quot;&quot;,&quot;load_more_id&quot;:&quot;&quot;,&quot;load_more_type&quot;:&quot;click&quot;,&quot;load_more_offset&quot;:null,&quot;use_custom_post_types&quot;:&quot;&quot;,&quot;custom_post_types&quot;:[],&quot;hide_widget_if&quot;:&quot;&quot;,&quot;carousel_enabled&quot;:&quot;yes&quot;,&quot;slides_to_scroll&quot;:&quot;1&quot;,&quot;arrows&quot;:&quot;true&quot;,&quot;arrow_icon&quot;:&quot;fa fa-angle-left&quot;,&quot;dots&quot;:&quot;&quot;,&quot;autoplay&quot;:&quot;true&quot;,&quot;pause_on_hover&quot;:&quot;true&quot;,&quot;autoplay_speed&quot;:5000,&quot;infinite&quot;:&quot;true&quot;,&quot;center_mode&quot;:&quot;&quot;,&quot;effect&quot;:&quot;slide&quot;,&quot;speed&quot;:500,&quot;inject_alternative_items&quot;:&quot;&quot;,&quot;injection_items&quot;:[],&quot;scroll_slider_enabled&quot;:&quot;&quot;,&quot;scroll_slider_on&quot;:[&quot;desktop&quot;,&quot;tablet&quot;,&quot;mobile&quot;],&quot;custom_query&quot;:&quot;yes&quot;,&quot;custom_query_id&quot;:&quot;42&quot;,&quot;_element_id&quot;:&quot;&quot;,&quot;collapse_first_last_gap&quot;:&quot;true&quot;,&quot;list_tag_selection&quot;:&quot;&quot;,&quot;list_items_wrapper_tag&quot;:&quot;div&quot;,&quot;list_item_tag&quot;:&quot;div&quot;,&quot;empty_items_wrapper_tag&quot;:&quot;div&quot;}}\" data-listing-source=\"query\" data-listing-id=\"255\" data-query-id=\"42\" data-queried-id=\"17347|WP_Post\">Aucun r\u00e9sultat ne correspond \u00e0 votre recherche<\/div><\/div>\t\t\t\t<\/div>\n\t\t\t\t<\/div>\n\t\t\t\t<div class=\"elementor-element elementor-element-2802a79 elementor-widget__width-initial elementor-widget elementor-widget-jet-engine-maps-listing\" data-id=\"2802a79\" data-element_type=\"widget\" data-e-type=\"widget\" data-widget_type=\"jet-engine-maps-listing.default\">\n\t\t\t\t<div class=\"elementor-widget-container\">\n\t\t\t\t\t<div class=\"jet-map-listing jet-listing-grid--255 popup-has-pin leaflet-provider\" data-init=\"{&quot;zoomControl&quot;:true,&quot;fullscreenControl&quot;:false,&quot;streetViewControl&quot;:false,&quot;mapTypeControl&quot;:true}\" data-markers=\"[]\" data-general=\"{&quot;api&quot;:&quot;https:\\\/\\\/www.azureva-vacances.com\\\/fr\\\/wp-json\\\/jet-engine\\\/v2\\\/get-map-marker-info\\\/&quot;,&quot;restNonce&quot;:&quot;d87d9b25f1&quot;,&quot;listingID&quot;:255,&quot;source&quot;:&quot;posts&quot;,&quot;width&quot;:350,&quot;offset&quot;:50,&quot;clustererImg&quot;:&quot;https:\\\/\\\/www.azureva-vacances.com\\\/wp-content\\\/plugins\\\/jet-engine\\\/includes\\\/modules\\\/maps-listings\\\/assets\\\/lib\\\/markerclustererplus\\\/img\\\/m&quot;,&quot;marker&quot;:{&quot;type&quot;:&quot;icon&quot;,&quot;html&quot;:&quot;&lt;div class=\\&quot;jet-map-marker jet-map-marker-default apply-fill is-svg-icon\\&quot;&gt;&lt;svg class=\\&quot;e-font-icon-svg e-fas-map-marker-alt\\&quot; aria-hidden=\\&quot;true\\&quot; viewBox=\\&quot;0 0 384 512\\&quot; xmlns=\\&quot;http:\\\/\\\/www.w3.org\\\/2000\\\/svg\\&quot;&gt;&lt;path d=\\&quot;M172.268 501.67C26.97 291.031 0 269.413 0 192 0 85.961 85.961 0 192 0s192 85.961 192 192c0 77.413-26.97 99.031-172.268 309.67-9.535 13.774-29.93 13.773-39.464 0zM192 272c44.183 0 80-35.817 80-80s-35.817-80-80-80-80 35.817-80 80 35.817 80 80 80z\\&quot;&gt;&lt;\\\/path&gt;&lt;\\\/svg&gt;&lt;\\\/div&gt;&quot;},&quot;autoCenter&quot;:true,&quot;maxZoom&quot;:18,&quot;minZoom&quot;:4,&quot;customCenter&quot;:false,&quot;customZoom&quot;:11,&quot;popupPreloader&quot;:true,&quot;querySeparator&quot;:&quot;?&quot;,&quot;markerClustering&quot;:true,&quot;customClusterImg&quot;:[],&quot;clusterMaxZoom&quot;:&quot;&quot;,&quot;clusterRadius&quot;:20,&quot;popupOpenOn&quot;:&quot;click&quot;,&quot;centeringOnOpen&quot;:true,&quot;zoomOnOpen&quot;:false,&quot;advanced&quot;:{&quot;zoom_control&quot;:&quot;auto&quot;,&quot;scrollwheel&quot;:true},&quot;user_location_enabled&quot;:false,&quot;user_location_marker&quot;:false,&quot;user_location_label&quot;:&quot;&quot;,&quot;queryID&quot;:42,&quot;querySignature&quot;:&quot;a167fc3e3a446de3cfb813f50e2a2c502e4ad77b8ae86ff708d0cafa858563ad&quot;}\" data-listing-source=\"query\" data-query-id=\"42\" data-queried-id=\"17347|WP_Post\"><\/div>\t\t\t\t<\/div>\n\t\t\t\t<\/div>\n\t\t\t\t<\/div>\n\t\t<div class=\"elementor-element elementor-element-bebc88f e-con-full e-flex e-con e-parent\" data-id=\"bebc88f\" data-element_type=\"container\" data-e-type=\"container\" data-settings=\"{&quot;jet_parallax_layout_list&quot;:[]}\">\n\t\t\t\t<div class=\"elementor-element elementor-element-b616e5c elementor-widget elementor-widget-text-editor\" data-id=\"b616e5c\" data-element_type=\"widget\" data-e-type=\"widget\" data-widget_type=\"text-editor.default\">\n\t\t\t\t<div class=\"elementor-widget-container\">\n\t\t\t\t\t\t\t\t\t<h2>Pension compl\u00e8te = z\u00e9ro souci, 100 % plaisir<\/h2><p>Plus besoin de faire les courses, la cuisine ou la vaisselle. C\u2019est \u00e7a, les vacances tout compris, fa\u00e7on Azureva. Avec la pension compl\u00e8te, vous profitez de trois repas par jour, servis sur place dans nos restaurants :<\/p><ul><li>Petit-d\u00e9jeuner, d\u00e9jeuner et d\u00eener inclus dans votre s\u00e9jour<\/li><li>Buffets vari\u00e9s, plats chauds, salades, desserts maison\u2026<\/li><li>Menus r\u00e9gionaux pour d\u00e9couvrir les sp\u00e9cialit\u00e9s locales<\/li><li>Options adapt\u00e9es aux enfants, aux v\u00e9g\u00e9tariens et \u00e0 tous les r\u00e9gimes<\/li><\/ul><h2>Des s\u00e9jours vraiment complets<\/h2><p>Chez Azureva, &#8220;tout compris&#8221;, ce n\u2019est pas juste les repas. C\u2019est aussi :<\/p><ul><li>L\u2019h\u00e9bergement dans l\u2019un de nos villages vacances partout en France<\/li><li>L\u2019acc\u00e8s aux clubs enfants gratuits (de 3 \u00e0 17 ans)<\/li><li>Les animations en journ\u00e9e et en soir\u00e9e : jeux, tournois, spectacles, karaok\u00e9\u2026<\/li><li>Des \u00e9quipements sur place : parfois une piscine, une salle de sport, un sauna, ou un terrain multisports<\/li><\/ul><p>Selon les destinations, vous profitez aussi de sorties organis\u00e9es, ateliers cr\u00e9atifs, d\u00e9couvertes du terroir, le tout dans une ambiance conviviale et sans suppl\u00e9ment cach\u00e9.<\/p><p>\u00a0<\/p><h2>Un s\u00e9jour cl\u00e9 en main, partout en France<\/h2><p>Mer, montagne, campagne, oc\u00e9an\u2026 \u00c0 vous de choisir votre d\u00e9cor ! Quel que soit le lieu, vous retrouvez l\u2019esprit Azureva : accueil chaleureux, simplicit\u00e9, authenticit\u00e9.<\/p><p><br \/>Nos villages vacances en pension compl\u00e8te sont pr\u00e9sents dans les plus belles r\u00e9gions de France :<\/p><ul><li>Sur la c\u00f4te Atlantique ou en M\u00e9diterran\u00e9e, pour alterner plage et piscine<\/li><li>\u00c0 la montagne, en \u00e9t\u00e9 comme en hiver<\/li><li>\u00c0 la campagne, pour des s\u00e9jours nature et d\u00e9tente<\/li><li>Dans des stations baln\u00e9aires anim\u00e9es ou des coins plus sauvages<\/li><\/ul><h2>Parfait pour les familles (et pour ceux qui n\u2019aiment pas faire \u00e0 manger)<\/h2><p>La pension compl\u00e8te, c\u2019est l\u2019alli\u00e9e id\u00e9ale des parents qui veulent souffler :<\/p><ul><li>Pas de corv\u00e9e cuisine<\/li><li>Des enfants ravis de choisir leur menu au buffet<\/li><li>Du temps lib\u00e9r\u00e9 pour jouer, se reposer, ou savourer un caf\u00e9 tranquille<\/li><\/ul><p>=&gt; Et c\u2019est aussi pratique pour les groupes d\u2019amis, les couples, ou ceux qui veulent ma\u00eetriser leur budget vacances d\u00e8s la r\u00e9servation.<\/p><h2>Pourquoi choisir Azureva pour vos vacances tout compris ?<\/h2><ul><li>Des villages vacances conviviaux et bien situ\u00e9s<\/li><li>Une offre claire et sans surprise, avec une vraie pension compl\u00e8te<\/li><li>Des activit\u00e9s pour tous les \u00e2ges, incluses dans le s\u00e9jour<\/li><li>Un excellent rapport qualit\u00e9-prix, toute l\u2019ann\u00e9e<\/li><li>Des \u00e9quipes \u00e0 votre \u00e9coute, dans un esprit familial<\/li><\/ul>\t\t\t\t\t\t\t\t<\/div>\n\t\t\t\t<\/div>\n\t\t\t\t<\/div>\n\t\t<div class=\"elementor-element elementor-element-66ba6ab5 e-con-full e-flex e-con e-parent\" data-id=\"66ba6ab5\" data-element_type=\"container\" data-e-type=\"container\" data-settings=\"{&quot;jet_parallax_layout_list&quot;:[]}\">\n\t\t\t\t<div class=\"elementor-element elementor-element-23b1ec0d elementor-widget elementor-widget-text-editor\" data-id=\"23b1ec0d\" data-element_type=\"widget\" data-e-type=\"widget\" data-widget_type=\"text-editor.default\">\n\t\t\t\t<div class=\"elementor-widget-container\">\n\t\t\t\t\t\t\t\t\tA lire aussi :\t\t\t\t\t\t\t\t<\/div>\n\t\t\t\t<\/div>\n\t\t\t\t<div class=\"elementor-element elementor-element-562a38df elementor-widget elementor-widget-text-editor\" data-id=\"562a38df\" data-element_type=\"widget\" data-e-type=\"widget\" data-widget_type=\"text-editor.default\">\n\t\t\t\t<div class=\"elementor-widget-container\">\n\t\t\t\t\t\t\t\t\t<a href=\"https:\/\/www.azureva-vacances.com\/fr\/destinations\/location-vacances-en-france\/location-vacances-club-enfant\/\"><span data-sheets-root=\"1\">Location de vacances avec club enfant<\/span><\/a> \t\t\t\t\t\t\t\t<\/div>\n\t\t\t\t<\/div>\n\t\t\t\t<div class=\"elementor-element elementor-element-396993ec elementor-widget elementor-widget-text-editor\" data-id=\"396993ec\" data-element_type=\"widget\" data-e-type=\"widget\" data-widget_type=\"text-editor.default\">\n\t\t\t\t<div class=\"elementor-widget-container\">\n\t\t\t\t\t\t\t\t\t<a href=\"https:\/\/www.azureva-vacances.com\/fr\/destinations\/location-vacances-en-france\/location-vacances-bretagne\/\"><span data-sheets-root=\"1\">Location de vacances Bretagne<\/span><\/a> \t\t\t\t\t\t\t\t<\/div>\n\t\t\t\t<\/div>\n\t\t\t\t<div class=\"elementor-element elementor-element-1164ed67 elementor-widget elementor-widget-text-editor\" data-id=\"1164ed67\" data-element_type=\"widget\" data-e-type=\"widget\" data-widget_type=\"text-editor.default\">\n\t\t\t\t<div class=\"elementor-widget-container\">\n\t\t\t\t\t\t\t\t\t<a href=\"https:\/\/www.azureva-vacances.com\/fr\/destinations\/location-vacances-en-france\/location-vacances-jura\/\"><span data-sheets-root=\"1\">Location de vacances dans le Jura<\/span><\/a> \t\t\t\t\t\t\t\t<\/div>\n\t\t\t\t<\/div>\n\t\t\t\t<div class=\"elementor-element elementor-element-5eb05dd elementor-widget elementor-widget-text-editor\" data-id=\"5eb05dd\" data-element_type=\"widget\" data-e-type=\"widget\" data-widget_type=\"text-editor.default\">\n\t\t\t\t<div class=\"elementor-widget-container\">\n\t\t\t\t\t\t\t\t\t<a href=\"https:\/\/www.azureva-vacances.com\/fr\/destinations\/location-vacances-en-france\/location-vacances-massif-central\/\"><span data-sheets-root=\"1\">Location de vacances dans le Massif Central<\/span><\/a> \t\t\t\t\t\t\t\t<\/div>\n\t\t\t\t<\/div>\n\t\t\t\t<div class=\"elementor-element elementor-element-ee38bba elementor-widget elementor-widget-text-editor\" data-id=\"ee38bba\" data-element_type=\"widget\" data-e-type=\"widget\" data-widget_type=\"text-editor.default\">\n\t\t\t\t<div class=\"elementor-widget-container\">\n\t\t\t\t\t\t\t\t\t<a href=\"https:\/\/www.azureva-vacances.com\/fr\/destinations\/location-vacances-en-france\/location-vacances-var\/\"><span data-sheets-root=\"1\">Location de vacances dans le Var<\/span><\/a> \t\t\t\t\t\t\t\t<\/div>\n\t\t\t\t<\/div>\n\t\t\t\t<div class=\"elementor-element elementor-element-a0dec9a elementor-widget elementor-widget-text-editor\" data-id=\"a0dec9a\" data-element_type=\"widget\" data-e-type=\"widget\" data-widget_type=\"text-editor.default\">\n\t\t\t\t<div class=\"elementor-widget-container\">\n\t\t\t\t\t\t\t\t\t<a href=\"https:\/\/www.azureva-vacances.com\/fr\/destinations\/location-vacances-en-france\/location-vacances-alpes\/\"><span data-sheets-root=\"1\">Location de vacances dans les Alpes<\/span><\/a> \t\t\t\t\t\t\t\t<\/div>\n\t\t\t\t<\/div>\n\t\t\t\t<div class=\"elementor-element elementor-element-c9fc16e elementor-widget elementor-widget-text-editor\" data-id=\"c9fc16e\" data-element_type=\"widget\" data-e-type=\"widget\" data-widget_type=\"text-editor.default\">\n\t\t\t\t<div class=\"elementor-widget-container\">\n\t\t\t\t\t\t\t\t\t<a href=\"https:\/\/www.azureva-vacances.com\/fr\/destinations\/location-vacances-en-france\/location-vacances-landes\/\"><span data-sheets-root=\"1\">Location de vacances dans les Landes<\/span><\/a> \t\t\t\t\t\t\t\t<\/div>\n\t\t\t\t<\/div>\n\t\t\t\t<div class=\"elementor-element elementor-element-dee2a21 elementor-widget elementor-widget-text-editor\" data-id=\"dee2a21\" data-element_type=\"widget\" data-e-type=\"widget\" data-widget_type=\"text-editor.default\">\n\t\t\t\t<div class=\"elementor-widget-container\">\n\t\t\t\t\t\t\t\t\t<a href=\"https:\/\/www.azureva-vacances.com\/fr\/destinations\/location-vacances-en-france\/location-vacances-pyrenees\/\"><span data-sheets-root=\"1\">Location de vacances dans les Pyr\u00e9n\u00e9es<\/span><\/a> \t\t\t\t\t\t\t\t<\/div>\n\t\t\t\t<\/div>\n\t\t\t\t<div class=\"elementor-element elementor-element-e4c4de1 elementor-widget elementor-widget-text-editor\" data-id=\"e4c4de1\" data-element_type=\"widget\" data-e-type=\"widget\" data-widget_type=\"text-editor.default\">\n\t\t\t\t<div class=\"elementor-widget-container\">\n\t\t\t\t\t\t\t\t\t<a href=\"https:\/\/www.azureva-vacances.com\/fr\/destinations\/location-vacances-en-france\/location-vacances-aquitaine\/\"><span data-sheets-root=\"1\">Location de vacances en Aquitaine<\/span><\/a> \t\t\t\t\t\t\t\t<\/div>\n\t\t\t\t<\/div>\n\t\t\t\t<div class=\"elementor-element elementor-element-eada271 elementor-widget elementor-widget-text-editor\" data-id=\"eada271\" data-element_type=\"widget\" data-e-type=\"widget\" data-widget_type=\"text-editor.default\">\n\t\t\t\t<div class=\"elementor-widget-container\">\n\t\t\t\t\t\t\t\t\t<a href=\"https:\/\/www.azureva-vacances.com\/fr\/destinations\/location-vacances-en-france\/location-vacances-haute-savoie\/\"><span data-sheets-root=\"1\">Location de vacances en Haute Savoie<\/span><\/a> \t\t\t\t\t\t\t\t<\/div>\n\t\t\t\t<\/div>\n\t\t\t\t<div class=\"elementor-element elementor-element-11bbb39 elementor-widget elementor-widget-text-editor\" data-id=\"11bbb39\" data-element_type=\"widget\" data-e-type=\"widget\" data-widget_type=\"text-editor.default\">\n\t\t\t\t<div class=\"elementor-widget-container\">\n\t\t\t\t\t\t\t\t\t<a href=\"https:\/\/www.azureva-vacances.com\/fr\/destinations\/location-vacances-en-france\/location-vacances-languedoc-roussillon\/\"><span data-sheets-root=\"1\">Location de vacances en Languedoc<\/span><\/a> \t\t\t\t\t\t\t\t<\/div>\n\t\t\t\t<\/div>\n\t\t\t\t<div class=\"elementor-element elementor-element-5d42e4d elementor-widget elementor-widget-text-editor\" data-id=\"5d42e4d\" data-element_type=\"widget\" data-e-type=\"widget\" data-widget_type=\"text-editor.default\">\n\t\t\t\t<div class=\"elementor-widget-container\">\n\t\t\t\t\t\t\t\t\t<a href=\"https:\/\/www.azureva-vacances.com\/fr\/destinations\/location-vacances-en-france\/location-vacances-mediterranee\/\"><span data-sheets-root=\"1\">Location de vacances en M\u00e9diterran\u00e9e<\/span><\/a> \t\t\t\t\t\t\t\t<\/div>\n\t\t\t\t<\/div>\n\t\t\t\t<div class=\"elementor-element elementor-element-e57ac25 elementor-widget elementor-widget-text-editor\" data-id=\"e57ac25\" data-element_type=\"widget\" data-e-type=\"widget\" data-widget_type=\"text-editor.default\">\n\t\t\t\t<div class=\"elementor-widget-container\">\n\t\t\t\t\t\t\t\t\t<a href=\"https:\/\/www.azureva-vacances.com\/fr\/destinations\/location-vacances-en-france\/location-vacances-provence\/\"><span data-sheets-root=\"1\">Location de vacances en Provence<\/span><\/a> \t\t\t\t\t\t\t\t<\/div>\n\t\t\t\t<\/div>\n\t\t\t\t<div class=\"elementor-element elementor-element-45ff969 elementor-widget elementor-widget-text-editor\" data-id=\"45ff969\" data-element_type=\"widget\" data-e-type=\"widget\" data-widget_type=\"text-editor.default\">\n\t\t\t\t<div class=\"elementor-widget-container\">\n\t\t\t\t\t\t\t\t\t<a href=\"https:\/\/www.azureva-vacances.com\/fr\/destinations\/location-vacances-en-france\/location-vacances-savoie\/\"><span data-sheets-root=\"1\">Location de vacances en Savoie<\/span><\/a> \t\t\t\t\t\t\t\t<\/div>\n\t\t\t\t<\/div>\n\t\t\t\t<div class=\"elementor-element elementor-element-a968cb0 elementor-widget elementor-widget-text-editor\" data-id=\"a968cb0\" data-element_type=\"widget\" data-e-type=\"widget\" data-widget_type=\"text-editor.default\">\n\t\t\t\t<div class=\"elementor-widget-container\">\n\t\t\t\t\t\t\t\t\t<a href=\"https:\/\/www.azureva-vacances.com\/fr\/destinations\/location-vacances-en-france\/location-vacances-menton\/\"><span data-sheets-root=\"1\">Location de vacances Menton<\/span><\/a> \t\t\t\t\t\t\t\t<\/div>\n\t\t\t\t<\/div>\n\t\t\t\t<div class=\"elementor-element elementor-element-59fa6ef elementor-widget elementor-widget-text-editor\" data-id=\"59fa6ef\" data-element_type=\"widget\" data-e-type=\"widget\" data-widget_type=\"text-editor.default\">\n\t\t\t\t<div class=\"elementor-widget-container\">\n\t\t\t\t\t\t\t\t\t<a href=\"https:\/\/www.azureva-vacances.com\/fr\/destinations\/location-vacances-en-france\/location-vacances-cote-d-azur\/\"><span data-sheets-root=\"1\">Location de vacances sur la C\u00f4te d\u2019Azur<\/span><\/a> \t\t\t\t\t\t\t\t<\/div>\n\t\t\t\t<\/div>\n\t\t\t\t<div class=\"elementor-element elementor-element-012dfe6 elementor-widget elementor-widget-text-editor\" data-id=\"012dfe6\" data-element_type=\"widget\" data-e-type=\"widget\" data-widget_type=\"text-editor.default\">\n\t\t\t\t<div class=\"elementor-widget-container\">\n\t\t\t\t\t\t\t\t\t<a href=\"https:\/\/www.azureva-vacances.com\/fr\/destinations\/location-vacances-en-france\/location-maison-vacances\/\"><span data-sheets-root=\"1\">Location maison vacances<\/span><\/a> \t\t\t\t\t\t\t\t<\/div>\n\t\t\t\t<\/div>\n\t\t\t\t<div class=\"elementor-element elementor-element-be94b89 elementor-widget elementor-widget-text-editor\" data-id=\"be94b89\" data-element_type=\"widget\" data-e-type=\"widget\" data-widget_type=\"text-editor.default\">\n\t\t\t\t<div class=\"elementor-widget-container\">\n\t\t\t\t\t\t\t\t\t<a href=\"https:\/\/www.azureva-vacances.com\/fr\/destinations\/location-vacances-en-france\/location-vacances-jour-de-l-an\/\"><span data-sheets-root=\"1\">Location de vacances jour de l&#8217;an<\/span><\/a> \t\t\t\t\t\t\t\t<\/div>\n\t\t\t\t<\/div>\n\t\t\t\t<div class=\"elementor-element elementor-element-2e322d3 elementor-widget elementor-widget-text-editor\" data-id=\"2e322d3\" data-element_type=\"widget\" data-e-type=\"widget\" data-widget_type=\"text-editor.default\">\n\t\t\t\t<div class=\"elementor-widget-container\">\n\t\t\t\t\t\t\t\t\t<a href=\"https:\/\/www.azureva-vacances.com\/fr\/destinations\/location-vacances-en-france\/hebergements-vacances-alpes-maritimes\/\"><span data-sheets-root=\"1\">H\u00e9bergements de vacances dans les Alpes-Maritimes<\/span><\/a> \t\t\t\t\t\t\t\t<\/div>\n\t\t\t\t<\/div>\n\t\t\t\t<div class=\"elementor-element elementor-element-52a2e0b elementor-widget elementor-widget-text-editor\" data-id=\"52a2e0b\" data-element_type=\"widget\" data-e-type=\"widget\" data-widget_type=\"text-editor.default\">\n\t\t\t\t<div class=\"elementor-widget-container\">\n\t\t\t\t\t\t\t\t\t<a href=\"https:\/\/www.azureva-vacances.com\/fr\/destinations\/que-faire-en-vacances-en-france\/que-faire-en-vacances-anglet\/\"><span data-sheets-root=\"1\">Que faire en vacances \u00e0 Anglet ?<\/span><\/a> \t\t\t\t\t\t\t\t<\/div>\n\t\t\t\t<\/div>\n\t\t\t\t<div class=\"elementor-element elementor-element-865ad41 elementor-widget elementor-widget-text-editor\" data-id=\"865ad41\" data-element_type=\"widget\" data-e-type=\"widget\" data-widget_type=\"text-editor.default\">\n\t\t\t\t<div class=\"elementor-widget-container\">\n\t\t\t\t\t\t\t\t\t<a href=\"https:\/\/www.azureva-vacances.com\/fr\/destinations\/que-faire-en-vacances-en-france\/que-faire-vacances-fouras\/\"><span data-sheets-root=\"1\">Que faire en vacances \u00e0 Fouras ?<\/span><\/a> \t\t\t\t\t\t\t\t<\/div>\n\t\t\t\t<\/div>\n\t\t\t\t<div class=\"elementor-element elementor-element-3c3063c elementor-widget elementor-widget-text-editor\" data-id=\"3c3063c\" data-element_type=\"widget\" data-e-type=\"widget\" data-widget_type=\"text-editor.default\">\n\t\t\t\t<div class=\"elementor-widget-container\">\n\t\t\t\t\t\t\t\t\t<a href=\"https:\/\/www.azureva-vacances.com\/fr\/destinations\/que-faire-en-vacances-en-france\/que-faire-vacances-kerjouanno\/\"><span data-sheets-root=\"1\">Que faire en vacances \u00e0 kerjouanno ?<\/span><\/a> \t\t\t\t\t\t\t\t<\/div>\n\t\t\t\t<\/div>\n\t\t\t\t<div class=\"elementor-element elementor-element-8ed603b elementor-widget elementor-widget-text-editor\" data-id=\"8ed603b\" data-element_type=\"widget\" data-e-type=\"widget\" data-widget_type=\"text-editor.default\">\n\t\t\t\t<div class=\"elementor-widget-container\">\n\t\t\t\t\t\t\t\t\t<a href=\"https:\/\/www.azureva-vacances.com\/fr\/destinations\/que-faire-en-vacances-en-france\/que-faire-vacances-la-clusaz\/\"><span data-sheets-root=\"1\">Que faire en vacances \u00e0 la Clusaz ?<\/span><\/a> \t\t\t\t\t\t\t\t<\/div>\n\t\t\t\t<\/div>\n\t\t\t\t<div class=\"elementor-element elementor-element-4a278ca elementor-widget elementor-widget-text-editor\" data-id=\"4a278ca\" data-element_type=\"widget\" data-e-type=\"widget\" data-widget_type=\"text-editor.default\">\n\t\t\t\t<div class=\"elementor-widget-container\">\n\t\t\t\t\t\t\t\t\t<a href=\"https:\/\/www.azureva-vacances.com\/fr\/destinations\/que-faire-en-vacances-en-france\/que-faire-vacances-la-mongie\/\"><span data-sheets-root=\"1\">Que faire en vacances \u00e0 La Mongie ?<\/span><\/a> \t\t\t\t\t\t\t\t<\/div>\n\t\t\t\t<\/div>\n\t\t\t\t<div class=\"elementor-element elementor-element-2ba7465 elementor-widget elementor-widget-text-editor\" data-id=\"2ba7465\" data-element_type=\"widget\" data-e-type=\"widget\" data-widget_type=\"text-editor.default\">\n\t\t\t\t<div class=\"elementor-widget-container\">\n\t\t\t\t\t\t\t\t\t<a href=\"https:\/\/www.azureva-vacances.com\/fr\/destinations\/que-faire-en-vacances-en-france\/que-faire-vacances-lacanau-ocan\/\"><span data-sheets-root=\"1\">Que faire en vacances \u00e0 Lacanau Oc\u00e9an ?<\/span><\/a> \t\t\t\t\t\t\t\t<\/div>\n\t\t\t\t<\/div>\n\t\t\t\t<div class=\"elementor-element elementor-element-03b2fff elementor-widget elementor-widget-text-editor\" data-id=\"03b2fff\" data-element_type=\"widget\" data-e-type=\"widget\" data-widget_type=\"text-editor.default\">\n\t\t\t\t<div class=\"elementor-widget-container\">\n\t\t\t\t\t\t\t\t\t<a href=\"https:\/\/www.azureva-vacances.com\/fr\/destinations\/que-faire-en-vacances-en-france\/que-faire-en-vacances-murol\/\"><span data-sheets-root=\"1\">Que faire en vacances \u00e0 Murol ?<\/span><\/a> \t\t\t\t\t\t\t\t<\/div>\n\t\t\t\t<\/div>\n\t\t\t\t<div class=\"elementor-element elementor-element-f7d7654 elementor-widget elementor-widget-text-editor\" data-id=\"f7d7654\" data-element_type=\"widget\" data-e-type=\"widget\" data-widget_type=\"text-editor.default\">\n\t\t\t\t<div class=\"elementor-widget-container\">\n\t\t\t\t\t\t\t\t\t<a href=\"https:\/\/www.azureva-vacances.com\/fr\/destinations\/que-faire-en-vacances-en-france\/que-faire-en-vacances-ronce-les-bains\/\"><span data-sheets-root=\"1\">Que faire en vacances \u00e0 Ronce-les-Bains ?<\/span><\/a> \t\t\t\t\t\t\t\t<\/div>\n\t\t\t\t<\/div>\n\t\t\t\t<div class=\"elementor-element elementor-element-a8d2dd0 elementor-widget elementor-widget-text-editor\" data-id=\"a8d2dd0\" data-element_type=\"widget\" data-e-type=\"widget\" data-widget_type=\"text-editor.default\">\n\t\t\t\t<div class=\"elementor-widget-container\">\n\t\t\t\t\t\t\t\t\t<a href=\"https:\/\/www.azureva-vacances.com\/fr\/destinations\/que-faire-en-vacances-en-france\/que-faire-en-vacances-saint-cyprien\/\"><span data-sheets-root=\"1\">Que faire en vacances \u00e0 Saint-Cyprien ?<\/span><\/a> \t\t\t\t\t\t\t\t<\/div>\n\t\t\t\t<\/div>\n\t\t\t\t<div class=\"elementor-element elementor-element-22474aa elementor-widget elementor-widget-text-editor\" data-id=\"22474aa\" data-element_type=\"widget\" data-e-type=\"widget\" data-widget_type=\"text-editor.default\">\n\t\t\t\t<div class=\"elementor-widget-container\">\n\t\t\t\t\t\t\t\t\t<a href=\"https:\/\/www.azureva-vacances.com\/fr\/destinations\/que-faire-en-vacances-en-france\/que-faire-en-vacances-super-besse\/\"><span data-sheets-root=\"1\">Que faire en vacances \u00e0 Super Besse ?<\/span><\/a> \t\t\t\t\t\t\t\t<\/div>\n\t\t\t\t<\/div>\n\t\t\t\t<div class=\"elementor-element elementor-element-22a97ba elementor-widget elementor-widget-text-editor\" data-id=\"22a97ba\" data-element_type=\"widget\" data-e-type=\"widget\" data-widget_type=\"text-editor.default\">\n\t\t\t\t<div class=\"elementor-widget-container\">\n\t\t\t\t\t\t\t\t\t<a href=\"https:\/\/www.azureva-vacances.com\/fr\/destinations\/que-faire-en-vacances-en-france\/que-faire-en-vacances-cap-d-agde\/\"><span data-sheets-root=\"1\">Que faire en vacances au Cap d\u2019Agde ?<\/span><\/a> \t\t\t\t\t\t\t\t<\/div>\n\t\t\t\t<\/div>\n\t\t\t\t<div class=\"elementor-element elementor-element-3cca5fd elementor-widget elementor-widget-text-editor\" data-id=\"3cca5fd\" data-element_type=\"widget\" data-e-type=\"widget\" data-widget_type=\"text-editor.default\">\n\t\t\t\t<div class=\"elementor-widget-container\">\n\t\t\t\t\t\t\t\t\t<a href=\"https:\/\/www.azureva-vacances.com\/fr\/destinations\/que-faire-en-vacances-en-france\/que-faire-en-vacances-grau-du-roi\/\"><span data-sheets-root=\"1\">Que faire en vacances au Grau-du-Roi ?<\/span><\/a> \t\t\t\t\t\t\t\t<\/div>\n\t\t\t\t<\/div>\n\t\t\t\t<div class=\"elementor-element elementor-element-dbc48e6 elementor-widget elementor-widget-text-editor\" data-id=\"dbc48e6\" data-element_type=\"widget\" data-e-type=\"widget\" data-widget_type=\"text-editor.default\">\n\t\t\t\t<div class=\"elementor-widget-container\">\n\t\t\t\t\t\t\t\t\t<a href=\"https:\/\/www.azureva-vacances.com\/fr\/destinations\/que-faire-en-vacances-en-france\/que-faire-ile-d-oleron\/\"><span data-sheets-root=\"1\">Que faire \u00e0 l&#8217;\u00eele d&#8217;Ol\u00e9ron ?<\/span><\/a> \t\t\t\t\t\t\t\t<\/div>\n\t\t\t\t<\/div>\n\t\t\t\t<div class=\"elementor-element elementor-element-5c6a539 elementor-widget elementor-widget-text-editor\" data-id=\"5c6a539\" data-element_type=\"widget\" data-e-type=\"widget\" data-widget_type=\"text-editor.default\">\n\t\t\t\t<div class=\"elementor-widget-container\">\n\t\t\t\t\t\t\t\t\t<a href=\"https:\/\/www.azureva-vacances.com\/fr\/destinations\/que-faire-en-vacances-en-france\/que-faire-vacances-areches-beaufort\/\"><span data-sheets-root=\"1\">Que faire en vacances \u00e0 Ar\u00eaches-Beaufort ?<\/span><\/a> \t\t\t\t\t\t\t\t<\/div>\n\t\t\t\t<\/div>\n\t\t\t\t<div class=\"elementor-element elementor-element-16bdd2e elementor-widget elementor-widget-text-editor\" data-id=\"16bdd2e\" data-element_type=\"widget\" data-e-type=\"widget\" data-widget_type=\"text-editor.default\">\n\t\t\t\t<div class=\"elementor-widget-container\">\n\t\t\t\t\t\t\t\t\t<a href=\"https:\/\/www.azureva-vacances.com\/fr\/destinations\/que-faire-en-vacances-en-france\/que-faire-vacances-argeles-sur-mer\/\"><span data-sheets-root=\"1\">Que faire en vacances \u00e0 Argel\u00e8s-sur-Mer ?<\/span><\/a> \t\t\t\t\t\t\t\t<\/div>\n\t\t\t\t<\/div>\n\t\t\t\t<div class=\"elementor-element elementor-element-5d2f6b2 elementor-widget elementor-widget-text-editor\" data-id=\"5d2f6b2\" data-element_type=\"widget\" data-e-type=\"widget\" data-widget_type=\"text-editor.default\">\n\t\t\t\t<div class=\"elementor-widget-container\">\n\t\t\t\t\t\t\t\t\t<a href=\"https:\/\/www.azureva-vacances.com\/fr\/destinations\/que-faire-en-vacances-en-france\/que-faire-vacances-hendaye\/\"><span data-sheets-root=\"1\">Que faire en vacances \u00e0 Hendaye ?<\/span><\/a> \t\t\t\t\t\t\t\t<\/div>\n\t\t\t\t<\/div>\n\t\t\t\t<div class=\"elementor-element elementor-element-d073def elementor-widget elementor-widget-text-editor\" data-id=\"d073def\" data-element_type=\"widget\" data-e-type=\"widget\" data-widget_type=\"text-editor.default\">\n\t\t\t\t<div class=\"elementor-widget-container\">\n\t\t\t\t\t\t\t\t\t<a href=\"https:\/\/www.azureva-vacances.com\/fr\/destinations\/que-faire-en-vacances-en-france\/que-faire-vacances-hossegor\/\"><span data-sheets-root=\"1\">Que faire en vacances \u00e0 Hossegor ?<\/span><\/a> \t\t\t\t\t\t\t\t<\/div>\n\t\t\t\t<\/div>\n\t\t\t\t<div class=\"elementor-element elementor-element-69ebad2 elementor-widget elementor-widget-text-editor\" data-id=\"69ebad2\" data-element_type=\"widget\" data-e-type=\"widget\" data-widget_type=\"text-editor.default\">\n\t\t\t\t<div class=\"elementor-widget-container\">\n\t\t\t\t\t\t\t\t\t<a href=\"https:\/\/www.azureva-vacances.com\/fr\/destinations\/que-faire-en-vacances-en-france\/que-faire-en-vacances-aux-menuires\/\"><span data-sheets-root=\"1\">Que faire en vacances aux Menuires ?<\/span><\/a> \t\t\t\t\t\t\t\t<\/div>\n\t\t\t\t<\/div>\n\t\t\t\t<div class=\"elementor-element elementor-element-d9cbfbf elementor-widget elementor-widget-text-editor\" data-id=\"d9cbfbf\" data-element_type=\"widget\" data-e-type=\"widget\" data-widget_type=\"text-editor.default\">\n\t\t\t\t<div class=\"elementor-widget-container\">\n\t\t\t\t\t\t\t\t\t<a href=\"https:\/\/www.azureva-vacances.com\/fr\/destinations\/que-faire-en-vacances-en-france\/que-faire-vacances-herault\/\"><span data-sheets-root=\"1\">Que faire en vacances dans l&#8217;H\u00e9rault ?<\/span><\/a> \t\t\t\t\t\t\t\t<\/div>\n\t\t\t\t<\/div>\n\t\t\t\t<div class=\"elementor-element elementor-element-ce0bf20 elementor-widget elementor-widget-text-editor\" data-id=\"ce0bf20\" data-element_type=\"widget\" data-e-type=\"widget\" data-widget_type=\"text-editor.default\">\n\t\t\t\t<div class=\"elementor-widget-container\">\n\t\t\t\t\t\t\t\t\t<a href=\"https:\/\/www.azureva-vacances.com\/fr\/destinations\/que-faire-en-vacances-en-france\/que-faire-vacances-doubs\/\"><span data-sheets-root=\"1\">Que faire en vacances dans le Doubs ?<\/span><\/a> \t\t\t\t\t\t\t\t<\/div>\n\t\t\t\t<\/div>\n\t\t\t\t<div class=\"elementor-element elementor-element-db66e17 elementor-widget elementor-widget-text-editor\" data-id=\"db66e17\" data-element_type=\"widget\" data-e-type=\"widget\" data-widget_type=\"text-editor.default\">\n\t\t\t\t<div class=\"elementor-widget-container\">\n\t\t\t\t\t\t\t\t\t<a href=\"https:\/\/www.azureva-vacances.com\/fr\/destinations\/que-faire-en-vacances-en-france\/que-faire-vacances-finistere\/\"><span data-sheets-root=\"1\">Que faire en vacances dans le Finist\u00e8re ?<\/span><\/a> \t\t\t\t\t\t\t\t<\/div>\n\t\t\t\t<\/div>\n\t\t\t\t<div class=\"elementor-element elementor-element-025f309 elementor-widget elementor-widget-text-editor\" data-id=\"025f309\" data-element_type=\"widget\" data-e-type=\"widget\" data-widget_type=\"text-editor.default\">\n\t\t\t\t<div class=\"elementor-widget-container\">\n\t\t\t\t\t\t\t\t\t<a href=\"https:\/\/www.azureva-vacances.com\/fr\/destinations\/location-vacances-en-france\/location-vacances-languedoc-roussillon\/\"><span data-sheets-root=\"1\">Que faire en vacances dans le Languedoc-Roussillon ?<\/span><\/a>\t\t\t\t\t\t\t\t<\/div>\n\t\t\t\t<\/div>\n\t\t\t\t<div class=\"elementor-element elementor-element-ff6ff16 elementor-widget elementor-widget-text-editor\" data-id=\"ff6ff16\" data-element_type=\"widget\" data-e-type=\"widget\" data-widget_type=\"text-editor.default\">\n\t\t\t\t<div class=\"elementor-widget-container\">\n\t\t\t\t\t\t\t\t\t<a href=\"https:\/\/www.azureva-vacances.com\/fr\/destinations\/que-faire-en-vacances-en-france\/que-faire-vacances-massif-central\/\"><span data-sheets-root=\"1\">Que faire en vacances dans le Massif Central ?<\/span><\/a> \t\t\t\t\t\t\t\t<\/div>\n\t\t\t\t<\/div>\n\t\t\t\t<div class=\"elementor-element elementor-element-9deec0f elementor-widget elementor-widget-text-editor\" data-id=\"9deec0f\" data-element_type=\"widget\" data-e-type=\"widget\" data-widget_type=\"text-editor.default\">\n\t\t\t\t<div class=\"elementor-widget-container\">\n\t\t\t\t\t\t\t\t\t<a href=\"https:\/\/www.azureva-vacances.com\/fr\/destinations\/que-faire-en-vacances-en-france\/que-faire-vacances-pays-basque\/\"><span data-sheets-root=\"1\">Que faire en vacances dans le Pays basque ?<\/span><\/a> \t\t\t\t\t\t\t\t<\/div>\n\t\t\t\t<\/div>\n\t\t\t\t<div class=\"elementor-element elementor-element-d45deaa elementor-widget elementor-widget-text-editor\" data-id=\"d45deaa\" data-element_type=\"widget\" data-e-type=\"widget\" data-widget_type=\"text-editor.default\">\n\t\t\t\t<div class=\"elementor-widget-container\">\n\t\t\t\t\t\t\t\t\t<a href=\"https:\/\/www.azureva-vacances.com\/fr\/destinations\/que-faire-en-vacances-en-france\/que-faire-vacances-puy-de-dome\/\"><span data-sheets-root=\"1\">Que faire en vacances dans le Puy-de-D\u00f4me ?<\/span><\/a> \t\t\t\t\t\t\t\t<\/div>\n\t\t\t\t<\/div>\n\t\t\t\t<div class=\"elementor-element elementor-element-1fb747e elementor-widget elementor-widget-text-editor\" data-id=\"1fb747e\" data-element_type=\"widget\" data-e-type=\"widget\" data-widget_type=\"text-editor.default\">\n\t\t\t\t<div class=\"elementor-widget-container\">\n\t\t\t\t\t\t\t\t\t<a href=\"https:\/\/www.azureva-vacances.com\/fr\/destinations\/que-faire-en-vacances-en-france\/que-faire-vacances-var\/\"><span data-sheets-root=\"1\">Que faire en vacances dans le Var ?<\/span><\/a> \t\t\t\t\t\t\t\t<\/div>\n\t\t\t\t<\/div>\n\t\t\t\t<div class=\"elementor-element elementor-element-8dfd1ee elementor-widget elementor-widget-text-editor\" data-id=\"8dfd1ee\" data-element_type=\"widget\" data-e-type=\"widget\" data-widget_type=\"text-editor.default\">\n\t\t\t\t<div class=\"elementor-widget-container\">\n\t\t\t\t\t\t\t\t\t<a href=\"https:\/\/www.azureva-vacances.com\/fr\/destinations\/que-faire-en-vacances-en-france\/que-faire-vacances-alpes\/\"><span data-sheets-root=\"1\">Que faire en vacances dans les Alpes ?<\/span><\/a> \t\t\t\t\t\t\t\t<\/div>\n\t\t\t\t<\/div>\n\t\t\t\t<div class=\"elementor-element elementor-element-3fd1f46 elementor-widget elementor-widget-text-editor\" data-id=\"3fd1f46\" data-element_type=\"widget\" data-e-type=\"widget\" data-widget_type=\"text-editor.default\">\n\t\t\t\t<div class=\"elementor-widget-container\">\n\t\t\t\t\t\t\t\t\t<a href=\"https:\/\/www.azureva-vacances.com\/fr\/destinations\/que-faire-en-vacances-en-france\/que-faire-vacances-alpes-maritimes\/\"><span data-sheets-root=\"1\">Que faire en vacances dans les Alpes-Maritimes ?<\/span><\/a> \t\t\t\t\t\t\t\t<\/div>\n\t\t\t\t<\/div>\n\t\t\t\t<div class=\"elementor-element elementor-element-e5d341e elementor-widget elementor-widget-text-editor\" data-id=\"e5d341e\" data-element_type=\"widget\" data-e-type=\"widget\" data-widget_type=\"text-editor.default\">\n\t\t\t\t<div class=\"elementor-widget-container\">\n\t\t\t\t\t\t\t\t\t<a href=\"https:\/\/www.azureva-vacances.com\/fr\/destinations\/que-faire-en-vacances-en-france\/que-faire-vacances-landes\/\"><span data-sheets-root=\"1\">Que faire en vacances dans les Landes ?<\/span><\/a> \t\t\t\t\t\t\t\t<\/div>\n\t\t\t\t<\/div>\n\t\t\t\t<div class=\"elementor-element elementor-element-ed0e2de elementor-widget elementor-widget-text-editor\" data-id=\"ed0e2de\" data-element_type=\"widget\" data-e-type=\"widget\" data-widget_type=\"text-editor.default\">\n\t\t\t\t<div class=\"elementor-widget-container\">\n\t\t\t\t\t\t\t\t\t<a href=\"https:\/\/www.azureva-vacances.com\/fr\/destinations\/que-faire-en-vacances-en-france\/que-faire-vacances-pyrenees-atlantiques\/\"><span data-sheets-root=\"1\">Que faire en vacances dans les Pyr\u00e9n\u00e9es-Atlantiques ?<\/span><\/a> \t\t\t\t\t\t\t\t<\/div>\n\t\t\t\t<\/div>\n\t\t\t\t<div class=\"elementor-element elementor-element-f910791 elementor-widget elementor-widget-text-editor\" data-id=\"f910791\" data-element_type=\"widget\" data-e-type=\"widget\" data-widget_type=\"text-editor.default\">\n\t\t\t\t<div class=\"elementor-widget-container\">\n\t\t\t\t\t\t\t\t\t<a href=\"https:\/\/www.azureva-vacances.com\/fr\/destinations\/que-faire-en-vacances-en-france\/que-faire-vacances-vosges\/\"><span data-sheets-root=\"1\">Que faire en vacances dans les Vosges ?<\/span><\/a> \t\t\t\t\t\t\t\t<\/div>\n\t\t\t\t<\/div>\n\t\t\t\t<div class=\"elementor-element elementor-element-5fa24f3 elementor-widget elementor-widget-text-editor\" data-id=\"5fa24f3\" data-element_type=\"widget\" data-e-type=\"widget\" data-widget_type=\"text-editor.default\">\n\t\t\t\t<div class=\"elementor-widget-container\">\n\t\t\t\t\t\t\t\t\t<a href=\"https:\/\/www.azureva-vacances.com\/fr\/destinations\/que-faire-en-vacances-en-france\/que-faire-vacances-gironde\/\"><span data-sheets-root=\"1\">Que faire en vacances en Gironde ?<\/span><\/a> \t\t\t\t\t\t\t\t<\/div>\n\t\t\t\t<\/div>\n\t\t\t\t<div class=\"elementor-element elementor-element-3fadbba elementor-widget elementor-widget-text-editor\" data-id=\"3fadbba\" data-element_type=\"widget\" data-e-type=\"widget\" data-widget_type=\"text-editor.default\">\n\t\t\t\t<div class=\"elementor-widget-container\">\n\t\t\t\t\t\t\t\t\t<a href=\"https:\/\/www.azureva-vacances.com\/fr\/destinations\/que-faire-en-vacances-en-france\/que-faire-vacances-haute-savoie\/\"><span data-sheets-root=\"1\">Que faire en vacances en Haute-Savoie ?<\/span><\/a> \t\t\t\t\t\t\t\t<\/div>\n\t\t\t\t<\/div>\n\t\t\t\t<div class=\"elementor-element elementor-element-90d2c8e elementor-widget elementor-widget-text-editor\" data-id=\"90d2c8e\" data-element_type=\"widget\" data-e-type=\"widget\" data-widget_type=\"text-editor.default\">\n\t\t\t\t<div class=\"elementor-widget-container\">\n\t\t\t\t\t\t\t\t\t<a href=\"https:\/\/www.azureva-vacances.com\/fr\/destinations\/que-faire-en-vacances-en-france\/que-faire-vacances-loire-atlantique\/\"><span data-sheets-root=\"1\">Que faire en vacances en Loire-Atlantique ?<\/span><\/a> \t\t\t\t\t\t\t\t<\/div>\n\t\t\t\t<\/div>\n\t\t\t\t<div class=\"elementor-element elementor-element-49ec164 elementor-widget elementor-widget-text-editor\" data-id=\"49ec164\" data-element_type=\"widget\" data-e-type=\"widget\" data-widget_type=\"text-editor.default\">\n\t\t\t\t<div class=\"elementor-widget-container\">\n\t\t\t\t\t\t\t\t\t<a href=\"https:\/\/www.azureva-vacances.com\/fr\/destinations\/que-faire-en-vacances-en-france\/que-faire-vacances-nouvelle-aquitaine\/\"><span data-sheets-root=\"1\">Que faire en vacances en Nouvelle-Aquitaine ?<\/span><\/a> \t\t\t\t\t\t\t\t<\/div>\n\t\t\t\t<\/div>\n\t\t\t\t<div class=\"elementor-element elementor-element-8611a21 elementor-widget elementor-widget-text-editor\" data-id=\"8611a21\" data-element_type=\"widget\" data-e-type=\"widget\" data-widget_type=\"text-editor.default\">\n\t\t\t\t<div class=\"elementor-widget-container\">\n\t\t\t\t\t\t\t\t\t<a href=\"https:\/\/www.azureva-vacances.com\/fr\/destinations\/que-faire-en-vacances-en-france\/que-faire-vacances-savoie\/\"><span data-sheets-root=\"1\">Que faire en vacances en Savoie ?<\/span><\/a> \t\t\t\t\t\t\t\t<\/div>\n\t\t\t\t<\/div>\n\t\t\t\t<div class=\"elementor-element elementor-element-635dba4 elementor-widget elementor-widget-text-editor\" data-id=\"635dba4\" data-element_type=\"widget\" data-e-type=\"widget\" data-widget_type=\"text-editor.default\">\n\t\t\t\t<div class=\"elementor-widget-container\">\n\t\t\t\t\t\t\t\t\t<a href=\"https:\/\/www.azureva-vacances.com\/fr\/destinations\/que-faire-en-vacances-en-france\/que-faire-en-vacances-vendee\/\"><span data-sheets-root=\"1\">Que faire en vacances en Vend\u00e9e ?<\/span><\/a> \t\t\t\t\t\t\t\t<\/div>\n\t\t\t\t<\/div>\n\t\t\t\t<div class=\"elementor-element elementor-element-24208e0 elementor-widget elementor-widget-text-editor\" data-id=\"24208e0\" data-element_type=\"widget\" data-e-type=\"widget\" data-widget_type=\"text-editor.default\">\n\t\t\t\t<div class=\"elementor-widget-container\">\n\t\t\t\t\t\t\t\t\t<a href=\"https:\/\/www.azureva-vacances.com\/fr\/destinations\/que-faire-en-vacances-en-france\/que-faire-vacances-hiver-jura\/\"><span data-sheets-root=\"1\">Que faire en vacances dans le Jura en Hiver ?<\/span><\/a> \t\t\t\t\t\t\t\t<\/div>\n\t\t\t\t<\/div>\n\t\t\t\t<div class=\"elementor-element elementor-element-7aedefc elementor-widget elementor-widget-text-editor\" data-id=\"7aedefc\" data-element_type=\"widget\" data-e-type=\"widget\" data-widget_type=\"text-editor.default\">\n\t\t\t\t<div class=\"elementor-widget-container\">\n\t\t\t\t\t\t\t\t\t<a href=\"https:\/\/www.azureva-vacances.com\/fr\/destinations\/que-faire-en-vacances-en-france\/que-faire-vacances-jura\/\"><span data-sheets-root=\"1\">Que faire en vacances dans le Jura ?<\/span><\/a> \t\t\t\t\t\t\t\t<\/div>\n\t\t\t\t<\/div>\n\t\t\t\t<div class=\"elementor-element elementor-element-eae6894 elementor-widget elementor-widget-text-editor\" data-id=\"eae6894\" data-element_type=\"widget\" data-e-type=\"widget\" data-widget_type=\"text-editor.default\">\n\t\t\t\t<div class=\"elementor-widget-container\">\n\t\t\t\t\t\t\t\t\t<a href=\"https:\/\/www.azureva-vacances.com\/fr\/destinations\/que-faire-en-vacances-en-france\/que-faire-vacances-gorges-du-tarn\/\"><span data-sheets-root=\"1\">Que faire en vacances dans les Gorges du Tarn ?<\/span><\/a> \t\t\t\t\t\t\t\t<\/div>\n\t\t\t\t<\/div>\n\t\t\t\t<div class=\"elementor-element elementor-element-99356cd elementor-widget elementor-widget-text-editor\" data-id=\"99356cd\" data-element_type=\"widget\" data-e-type=\"widget\" data-widget_type=\"text-editor.default\">\n\t\t\t\t<div class=\"elementor-widget-container\">\n\t\t\t\t\t\t\t\t\t<a href=\"https:\/\/www.azureva-vacances.com\/fr\/destinations\/que-faire-en-vacances-en-france\/que-faire-vacances-hautes-pyrenees-hiver\/\"><span data-sheets-root=\"1\">Que faire en vacances dans les Hautes-Pyr\u00e9n\u00e9es en Hiver ?<\/span><\/a> \t\t\t\t\t\t\t\t<\/div>\n\t\t\t\t<\/div>\n\t\t\t\t<div class=\"elementor-element elementor-element-d0f3023 elementor-widget elementor-widget-text-editor\" data-id=\"d0f3023\" data-element_type=\"widget\" data-e-type=\"widget\" data-widget_type=\"text-editor.default\">\n\t\t\t\t<div class=\"elementor-widget-container\">\n\t\t\t\t\t\t\t\t\t<a href=\"https:\/\/www.azureva-vacances.com\/fr\/destinations\/que-faire-en-vacances-en-france\/que-faire-vacances-charente-maritime\/\"><span data-sheets-root=\"1\">Que faire en vacances en Charente-Maritime ?<\/span><\/a> \t\t\t\t\t\t\t\t<\/div>\n\t\t\t\t<\/div>\n\t\t\t\t<div class=\"elementor-element elementor-element-5ac69b3 elementor-widget elementor-widget-text-editor\" data-id=\"5ac69b3\" data-element_type=\"widget\" data-e-type=\"widget\" data-widget_type=\"text-editor.default\">\n\t\t\t\t<div class=\"elementor-widget-container\">\n\t\t\t\t\t\t\t\t\t<a href=\"https:\/\/www.azureva-vacances.com\/fr\/destinations\/que-faire-en-vacances-en-france\/que-faire-vacances-ocean-atlantique\/\"><span data-sheets-root=\"1\">Que faire en vacances \u00e0 l&#8217;Oc\u00e9an Atlantique ?<\/span><\/a> \t\t\t\t\t\t\t\t<\/div>\n\t\t\t\t<\/div>\n\t\t\t\t<div class=\"elementor-element elementor-element-6fb0f39 elementor-widget elementor-widget-text-editor\" data-id=\"6fb0f39\" data-element_type=\"widget\" data-e-type=\"widget\" data-widget_type=\"text-editor.default\">\n\t\t\t\t<div class=\"elementor-widget-container\">\n\t\t\t\t\t\t\t\t\t<a href=\"https:\/\/www.azureva-vacances.com\/fr\/destinations\/que-faire-en-vacances-en-france\/que-faire-vacances-camargue\/\"><span data-sheets-root=\"1\">Que faire en vacances en Camargue ?<\/span><\/a> \t\t\t\t\t\t\t\t<\/div>\n\t\t\t\t<\/div>\n\t\t\t\t<div class=\"elementor-element elementor-element-1647bb0 elementor-widget elementor-widget-text-editor\" data-id=\"1647bb0\" data-element_type=\"widget\" data-e-type=\"widget\" data-widget_type=\"text-editor.default\">\n\t\t\t\t<div class=\"elementor-widget-container\">\n\t\t\t\t\t\t\t\t\t<a href=\"https:\/\/www.azureva-vacances.com\/fr\/destinations\/que-faire-en-vacances-en-france\/que-faire-vacances-normandie\/\"><span data-sheets-root=\"1\">Que faire en vacances en Normandie ?<\/span><\/a> \t\t\t\t\t\t\t\t<\/div>\n\t\t\t\t<\/div>\n\t\t\t\t<div class=\"elementor-element elementor-element-bc34ad0 elementor-widget elementor-widget-text-editor\" data-id=\"bc34ad0\" data-element_type=\"widget\" data-e-type=\"widget\" data-widget_type=\"text-editor.default\">\n\t\t\t\t<div class=\"elementor-widget-container\">\n\t\t\t\t\t\t\t\t\t<a href=\"https:\/\/www.azureva-vacances.com\/fr\/destinations\/que-faire-en-vacances-en-france\/que-faire-vacances-cote-d-azur\/\"><span data-sheets-root=\"1\">Que faire en vacances sur la C\u00f4te d&#8217;Azur ?<\/span><\/a> \t\t\t\t\t\t\t\t<\/div>\n\t\t\t\t<\/div>\n\t\t\t\t<div class=\"elementor-element elementor-element-bf9c74e elementor-widget elementor-widget-text-editor\" data-id=\"bf9c74e\" data-element_type=\"widget\" data-e-type=\"widget\" data-widget_type=\"text-editor.default\">\n\t\t\t\t<div class=\"elementor-widget-container\">\n\t\t\t\t\t\t\t\t\t<a href=\"https:\/\/www.azureva-vacances.com\/fr\/destinations\/que-faire-en-vacances-en-france\/que-faire-en-vacances-provence\/\"><span data-sheets-root=\"1\">Que faire en vacances en Provence ?<\/span><\/a> \t\t\t\t\t\t\t\t<\/div>\n\t\t\t\t<\/div>\n\t\t\t\t<\/div>\n\t\t\t\t<\/div>\n\t\t","protected":false},"excerpt":{"rendered":"<p>Vacances tout compris en pension compl\u00e8te Vous profitez, on s\u2019occupe du reste Envie de poser vos valises et de ne plus penser \u00e0 rien ? Chez Azureva, les vacances tout compris en pension compl\u00e8te, c\u2019est la solution id\u00e9ale pour l\u00e2cher prise et profiter \u00e0 100 % de votre s\u00e9jour. H\u00e9bergement, repas, animations\u2026 tout est pr\u00e9vu [&hellip;]<\/p>\n","protected":false},"author":4,"featured_media":0,"parent":707,"menu_order":0,"comment_status":"closed","ping_status":"closed","template":"full-width.php","meta":{"_acf_changed":false,"_yoast_wpseo_focuskw":"","_yoast_wpseo_metadesc":"Voyagez l\u2019esprit l\u00e9ger avec les formules tout compris Azureva : h\u00e9bergements, repas et activit\u00e9s inclus pour des vacances sans contraintes.","rank_math_description":"","rank_math_title":"","rank_math_focus_keyword":"","footnotes":""},"class_list":["post-17347","page","type-page","status-publish","hentry"],"acf":[],"yoast_head":"<!-- This site is optimized with the Yoast SEO plugin v28.0 - https:\/\/yoast.com\/product\/yoast-seo-wordpress\/ -->\n<title>Location vacances en France - Azureva Vacances en France<\/title>\n<meta name=\"description\" content=\"Voyagez l\u2019esprit l\u00e9ger avec les formules tout compris Azureva : h\u00e9bergements, repas et activit\u00e9s inclus pour des vacances sans contraintes.\" \/>\n<meta name=\"robots\" content=\"index, follow, max-snippet:-1, max-image-preview:large, max-video-preview:-1\" \/>\n<link rel=\"canonical\" href=\"https:\/\/www.azureva-vacances.com\/fr\/destinations\/location-vacances-en-france\/\" \/>\n<meta property=\"og:locale\" content=\"fr_FR\" \/>\n<meta property=\"og:type\" content=\"article\" \/>\n<meta property=\"og:title\" content=\"Location vacances en France - Azureva Vacances en France\" \/>\n<meta property=\"og:description\" content=\"Voyagez l\u2019esprit l\u00e9ger avec les formules tout compris Azureva : h\u00e9bergements, repas et activit\u00e9s inclus pour des vacances sans contraintes.\" \/>\n<meta property=\"og:url\" content=\"https:\/\/www.azureva-vacances.com\/fr\/destinations\/location-vacances-en-france\/\" \/>\n<meta property=\"og:site_name\" content=\"Azureva Vacances en France\" \/>\n<meta property=\"article:publisher\" content=\"https:\/\/www.facebook.com\/AzurevaVacances\/\" \/>\n<meta property=\"article:modified_time\" content=\"2026-06-17T14:55:28+00:00\" \/>\n<meta property=\"og:image\" content=\"https:\/\/www.azureva-vacances.com\/wp-content\/uploads\/2025\/04\/57f3cfcbb2cc0_village-vacances-jura-metabief.jpg\" \/>\n\t<meta property=\"og:image:width\" content=\"820\" \/>\n\t<meta property=\"og:image:height\" content=\"547\" \/>\n\t<meta property=\"og:image:type\" content=\"image\/jpeg\" \/>\n<meta name=\"twitter:card\" content=\"summary_large_image\" \/>\n<meta name=\"twitter:label1\" content=\"Est. reading time\" \/>\n\t<meta name=\"twitter:data1\" content=\"55 minutes\" \/>\n<script type=\"application\/ld+json\" class=\"yoast-schema-graph\">{\"@context\":\"https:\\\/\\\/schema.org\",\"@graph\":[{\"@type\":\"WebPage\",\"@id\":\"https:\\\/\\\/www.azureva-vacances.com\\\/fr\\\/destinations\\\/location-vacances-en-france\\\/\",\"url\":\"https:\\\/\\\/www.azureva-vacances.com\\\/fr\\\/destinations\\\/location-vacances-en-france\\\/\",\"name\":\"Location vacances en France - Azureva Vacances en France\",\"isPartOf\":{\"@id\":\"https:\\\/\\\/www.azureva-vacances.com\\\/fr\\\/#website\"},\"primaryImageOfPage\":{\"@id\":\"https:\\\/\\\/www.azureva-vacances.com\\\/fr\\\/destinations\\\/location-vacances-en-france\\\/#primaryimage\"},\"image\":{\"@id\":\"https:\\\/\\\/www.azureva-vacances.com\\\/fr\\\/destinations\\\/location-vacances-en-france\\\/#primaryimage\"},\"thumbnailUrl\":\"https:\\\/\\\/www.azureva-vacances.com\\\/wp-content\\\/uploads\\\/2025\\\/04\\\/57f3cfcbb2cc0_village-vacances-jura-metabief.jpg\",\"datePublished\":\"2025-03-12T12:44:21+00:00\",\"dateModified\":\"2026-06-17T14:55:28+00:00\",\"description\":\"Voyagez l\u2019esprit l\u00e9ger avec les formules tout compris Azureva : h\u00e9bergements, repas et activit\u00e9s inclus pour des vacances sans contraintes.\",\"breadcrumb\":{\"@id\":\"https:\\\/\\\/www.azureva-vacances.com\\\/fr\\\/destinations\\\/location-vacances-en-france\\\/#breadcrumb\"},\"inLanguage\":\"fr\",\"potentialAction\":[{\"@type\":\"ReadAction\",\"target\":[\"https:\\\/\\\/www.azureva-vacances.com\\\/fr\\\/destinations\\\/location-vacances-en-france\\\/\"]}]},{\"@type\":\"ImageObject\",\"inLanguage\":\"fr\",\"@id\":\"https:\\\/\\\/www.azureva-vacances.com\\\/fr\\\/destinations\\\/location-vacances-en-france\\\/#primaryimage\",\"url\":\"https:\\\/\\\/www.azureva-vacances.com\\\/wp-content\\\/uploads\\\/2025\\\/04\\\/57f3cfcbb2cc0_village-vacances-jura-metabief.jpg\",\"contentUrl\":\"https:\\\/\\\/www.azureva-vacances.com\\\/wp-content\\\/uploads\\\/2025\\\/04\\\/57f3cfcbb2cc0_village-vacances-jura-metabief.jpg\"},{\"@type\":\"BreadcrumbList\",\"@id\":\"https:\\\/\\\/www.azureva-vacances.com\\\/fr\\\/destinations\\\/location-vacances-en-france\\\/#breadcrumb\",\"itemListElement\":[{\"@type\":\"ListItem\",\"position\":1,\"name\":\"Accueil\",\"item\":\"https:\\\/\\\/www.azureva-vacances.com\\\/fr\\\/\"},{\"@type\":\"ListItem\",\"position\":2,\"name\":\"Destinations\",\"item\":\"https:\\\/\\\/www.azureva-vacances.com\\\/fr\\\/destinations\\\/\"},{\"@type\":\"ListItem\",\"position\":3,\"name\":\"Location vacances en France\"}]},{\"@type\":\"WebSite\",\"@id\":\"https:\\\/\\\/www.azureva-vacances.com\\\/fr\\\/#website\",\"url\":\"https:\\\/\\\/www.azureva-vacances.com\\\/fr\\\/\",\"name\":\"Azureva Vacances\",\"description\":\"\",\"publisher\":{\"@id\":\"https:\\\/\\\/www.azureva-vacances.com\\\/fr\\\/#organization\"},\"potentialAction\":[{\"@type\":\"SearchAction\",\"target\":{\"@type\":\"EntryPoint\",\"urlTemplate\":\"https:\\\/\\\/www.azureva-vacances.com\\\/fr\\\/?s={search_term_string}\"},\"query-input\":{\"@type\":\"PropertyValueSpecification\",\"valueRequired\":true,\"valueName\":\"search_term_string\"}}],\"inLanguage\":\"fr\"},{\"@type\":\"Organization\",\"@id\":\"https:\\\/\\\/www.azureva-vacances.com\\\/fr\\\/#organization\",\"name\":\"Azureva Vacances\",\"url\":\"https:\\\/\\\/www.azureva-vacances.com\\\/fr\\\/\",\"logo\":{\"@type\":\"ImageObject\",\"inLanguage\":\"fr\",\"@id\":\"https:\\\/\\\/www.azureva-vacances.com\\\/fr\\\/#\\\/schema\\\/logo\\\/image\\\/\",\"url\":\"https:\\\/\\\/www.azureva-vacances.com\\\/wp-content\\\/uploads\\\/2025\\\/01\\\/logo.svg\",\"contentUrl\":\"https:\\\/\\\/www.azureva-vacances.com\\\/wp-content\\\/uploads\\\/2025\\\/01\\\/logo.svg\",\"caption\":\"Azureva Vacances\"},\"image\":{\"@id\":\"https:\\\/\\\/www.azureva-vacances.com\\\/fr\\\/#\\\/schema\\\/logo\\\/image\\\/\"},\"sameAs\":[\"https:\\\/\\\/www.facebook.com\\\/AzurevaVacances\\\/\",\"https:\\\/\\\/www.instagram.com\\\/azurevavacances\\\/\",\"https:\\\/\\\/www.tiktok.com\\\/@azureva_vacances\",\"https:\\\/\\\/www.youtube.com\\\/user\\\/vacancesazureva\",\"https:\\\/\\\/www.linkedin.com\\\/company\\\/azureva\\\/mycompany\\\/\"]}]}<\/script>\n<!-- \/ Yoast SEO plugin. -->","yoast_head_json":{"title":"Location vacances en France - Azureva Vacances en France","description":"Voyagez l\u2019esprit l\u00e9ger avec les formules tout compris Azureva : h\u00e9bergements, repas et activit\u00e9s inclus pour des vacances sans contraintes.","robots":{"index":"index","follow":"follow","max-snippet":"max-snippet:-1","max-image-preview":"max-image-preview:large","max-video-preview":"max-video-preview:-1"},"canonical":"https:\/\/www.azureva-vacances.com\/fr\/destinations\/location-vacances-en-france\/","og_locale":"fr_FR","og_type":"article","og_title":"Location vacances en France - Azureva Vacances en France","og_description":"Voyagez l\u2019esprit l\u00e9ger avec les formules tout compris Azureva : h\u00e9bergements, repas et activit\u00e9s inclus pour des vacances sans contraintes.","og_url":"https:\/\/www.azureva-vacances.com\/fr\/destinations\/location-vacances-en-france\/","og_site_name":"Azureva Vacances en France","article_publisher":"https:\/\/www.facebook.com\/AzurevaVacances\/","article_modified_time":"2026-06-17T14:55:28+00:00","og_image":[{"width":820,"height":547,"url":"https:\/\/www.azureva-vacances.com\/wp-content\/uploads\/2025\/04\/57f3cfcbb2cc0_village-vacances-jura-metabief.jpg","type":"image\/jpeg"}],"twitter_card":"summary_large_image","twitter_misc":{"Est. reading time":"55 minutes"},"schema":{"@context":"https:\/\/schema.org","@graph":[{"@type":"WebPage","@id":"https:\/\/www.azureva-vacances.com\/fr\/destinations\/location-vacances-en-france\/","url":"https:\/\/www.azureva-vacances.com\/fr\/destinations\/location-vacances-en-france\/","name":"Location vacances en France - Azureva Vacances en France","isPartOf":{"@id":"https:\/\/www.azureva-vacances.com\/fr\/#website"},"primaryImageOfPage":{"@id":"https:\/\/www.azureva-vacances.com\/fr\/destinations\/location-vacances-en-france\/#primaryimage"},"image":{"@id":"https:\/\/www.azureva-vacances.com\/fr\/destinations\/location-vacances-en-france\/#primaryimage"},"thumbnailUrl":"https:\/\/www.azureva-vacances.com\/wp-content\/uploads\/2025\/04\/57f3cfcbb2cc0_village-vacances-jura-metabief.jpg","datePublished":"2025-03-12T12:44:21+00:00","dateModified":"2026-06-17T14:55:28+00:00","description":"Voyagez l\u2019esprit l\u00e9ger avec les formules tout compris Azureva : h\u00e9bergements, repas et activit\u00e9s inclus pour des vacances sans contraintes.","breadcrumb":{"@id":"https:\/\/www.azureva-vacances.com\/fr\/destinations\/location-vacances-en-france\/#breadcrumb"},"inLanguage":"fr","potentialAction":[{"@type":"ReadAction","target":["https:\/\/www.azureva-vacances.com\/fr\/destinations\/location-vacances-en-france\/"]}]},{"@type":"ImageObject","inLanguage":"fr","@id":"https:\/\/www.azureva-vacances.com\/fr\/destinations\/location-vacances-en-france\/#primaryimage","url":"https:\/\/www.azureva-vacances.com\/wp-content\/uploads\/2025\/04\/57f3cfcbb2cc0_village-vacances-jura-metabief.jpg","contentUrl":"https:\/\/www.azureva-vacances.com\/wp-content\/uploads\/2025\/04\/57f3cfcbb2cc0_village-vacances-jura-metabief.jpg"},{"@type":"BreadcrumbList","@id":"https:\/\/www.azureva-vacances.com\/fr\/destinations\/location-vacances-en-france\/#breadcrumb","itemListElement":[{"@type":"ListItem","position":1,"name":"Accueil","item":"https:\/\/www.azureva-vacances.com\/fr\/"},{"@type":"ListItem","position":2,"name":"Destinations","item":"https:\/\/www.azureva-vacances.com\/fr\/destinations\/"},{"@type":"ListItem","position":3,"name":"Location vacances en France"}]},{"@type":"WebSite","@id":"https:\/\/www.azureva-vacances.com\/fr\/#website","url":"https:\/\/www.azureva-vacances.com\/fr\/","name":"Azureva Vacances","description":"","publisher":{"@id":"https:\/\/www.azureva-vacances.com\/fr\/#organization"},"potentialAction":[{"@type":"SearchAction","target":{"@type":"EntryPoint","urlTemplate":"https:\/\/www.azureva-vacances.com\/fr\/?s={search_term_string}"},"query-input":{"@type":"PropertyValueSpecification","valueRequired":true,"valueName":"search_term_string"}}],"inLanguage":"fr"},{"@type":"Organization","@id":"https:\/\/www.azureva-vacances.com\/fr\/#organization","name":"Azureva Vacances","url":"https:\/\/www.azureva-vacances.com\/fr\/","logo":{"@type":"ImageObject","inLanguage":"fr","@id":"https:\/\/www.azureva-vacances.com\/fr\/#\/schema\/logo\/image\/","url":"https:\/\/www.azureva-vacances.com\/wp-content\/uploads\/2025\/01\/logo.svg","contentUrl":"https:\/\/www.azureva-vacances.com\/wp-content\/uploads\/2025\/01\/logo.svg","caption":"Azureva Vacances"},"image":{"@id":"https:\/\/www.azureva-vacances.com\/fr\/#\/schema\/logo\/image\/"},"sameAs":["https:\/\/www.facebook.com\/AzurevaVacances\/","https:\/\/www.instagram.com\/azurevavacances\/","https:\/\/www.tiktok.com\/@azureva_vacances","https:\/\/www.youtube.com\/user\/vacancesazureva","https:\/\/www.linkedin.com\/company\/azureva\/mycompany\/"]}]}},"_links":{"self":[{"href":"https:\/\/www.azureva-vacances.com\/fr\/wp-json\/wp\/v2\/pages\/17347","targetHints":{"allow":["GET"]}}],"collection":[{"href":"https:\/\/www.azureva-vacances.com\/fr\/wp-json\/wp\/v2\/pages"}],"about":[{"href":"https:\/\/www.azureva-vacances.com\/fr\/wp-json\/wp\/v2\/types\/page"}],"author":[{"embeddable":true,"href":"https:\/\/www.azureva-vacances.com\/fr\/wp-json\/wp\/v2\/users\/4"}],"replies":[{"embeddable":true,"href":"https:\/\/www.azureva-vacances.com\/fr\/wp-json\/wp\/v2\/comments?post=17347"}],"version-history":[{"count":3,"href":"https:\/\/www.azureva-vacances.com\/fr\/wp-json\/wp\/v2\/pages\/17347\/revisions"}],"predecessor-version":[{"id":226919,"href":"https:\/\/www.azureva-vacances.com\/fr\/wp-json\/wp\/v2\/pages\/17347\/revisions\/226919"}],"up":[{"embeddable":true,"href":"https:\/\/www.azureva-vacances.com\/fr\/wp-json\/wp\/v2\/pages\/707"}],"wp:attachment":[{"href":"https:\/\/www.azureva-vacances.com\/fr\/wp-json\/wp\/v2\/media?parent=17347"}],"curies":[{"name":"wp","href":"https:\/\/api.w.org\/{rel}","templated":true}]}}