{"id":116839,"date":"2026-04-09T12:45:19","date_gmt":"2026-04-09T10:45:19","guid":{"rendered":"https:\/\/www.azureva-vacances.com\/?page_id=116839"},"modified":"2026-04-09T17:05:13","modified_gmt":"2026-04-09T15:05:13","slug":"label-certification-vacances-france","status":"publish","type":"page","link":"https:\/\/www.azureva-vacances.com\/fr\/label-certification-vacances-france\/","title":{"rendered":"Label et certification de village et r\u00e9sidence de vacances en France"},"content":{"rendered":"\t\t<div data-elementor-type=\"wp-page\" data-elementor-id=\"116839\" class=\"elementor elementor-116839\" data-elementor-post-type=\"page\">\n\t\t\t\t<div class=\"elementor-element elementor-element-32f647d e-flex e-con-boxed e-con e-parent\" data-id=\"32f647d\" data-element_type=\"container\" data-e-type=\"container\" data-settings=\"{&quot;jet_parallax_layout_list&quot;:[]}\">\n\t\t\t\t\t<div class=\"e-con-inner\">\n\t\t\t\t<div class=\"elementor-element elementor-element-d777453 elementor-widget elementor-widget-heading\" data-id=\"d777453\" data-element_type=\"widget\" data-e-type=\"widget\" data-widget_type=\"heading.default\">\n\t\t\t\t<div class=\"elementor-widget-container\">\n\t\t\t\t\t<h1 class=\"elementor-heading-title elementor-size-default\">Label et certification de village et r\u00e9sidence de vacances en France<\/h1>\t\t\t\t<\/div>\n\t\t\t\t<\/div>\n\t\t\t\t<div class=\"elementor-element elementor-element-33a5915 elementor-widget elementor-widget-text-editor\" data-id=\"33a5915\" data-element_type=\"widget\" data-e-type=\"widget\" data-widget_type=\"text-editor.default\">\n\t\t\t\t<div class=\"elementor-widget-container\">\n\t\t\t\t\t\t\t\t\t<p data-start=\"122\" data-end=\"351\">Choisir un h\u00e9bergement de vacances, c&#8217;est aussi choisir un niveau de qualit\u00e9, d&#8217;engagement environnemental et d&#8217;accueil. Chez Azureva, nos villages vacances, r\u00e9sidences et campings sont r\u00e9partis dans toute la France \u2014 de la c\u00f4te atlantique aux sommets alpins, des plages m\u00e9diterran\u00e9ennes aux for\u00eats vosgienne ou auvergnate \u2014 et plusieurs d&#8217;entre eux ont obtenu des labels et certifications reconnus au niveau national ou europ\u00e9en. Ces distinctions sont attribu\u00e9es par des organismes ind\u00e9pendants, selon des crit\u00e8res exigeants et contr\u00f4l\u00e9s r\u00e9guli\u00e8rement. Elles vous permettent de choisir votre s\u00e9jour en connaissance de cause : \u00e9tablissement labellis\u00e9 &#8220;Famille Plus&#8221; si vous voyagez avec des enfants, &#8220;Cl\u00e9 Verte&#8221; si l&#8217;environnement est une priorit\u00e9, &#8220;Pavillon Bleu&#8221; si vous cherchez un littoral de qualit\u00e9, ou encore &#8220;Accueil V\u00e9lo&#8221; si le v\u00e9lo fait partie de vos vacances. Cette page recense l&#8217;ensemble des labels et certifications d\u00e9tenus par nos \u00e9tablissements Azureva en France.<\/p>\t\t\t\t\t\t\t\t<\/div>\n\t\t\t\t<\/div>\n\t\t\t\t\t<\/div>\n\t\t\t\t<\/div>\n\t\t<div class=\"elementor-element elementor-element-c59a0c7 e-flex e-con-boxed e-con e-parent\" data-id=\"c59a0c7\" data-element_type=\"container\" data-e-type=\"container\" data-settings=\"{&quot;jet_parallax_layout_list&quot;:[]}\">\n\t\t\t\t\t<div class=\"e-con-inner\">\n\t\t\t\t<div class=\"elementor-element elementor-element-e11942d elementor-widget elementor-widget-spacer\" data-id=\"e11942d\" data-element_type=\"widget\" data-e-type=\"widget\" data-widget_type=\"spacer.default\">\n\t\t\t\t<div class=\"elementor-widget-container\">\n\t\t\t\t\t\t\t<div class=\"elementor-spacer\">\n\t\t\t<div class=\"elementor-spacer-inner\"><\/div>\n\t\t<\/div>\n\t\t\t\t\t\t<\/div>\n\t\t\t\t<\/div>\n\t\t\t\t<div class=\"elementor-element elementor-element-c972aa6 elementor-widget elementor-widget-heading\" data-id=\"c972aa6\" data-element_type=\"widget\" data-e-type=\"widget\" data-widget_type=\"heading.default\">\n\t\t\t\t<div class=\"elementor-widget-container\">\n\t\t\t\t\t<h2 class=\"elementor-heading-title elementor-size-default\">Nos villages vacances et r\u00e9sidences labellis\u00e9s en France : le tableau r\u00e9capitulatif<\/h2>\t\t\t\t<\/div>\n\t\t\t\t<\/div>\n\t\t\t\t\t<\/div>\n\t\t\t\t<\/div>\n\t\t<div class=\"elementor-element elementor-element-a521809 e-flex e-con-boxed e-con e-parent\" data-id=\"a521809\" data-element_type=\"container\" data-e-type=\"container\" data-settings=\"{&quot;jet_parallax_layout_list&quot;:[]}\">\n\t\t\t\t\t<div class=\"e-con-inner\">\n\t\t\t\t<div class=\"elementor-element elementor-element-b7466ef elementor-widget elementor-widget-shortcode\" data-id=\"b7466ef\" data-element_type=\"widget\" data-e-type=\"widget\" data-widget_type=\"shortcode.default\">\n\t\t\t\t<div class=\"elementor-widget-container\">\n\t\t\t\t\t\t\t<div class=\"elementor-shortcode\"><!DOCTYPE html>\n<html lang=\"fr\">\n<head>\n<meta charset=\"UTF-8\">\n<meta name=\"viewport\" content=\"width=device-width, initial-scale=1.0\">\n<title>Tableau Labels - Azureva<\/title>\n<style>\n#azrLabels * { margin: 0; padding: 0; box-sizing: border-box; }\n\n\/* Elementor overflow fix - scoped to our widget ancestors *\/\n#azrLabels,\n#azrLabels ~ * { overflow: visible; }\n.elementor-widget-container:has(#azrLabels),\n.elementor-widget-html:has(#azrLabels),\n.elementor-element:has(#azrLabels) { overflow: visible !important; }\n\n#azrLabels {\n  font-family: 'Segoe UI', Tahoma, Geneva, Verdana, sans-serif;\n  width: 100%; background: #fff; overflow: visible;\n}\n#azrLabels .azr-toolbar {\n  display: flex; flex-wrap: wrap; gap: 10px; padding: 15px 10px;\n  background: #f93c64; border-radius: 8px 8px 0 0; align-items: center;\n}\n#azrLabels .azr-toolbar input[type=\"text\"] {\n  flex: 1; min-width: 200px; padding: 10px 15px; border: none;\n  border-radius: 6px; font-size: 14px; outline: none;\n  background: rgba(255,255,255,0.95); color: #333;\n}\n#azrLabels .azr-toolbar input::placeholder { color: #999; }\n#azrLabels .azr-toolbar select {\n  padding: 10px 12px; border: none; border-radius: 6px; font-size: 14px;\n  background: rgba(255,255,255,0.95); color: #333; cursor: pointer; outline: none;\n}\n#azrLabels .azr-toolbar .azr-count {\n  color: rgba(255,255,255,0.9); font-size: 13px; padding: 0 8px; white-space: nowrap;\n}\n#azrLabels .azr-scroll-wrap {\n  border: 1px solid #e0e0e0; border-top: none; border-radius: 0 0 8px 8px; overflow: visible;\n}\n#azrLabels .azr-scroll {\n  overflow-x: scroll !important; overflow-y: scroll !important; max-height: 75vh;\n  scroll-behavior: smooth; -webkit-overflow-scrolling: touch;\n  scrollbar-width: auto; scrollbar-color: #f93c64 #f1f1f1;\n}\n#azrLabels .azr-scroll::-webkit-scrollbar { height: 14px !important; width: 14px !important; display: block !important; }\n#azrLabels .azr-scroll::-webkit-scrollbar-track { background: #f1f1f1; border-radius: 5px; }\n#azrLabels .azr-scroll::-webkit-scrollbar-thumb { background: #f93c64; border-radius: 5px; min-height: 40px; min-width: 40px; }\n#azrLabels .azr-scroll::-webkit-scrollbar-thumb:hover { background: #c4203f; }\n\n#azrLabels table { border-collapse: separate; border-spacing: 0; width: max-content; min-width: 100%; }\n#azrLabels thead { position: sticky; top: 0; z-index: 10; }\n#azrLabels th {\n  background: #c4203f; color: #fff; padding: 12px 16px; text-align: left;\n  font-size: 12px; font-weight: 600; text-transform: uppercase; letter-spacing: 0.5px;\n  white-space: nowrap; border-right: 1px solid rgba(255,255,255,0.15);\n  cursor: pointer; user-select: none; transition: background 0.2s;\n}\n#azrLabels th:hover { background: #f93c64; }\n#azrLabels th .si { display: inline-block; margin-left: 5px; opacity: 0.5; font-size: 10px; }\n#azrLabels th.sa .si::after { content: \"\u25b2\"; opacity:1; }\n#azrLabels th.sd .si::after { content: \"\u25bc\"; opacity:1; }\n#azrLabels th:not(.sa):not(.sd) .si::after { content: \"\u25b2\u25bc\"; font-size:8px; }\n#azrLabels th:first-child, #azrLabels td:first-child { position: sticky; left: 0; z-index: 5; }\n#azrLabels th:first-child { z-index: 15; min-width: 140px; max-width: 200px; }\n#azrLabels td:first-child {\n  background: #f8f9fa; font-weight: 600; color: #c4203f;\n  min-width: 140px; max-width: 200px; border-right: 2px solid #f93c64;\n  white-space: normal; word-break: break-word;\n}\n#azrLabels td {\n  padding: 10px 16px; font-size: 13px; color: #444;\n  border-bottom: 1px solid #eee; border-right: 1px solid #f0f0f0;\n  white-space: nowrap; max-width: 300px; overflow: hidden;\n  text-overflow: ellipsis; transition: background 0.15s;\n}\n#azrLabels tr:nth-child(even) td { background-color: #fafbfc; }\n#azrLabels tr:nth-child(even) td:first-child { background-color: #f0f1f3; }\n#azrLabels tr:hover td { background-color: #fef2f4 !important; }\n#azrLabels tr:hover td:first-child { background-color: #f93c64 !important; color: #fff; }\n#azrLabels td[title] { cursor: help; }\n#azrLabels .no-res { text-align: center; padding: 40px; color: #999; font-size: 15px; }\n\n\/* Fiche web buttons *\/\n#azrLabels td.link-cell { text-align: center; white-space: nowrap; }\n#azrLabels td.link-cell a.fiche-btn {\n  display: inline-block; background: #f93c64; color: #fff;\n  text-decoration: none; font-size: 12px; font-weight: 600;\n  border-radius: 4px; padding: 4px 12px; white-space: nowrap;\n}\n#azrLabels td.link-cell a.fiche-btn:hover { background: #c4203f; }\n#azrLabels td.link-cell.ferme { color: #aaa; font-style: italic; font-size: 12px; text-align: center; }\n\n\/* Custom scrollbar *\/\n\n#azrLabels th.label-th  { background: #8b1a30; font-size: 11px; }\n#azrLabels th.etoile-th { background: #a01830; }\n#azrLabels td.etoile-cell { text-align: center; }\n#azrLabels td.label-cell  { text-align: center; font-size: 15px; }\n#azrLabels td.label-oui   { color: #16a34a; font-weight: 700; }\n#azrLabels td.label-non   { color: #dc2626; }\n<\/style>\n<\/head>\n<body>\n<div class=\"azr-wrap\" id=\"azrLabels\">\n  <div class=\"azr-toolbar\">\n    <input type=\"text\" id=\"azrLabelSearch\" placeholder=\"Rechercher un \u00e9tablissement...\" \/>\n    <select id=\"azrLabelType\"><option value=\"\">Tous les types<\/option>\n<option value=\"Camping\">Camping<\/option>\n<option value=\"H\u00f4tel\">H\u00f4tel<\/option>\n<option value=\"R\u00e9sidence Vacances\">R\u00e9sidence Vacances<\/option>\n<option value=\"Village Vacances\">Village Vacances<\/option><\/select>\n    <span class=\"azr-count\" id=\"azrLabelCount\"><\/span>\n  <\/div>\n  <div class=\"azr-scroll-wrap\">\n    <div class=\"azr-scroll\" id=\"azrLabelScroll\">\n      <table id=\"azrLabelTable\"><thead><\/thead><tbody><\/tbody><\/table>\n      <div class=\"no-res\" id=\"azrLabelNoRes\" style=\"display:none\">Aucun r\u00e9sultat<\/div>\n    <\/div>\n  <\/div>\n<\/div>\n<script>\n(function() {\n  \/\/ Row layout: [0..11]=excel cols, [12]=\u00e9toiles integer\n  \/\/ Display headers: 0-3 info | 4 \u00e9toiles | 5-10 labels | 11-12 fiche web\n  var DATA    = [\n[\"LIEU \u00c9TABLISSEMENT\",\"TYPE D'H\u00c9BERGEMENT\",\"DEPARTEMENT\",\"R\u00c9GION\",\"CLASSEMENT \u00c9TOILES\",\"LABEL \\\"FAMILLE PLUS\\\"\",\"LABEL \\\"CLEF VERTE\\\"\",\"LABEL \\\"ACCUEIL V\u00c9LO\\\"\",\"LABEL \\\"GREEN DESTINATIONS\\\"\",\"LABEL \\\"PAVILLON BLEU\\\"\",\"LABEL \\\"HANDIPLAGE\\\"\",\"FICHE WEB \u00c9T\u00c9\",\"FICHE WEB HIVER\"],\n[\"Anglet\",\"Village Vacances\",\"Pyr\u00e9n\u00e9es-Atlantiques\",\"Nouvelle-Aquitaine\",\"Non\",\"Non\",\"Oui\",\"Non\",\"Non\",\"Non\",\"https:\/\/www.azureva-vacances.com\/fr\/hebergement\/village-vacances-anglet\/\",\"Etablissement ferm\u00e9\",\"2\"],\n[\"Ar\u00eaches-Beaufort\",\"Village Vacances\",\"Savoie\",\"Auvergne-Rh\u00f4ne-Alpes\",\"Non\",\"Non\",\"Non\",\"Non\",\"Non\",\"Non\",\"https:\/\/www.azureva-vacances.com\/fr\/club\/areches-beaufort\",\"https:\/\/www.azureva-vacances.com\/fr\/hebergement-hiver\/village-vacances-areches-beaufort\/\",\"2\"],\n[\"Argel\u00e8s-sur-Mer\",\"Village Vacances\",\"Pyr\u00e9n\u00e9es-Orientales\",\"Occitanie\",\"Oui\",\"Non\",\"Oui\",\"Non\",\"Oui\",\"Oui\",\"https:\/\/www.azureva-vacances.com\/fr\/club\/argeles-sur-mer\",\"Etablissement ferm\u00e9\",\"2\"],\n[\"Bussang\",\"Village Vacances\",\"Vosges\",\"Grand Est\",\"Non\",\"Oui\",\"Non\",\"Non\",\"Non\",\"Non\",\"https:\/\/www.azureva-vacances.com\/fr\/hebergement\/village-vacances-bussang\/\",\"https:\/\/www.azureva-vacances.com\/fr\/hebergement-hiver\/village-vacances-bussang\/\",\"3\"],\n[\"Bussang\",\"R\u00e9sidence Vacances\",\"Vosges\",\"Grand Est\",\"Non\",\"Oui\",\"Non\",\"Non\",\"Non\",\"Non\",\"https:\/\/www.azureva-vacances.com\/fr\/hebergement\/residence-vacances-bussang\/\",\"https:\/\/www.azureva-vacances.com\/fr\/hebergement-hiver\/residence-vacances-bussang\/\",\"3\"],\n[\"Cap d'Agde\",\"Village Vacances\",\"H\u00e9rault\",\"Occitanie\",\"Oui\",\"Non\",\"Non\",\"Non\",\"Oui\",\"Oui\",\"https:\/\/www.azureva-vacances.com\/fr\/hebergement\/village-vacances-cap-d-agde\/\",\"Etablissement ferm\u00e9\",\"3\"],\n[\"Fouras\",\"R\u00e9sidence Vacances\",\"Charente-Maritime\",\"Nouvelle-Aquitaine\",\"Non\",\"Non\",\"Oui\",\"Non\",\"Non\",\"Non\",\"https:\/\/www.azureva-vacances.com\/fr\/hebergement\/residence-vacances-fouras\/\",\"Etablissement ferm\u00e9\",\"3\"],\n[\"Fouras\",\"Camping\",\"Charente-Maritime\",\"Nouvelle-Aquitaine\",\"Non\",\"Non\",\"Oui\",\"Non\",\"Non\",\"Non\",\"https:\/\/www.azureva-vacances.com\/fr\/hebergement\/camping-fouras\/\",\"Etablissement ferm\u00e9\",\"3\"],\n[\"Fournols d'Auvergne\",\"Village Vacances\",\"Puy-de-D\u00f4me\",\"Auvergne-Rh\u00f4ne-Alpes\",\"Non\",\"Non\",\"Oui\",\"Non\",\"Non\",\"Non\",\"https:\/\/www.azureva-vacances.com\/fr\/hebergement\/village-vacances-fournols-d-auvergne\/\",\"Etablissement ferm\u00e9\",\"3\"],\n[\"Fournols d'Auvergne\",\"R\u00e9sidence Vacances\",\"Puy-de-D\u00f4me\",\"Auvergne-Rh\u00f4ne-Alpes\",\"Non\",\"Non\",\"Oui\",\"Non\",\"Non\",\"Non\",\"https:\/\/www.azureva-vacances.com\/fr\/hebergement\/residence-vacances-fournols-d-auvergne\/\",\"Etablissement ferm\u00e9\",\"3\"],\n[\"Hauteville-sur-Mer\",\"Village Vacances\",\"Manche\",\"Normandie\",\"Oui\",\"Non\",\"Non\",\"Oui\",\"Non\",\"Non\",\"https:\/\/www.azureva-vacances.com\/fr\/hebergement\/village-vacances-hauteville-sur-mer\/\",\"Etablissement ferm\u00e9\",\"0\"],\n[\"Hauteville-sur-Mer\",\"R\u00e9sidence Vacances\",\"Manche\",\"Normandie\",\"Oui\",\"Non\",\"Non\",\"Oui\",\"Non\",\"Non\",\"https:\/\/www.azureva-vacances.com\/fr\/hebergement\/residence-vacances-hauteville-sur-mer\/\",\"Etablissement ferm\u00e9\",\"0\"],\n[\"Hendaye\",\"Village Vacances\",\"Pyr\u00e9n\u00e9es-Atlantiques\",\"Nouvelle-Aquitaine\",\"Oui\",\"Oui\",\"Oui\",\"Non\",\"Non\",\"Oui\",\"https:\/\/www.azureva-vacances.com\/fr\/hebergement\/village-vacances-hendaye\/\",\"Etablissement ferm\u00e9\",\"3\"],\n[\"La Mal\u00e8ne\",\"H\u00f4tel Les Bateliers\",\"Loz\u00e8re\",\"Occitanie\",\"Non\",\"Non\",\"Non\",\"Non\",\"Non\",\"Non\",\"https:\/\/www.azureva-vacances.com\/fr\/hebergement\/hotel-gorges-du-tarn\/\",\"Etablissement ferm\u00e9\",\"2\"],\n[\"Hossegor\",\"H\u00f4tel\",\"Landes\",\"Nouvelle-Aquitaine\",\"Non\",\"Non\",\"Non\",\"Non\",\"Non\",\"Oui\",\"https:\/\/www.azureva-vacances.com\/fr\/hebergement\/hotel-du-parc-hossegor\/\",\"Etablissement ferm\u00e9\",\"3\"],\n[\"Hossegor\",\"R\u00e9sidence du Parc\",\"Landes\",\"Nouvelle-Aquitaine\",\"Non\",\"Oui\",\"Non\",\"Non\",\"Non\",\"Oui\",\"https:\/\/www.azureva-vacances.com\/fr\/hebergement\/residence-vacances-du-parc-hossegor\/\",\"Etablissement ferm\u00e9\",\"3\"],\n[\"Arzon - Golfe du Morbihan\",\"Village Vacances\",\"Morbihan\",\"Bretagne\",\"Non\",\"Non\",\"Non\",\"Non\",\"Oui\",\"Non\",\"https:\/\/www.azureva-vacances.com\/fr\/hebergement\/village-vacances-arzon-golfe-du-morbihan\/\",\"Etablissement ferm\u00e9\",\"3\"],\n[\"Arzon - Golfe du Morbihan\",\"R\u00e9sidence Vacances\",\"Morbihan\",\"Bretagne\",\"Non\",\"Non\",\"Non\",\"Non\",\"Oui\",\"Non\",\"https:\/\/www.azureva-vacances.com\/fr\/hebergement\/residence-vacances-arzon-golfe-du-morbihan\/\",\"Etablissement ferm\u00e9\",\"3\"],\n[\"La Clusaz - Les Confins\",\"Village Vacances\",\"Haute-Savoie\",\"Auvergne-Rh\u00f4ne-Alpes\",\"Oui\",\"Non\",\"Non\",\"Non\",\"Non\",\"Non\",\"https:\/\/www.azureva-vacances.com\/fr\/hebergement\/village-vacances-la-clusaz-les-confins\/\",\"https:\/\/www.azureva-vacances.com\/fr\/hebergement-hiver\/village-vacances-la-clusaz-les-confins\/\",\"2\"],\n[\"La Clusaz - Les Aravis\",\"R\u00e9sidence Vacances\",\"Haute-Savoie\",\"Auvergne-Rh\u00f4ne-Alpes\",\"Oui\",\"Non\",\"Non\",\"Non\",\"Non\",\"Non\",\"https:\/\/www.azureva-vacances.com\/fr\/hebergement\/residence-vacances-la-clusaz-les-aravis\/\",\"https:\/\/www.azureva-vacances.com\/fr\/hebergement-hiver\/residence-vacances-la-clusaz-les-aravis\/\",\"0\"],\n[\"La Londe-les-Maures\",\"Village Vacances\",\"Var\",\"PACA\",\"Non\",\"Non\",\"Oui\",\"Non\",\"Oui\",\"Oui\",\"https:\/\/www.azureva-vacances.com\/fr\/hebergement\/village-vacances-la-londe-les-maures\/\",\"Etablissement ferm\u00e9\",\"3\"],\n[\"La Mongie\",\"R\u00e9sidence Vacances\",\"Hautes-Pyr\u00e9n\u00e9es\",\"Occitanie\",\"Non\",\"Non\",\"Non\",\"Oui\",\"Non\",\"Non\",\"https:\/\/www.azureva-vacances.com\/fr\/hebergement\/residence-vacances-la-mongie\/\",\"https:\/\/www.azureva-vacances.com\/fr\/hebergement-hiver\/residence-vacances-la-mongie\/\",\"1\"],\n[\"Lacanau\",\"Village Vacances\",\"Gironde\",\"Nouvelle-Aquitaine\",\"Non\",\"Non\",\"Oui\",\"Non\",\"Non\",\"Non\",\"https:\/\/www.azureva-vacances.com\/fr\/hebergement\/village-vacances-lacanau\/\",\"https:\/\/www.azureva-vacances.com\/fr\/hebergement\/village-vacances-lacanau\/\",\"3\"],\n[\"Lacanau\",\"R\u00e9sidence Vacances\",\"Gironde\",\"Nouvelle-Aquitaine\",\"Non\",\"Non\",\"Oui\",\"Non\",\"Non\",\"Non\",\"https:\/\/www.azureva-vacances.com\/fr\/hebergement\/residence-vacances-lacanau\/\",\"https:\/\/www.azureva-vacances.com\/fr\/hebergement\/residence-vacances-lacanau\/\",\"3\"],\n[\"Grau-du-Roi - Port Camargue\",\"R\u00e9sidence Vacances\",\"Gard\",\"Occitanie\",\"Non\",\"Non\",\"Oui\",\"Oui\",\"Oui\",\"Non\",\"https:\/\/www.azureva-vacances.com\/fr\/hebergement\/residence-vacances-le-grau-du-roi\/\",\"Etablissement ferm\u00e9\",\"2\"],\n[\"Les Karellis\",\"Village Vacances\",\"Savoie\",\"Auvergne-Rh\u00f4ne-Alpes\",\"Oui\",\"Non\",\"Non\",\"Non\",\"Non\",\"Non\",\"https:\/\/www.azureva-vacances.com\/fr\/hebergement\/village-vacances-les-karellis\/\",\"https:\/\/www.azureva-vacances.com\/fr\/hebergement-hiver\/village-vacances-les-karellis\/\",\"3\"],\n[\"Les Menuires\",\"R\u00e9sidence Vacances\",\"Savoie\",\"Alpes du Nord\",\"Oui\",\"Non\",\"Non\",\"Non\",\"Non\",\"Non\",\"https:\/\/www.azureva-vacances.com\/fr\/hebergement\/residence-vacances-les-menuires\/\",\"https:\/\/www.azureva-vacances.com\/fr\/hebergement-hiver\/residence-vacances-les-menuires\/\",\"2\"],\n[\"Longeville-sur-Mer\",\"Village Vacances\",\"Vend\u00e9e\",\"Pays de la Loire\",\"Non\",\"Non\",\"Non\",\"Non\",\"Non\",\"Oui\",\"https:\/\/www.azureva-vacances.com\/fr\/hebergement\/village-vacances-longeville-sur-mer\/\",\"Etablissement ferm\u00e9\",\"2\"],\n[\"M\u00e9tabief\",\"Village Vacances\",\"Doubs\",\"Bourgogne-Franche-Comt\u00e9\",\"Non\",\"Non\",\"Non\",\"Non\",\"Non\",\"Non\",\"https:\/\/www.azureva-vacances.com\/fr\/hebergement\/village-vacances-metabief\/\",\"https:\/\/www.azureva-vacances.com\/fr\/hebergement-hiver\/village-vacances-metabief\/\",\"3\"],\n[\"M\u00e9tabief\",\"R\u00e9sidence Vacances\",\"Doubs\",\"Bourgogne-Franche-Comt\u00e9\",\"Non\",\"Non\",\"Non\",\"Non\",\"Non\",\"Non\",\"https:\/\/www.azureva-vacances.com\/fr\/hebergement\/residence-vacances-metabief\/\",\"https:\/\/www.azureva-vacances.com\/fr\/hebergement-hiver\/residence-vacances-metabief\/\",\"3\"],\n[\"Murol\",\"Village Vacances\",\"Puy-de-D\u00f4me\",\"Auvergne-Rh\u00f4ne-Alpes\",\"Oui\",\"Non\",\"Oui\",\"Non\",\"Non\",\"Non\",\"https:\/\/www.azureva-vacances.com\/fr\/hebergement\/village-vacances-murol\/\",\"https:\/\/www.azureva-vacances.com\/fr\/hebergement-hiver\/village-vacances-murol\/\",\"2\"],\n[\"Murol\",\"R\u00e9sidence Vacances\",\"Puy-de-D\u00f4me\",\"Auvergne-Rh\u00f4ne-Alpes\",\"Oui\",\"Non\",\"Oui\",\"Non\",\"Non\",\"Non\",\"https:\/\/www.azureva-vacances.com\/fr\/hebergement\/village-vacances-murol\/\",\"https:\/\/www.azureva-vacances.com\/fr\/hebergement-hiver\/residence-vacances-murol\/\",\"2\"],\n[\"\u00cele d'Ol\u00e9ron\",\"Village Vacances\",\"Charente-Maritime\",\"Nouvelle-Aquitaine\",\"Oui\",\"Non\",\"Non\",\"Non\",\"Non\",\"Non\",\"https:\/\/www.azureva-vacances.com\/fr\/hebergement\/village-vacances-ile-d-oleron\/\",\"Etablissement ferm\u00e9\",\"3\"],\n[\"\u00cele d'Ol\u00e9ron\",\"Camping\",\"Charente-Maritime\",\"Nouvelle-Aquitaine\",\"Oui\",\"Non\",\"Non\",\"Non\",\"Non\",\"Non\",\"https:\/\/www.azureva-vacances.com\/fr\/hebergement\/camping-ile-d-oleron\/\",\"Etablissement ferm\u00e9\",\"3\"],\n[\"Piau Engaly\",\"R\u00e9sidence Vacances\",\"Hautes-Pyr\u00e9n\u00e9es\",\"Occitanie\",\"Non\",\"Non\",\"Non\",\"Non\",\"Non\",\"Non\",\"https:\/\/www.azureva-vacances.com\/fr\/hebergement\/residence-vacances-piau-engaly\/\",\"https:\/\/www.azureva-vacances.com\/fr\/hebergement-hiver\/residence-vacances-piau-engaly\/\",\"2\"],\n[\"Pornichet - Baie de La Baule\",\"Village Vacances\",\"Loire-Atlantique\",\"Pays de la Loire\",\"Non\",\"Oui\",\"Non\",\"Non\",\"Non\",\"Non\",\"https:\/\/www.azureva-vacances.com\/fr\/hebergement\/village-vacances-pornichet-baie-de-la-baule\/\",\"Etablissement ferm\u00e9\",\"2\"],\n[\"Roquebrune-cap-Martin\",\"R\u00e9sidence Bella Vista\",\"Alpes-Maritimes\",\"Provence-Alpes-C\u00f4te d'Azur\",\"Non\",\"Oui\",\"Non\",\"Non\",\"Non\",\"Non\",\"https:\/\/www.azureva-vacances.com\/fr\/hebergement\/residence-vacances-roquebrune-cap-martin\/\",\"Etablissement ferm\u00e9\",\"3\"],\n[\"Ronce-les-Bains\",\"Village Vacances\",\"Charente-Maritime\",\"Nouvelle-Aquitaine\",\"Oui\",\"Oui\",\"Non\",\"Non\",\"Non\",\"Non\",\"https:\/\/www.azureva-vacances.com\/fr\/hebergement\/village-vacances-ronce-les-bains\/\",\"Etablissement ferm\u00e9\",\"4\"],\n[\"Saint-Cyprien\",\"R\u00e9sidence Vacances\",\"Pyr\u00e9n\u00e9es-Orientales\",\"Occitanie\",\"Oui\",\"Non\",\"Non\",\"Non\",\"Oui\",\"Oui\",\"https:\/\/www.azureva-vacances.com\/fr\/hebergement\/residence-vacances-saint-cyprien\/\",\"Etablissement ferm\u00e9\",\"3\"],\n[\"Sigean\",\"Camping\",\"Aude\",\"Occitanie\",\"Non\",\"Non\",\"Non\",\"Non\",\"Non\",\"Non\",\"https:\/\/www.azureva-vacances.com\/fr\/hebergement\/camping-sigean\/\",\"Etablissement ferm\u00e9\",\"2\"],\n[\"Tr\u00e9gunc\",\"Village Vacances\",\"Finist\u00e8re\",\"Bretagne\",\"Non\",\"Oui\",\"Non\",\"Non\",\"Oui\",\"Non\",\"https:\/\/www.azureva-vacances.com\/fr\/hebergement\/village-vacances-tregunc\/\",\"Etablissement ferm\u00e9\",\"3\"],\n[\"Tr\u00e9gunc\",\"R\u00e9sidence Vacances\",\"Finist\u00e8re\",\"Bretagne\",\"Non\",\"Oui\",\"Non\",\"Non\",\"Oui\",\"Non\",\"https:\/\/www.azureva-vacances.com\/fr\/hebergement\/residence-vacances-tregunc\/\",\"Etablissement ferm\u00e9\",\"3\"]\n];\n  var headers = DATA[0];\n  var allRows = DATA.slice(1);\n  var STAR_DISP  = 4;   \/\/ display index of \u00e9toiles col\n  var LABEL_S    = 5;   \/\/ first label display index\n  var LABEL_E    = 10;  \/\/ last  label display index\n  var FICHE_ETE  = 11;  \/\/ display index fiche \u00e9t\u00e9\n  var FICHE_HIV  = 12;  \/\/ display index fiche hiver\n  var TYPE_COL   = 1;\n  var scoresData = {};\n  var sortCol = -1, sortDir = 1;\n\n  \/\/ Row index mapping: display \u2192 row array index\n  function dispToRow(di) {\n    if (di <  STAR_DISP) return di;            \/\/ 0-3 \u2192 0-3\n    if (di === STAR_DISP) return 12;           \/\/ \u00e9toiles appended\n    if (di <= LABEL_E)  return di - 1;        \/\/ 5-10 \u2192 4-9\n    if (di === FICHE_ETE) return 10;\n    if (di === FICHE_HIV) return 11;\n    return di;\n  }\n\n  var TYPE_NORM = {\n    'R\u00e9sidence Bella Vista': 'R\u00e9sidence Vacances',\n    'R\u00e9sidence du Parc':     'R\u00e9sidence Vacances',\n    'H\u00f4tel Les Bateliers':   'H\u00f4tel'\n  };\n  function normType(t) { return TYPE_NORM[t] || t; }\n\n  function starsHtml(n) {\n    n = parseInt(n) || 0;\n    return '\u2605'.repeat(n) + '\u2606'.repeat(Math.max(0, 5 - n));\n  }\n\n  function render() {\n    var q  = document.getElementById('azrLabelSearch').value.toLowerCase().trim();\n    var ft = document.getElementById('azrLabelType').value;\n    var rows = allRows.filter(function(r) {\n      if (q  && String(r[0]).toLowerCase().indexOf(q) === -1) return false;\n      if (ft && normType(String(r[TYPE_COL])) !== ft) return false;\n      return true;\n    });\n    if (sortCol >= 0) {\n      var sc = dispToRow(sortCol);\n      rows.sort(function(a,b) {\n        var av = a[sc] !== null && a[sc] !== undefined ? a[sc] : '';\n        var bv = b[sc] !== null && b[sc] !== undefined ? b[sc] : '';\n        if (!isNaN(parseFloat(av)) && !isNaN(parseFloat(bv)))\n          return (parseFloat(av) - parseFloat(bv)) * sortDir;\n        return String(av).localeCompare(String(bv),'fr') * sortDir;\n      });\n    }\n    var thead = document.querySelector('#azrLabelTable thead');\n    var tbody = document.querySelector('#azrLabelTable tbody');\n    if (!thead._built) {\n      var hr = '<tr>';\n      for (var i = 0; i < headers.length; i++) {\n        var sc = i === sortCol ? (sortDir===1?' sa':' sd') : '';\n        var cls = '';\n        if (i === STAR_DISP)           cls = 'etoile-th';\n        else if (i >= LABEL_S && i <= LABEL_E) cls = 'label-th';\n        hr += '<th class=\"' + (cls+sc).trim() + '\" data-col=\"' + i + '\">' + headers[i] + '<span class=\"si\"><\/span><\/th>';\n      }\n      thead.innerHTML = hr + '<\/tr>';\n      thead.querySelectorAll('th').forEach(function(th) {\n        th.addEventListener('click', function() {\n          var c = parseInt(this.getAttribute('data-col'));\n          sortDir = (sortCol === c) ? -sortDir : 1;\n          sortCol = c;\n          thead._built = false;\n          render();\n        });\n      });\n      thead._built = true;\n    } else {\n      thead.querySelectorAll('th').forEach(function(th) {\n        var c = parseInt(th.getAttribute('data-col'));\n        var cls = c === STAR_DISP ? 'etoile-th' : (c >= LABEL_S && c <= LABEL_E ? 'label-th' : '');\n        th.className = cls + (c === sortCol ? (sortDir===1?' sa':' sd') : '');\n      });\n    }\n    var html = '';\n    if (!rows.length) {\n      document.getElementById('azrLabelNoRes').style.display = '';\n      tbody.innerHTML = '';\n    } else {\n      document.getElementById('azrLabelNoRes').style.display = 'none';\n      for (var ri = 0; ri < rows.length; ri++) {\n        var row = rows[ri]; html += '<tr>';\n        \/\/ Info cols 0-3\n        for (var di = 0; di < STAR_DISP; di++) {\n          var v = String(row[dispToRow(di)] !== null && row[dispToRow(di)] !== undefined ? row[dispToRow(di)] : '');\n          html += '<td>' + (v || '\u2014') + '<\/td>';\n        }\n        \/\/ \u00c9toiles\n        var etoilesVal = row[12] !== null && row[12] !== undefined ? row[12] : '';\n        html += '<td class=\"etoile-cell\">' + (etoilesVal || '\u2014') + '<\/td>';\n        \/\/ Label cols\n        for (var lc = 4; lc <= 9; lc++) {\n          var lv = String(row[lc] !== null && row[lc] !== undefined ? row[lc] : '').toUpperCase();\n          if (lv === 'OUI') html += '<td class=\"label-cell label-oui\">\u2713<\/td>';\n          else if (lv === 'NON') html += '<td class=\"label-cell label-non\">\u2717<\/td>';\n          else html += '<td class=\"label-cell\">' + (row[lc] || '\u2014') + '<\/td>';\n        }\n        \/\/ Fiche web \u00e9t\u00e9 (row[10])\n        var ve = String(row[10] || '');\n        if (ve.indexOf('http') === 0)\n          html += '<td class=\"link-cell\"><a class=\"fiche-btn\" href=\"' + ve + '\" target=\"_blank\">\u00c9t\u00e9<\/a><\/td>';\n        else if (ve.toLowerCase().indexOf('ferm') !== -1)\n          html += '<td class=\"link-cell ferme\">Ferm\u00e9<\/td>';\n        else\n          html += '<td class=\"link-cell\">' + (ve || '\u2014') + '<\/td>';\n        \/\/ Fiche web hiver (row[11])\n        var vh = String(row[11] || '');\n        if (vh.indexOf('http') === 0)\n          html += '<td class=\"link-cell\"><a class=\"fiche-btn\" href=\"' + vh + '\" target=\"_blank\">Hiver<\/a><\/td>';\n        else if (vh.toLowerCase().indexOf('ferm') !== -1)\n          html += '<td class=\"link-cell ferme\">Ferm\u00e9<\/td>';\n        else\n          html += '<td class=\"link-cell\">' + (vh || '\u2014') + '<\/td>';\n        html += '<\/tr>';\n      }\n      tbody.innerHTML = html;\n    }\n    document.getElementById('azrLabelCount').textContent =\n      rows.length + ' \u00e9tablissement' + (rows.length > 1 ? 's' : '');\n  }\n\n\n\n\n\n\n  document.getElementById('azrLabelSearch').addEventListener('input', render);\n  document.getElementById('azrLabelType').addEventListener('change', render);  render();\n})();\n<\/script>\n<\/body>\n<\/html>\n<\/div>\n\t\t\t\t\t\t<\/div>\n\t\t\t\t<\/div>\n\t\t\t\t\t<\/div>\n\t\t\t\t<\/div>\n\t\t<div class=\"elementor-element elementor-element-0799925 e-flex e-con-boxed e-con e-parent\" data-id=\"0799925\" data-element_type=\"container\" data-e-type=\"container\" data-settings=\"{&quot;jet_parallax_layout_list&quot;:[]}\">\n\t\t\t\t\t<div class=\"e-con-inner\">\n\t\t\t\t<div class=\"elementor-element elementor-element-d2c0cfe elementor-widget elementor-widget-spacer\" data-id=\"d2c0cfe\" data-element_type=\"widget\" data-e-type=\"widget\" data-widget_type=\"spacer.default\">\n\t\t\t\t<div class=\"elementor-widget-container\">\n\t\t\t\t\t\t\t<div class=\"elementor-spacer\">\n\t\t\t<div class=\"elementor-spacer-inner\"><\/div>\n\t\t<\/div>\n\t\t\t\t\t\t<\/div>\n\t\t\t\t<\/div>\n\t\t\t\t<div class=\"elementor-element elementor-element-8ec1d3b elementor-widget elementor-widget-heading\" data-id=\"8ec1d3b\" data-element_type=\"widget\" data-e-type=\"widget\" data-widget_type=\"heading.default\">\n\t\t\t\t<div class=\"elementor-widget-container\">\n\t\t\t\t\t<h2 class=\"elementor-heading-title elementor-size-default\">Explications sur les labels et certifications<\/h2>\t\t\t\t<\/div>\n\t\t\t\t<\/div>\n\t\t\t\t\t<\/div>\n\t\t\t\t<\/div>\n\t\t<div class=\"elementor-element elementor-element-65b2247 e-grid e-con-boxed e-con e-parent\" data-id=\"65b2247\" data-element_type=\"container\" data-e-type=\"container\" data-settings=\"{&quot;jet_parallax_layout_list&quot;:[]}\">\n\t\t\t\t\t<div class=\"e-con-inner\">\n\t\t\t\t<div class=\"elementor-element elementor-element-222062b elementor-widget elementor-widget-image\" data-id=\"222062b\" data-element_type=\"widget\" data-e-type=\"widget\" data-widget_type=\"image.default\">\n\t\t\t\t<div class=\"elementor-widget-container\">\n\t\t\t\t\t\t\t\t\t\t\t\t\t\t\t<img loading=\"lazy\" decoding=\"async\" width=\"300\" height=\"300\" src=\"https:\/\/www.azureva-vacances.com\/wp-content\/uploads\/2026\/04\/logo-label-atout-france-300x300.jpg\" class=\"attachment-medium size-medium wp-image-116858\" alt=\"Logo du label Atout France\" srcset=\"https:\/\/www.azureva-vacances.com\/wp-content\/uploads\/2026\/04\/logo-label-atout-france-mobile.avif 420w\" sizes=\"auto, (max-width: 420px) 100vw, 100vw\" loading=\"lazy\" \/>\t\t\t\t\t\t\t\t\t\t\t\t\t\t\t<\/div>\n\t\t\t\t<\/div>\n\t\t\t\t<div class=\"elementor-element elementor-element-7690b34 elementor-widget elementor-widget-text-editor\" data-id=\"7690b34\" data-element_type=\"widget\" data-e-type=\"widget\" data-widget_type=\"text-editor.default\">\n\t\t\t\t<div class=\"elementor-widget-container\">\n\t\t\t\t\t\t\t\t\t<h3><em><strong>Le classement par \u00e9toiles Atout France<\/strong><\/em><\/h3><p>Le classement h\u00f4telier officiel est d\u00e9livr\u00e9 par <strong>Atout France<\/strong>, l&#8217;agence de d\u00e9veloppement touristique de la France, sous l&#8217;autorit\u00e9 du minist\u00e8re charg\u00e9 du Tourisme. Il s&#8217;applique aux h\u00f4tels, r\u00e9sidences de tourisme, villages de vacances et campings, de 1 \u00e0 5 \u00e9toiles. Ce classement repose sur plus de 200 crit\u00e8res : \u00e9quipements, services propos\u00e9s, accessibilit\u00e9, pratiques durables. Il est obtenu sur demande de l&#8217;\u00e9tablissement et fait l&#8217;objet d&#8217;un audit par un organisme certificateur accr\u00e9dit\u00e9. Pour les familles comme pour les voyageurs d&#8217;affaires, les \u00e9toiles Atout France constituent la premi\u00e8re r\u00e9f\u00e9rence de qualit\u00e9 \u00e0 consulter avant de r\u00e9server. Tous les \u00e9tablissements Azureva class\u00e9s ont obtenu leur \u00e9toile(s) dans ce cadre officiel. <a class=\"underline underline underline-offset-2 decoration-1 decoration-current\/40 hover:decoration-current focus:decoration-current\" href=\"https:\/\/atout-france.fr\/\" target=\"_blank\" rel=\"noopener\">En savoir plus sur le classement Atout France<\/a><\/p>\t\t\t\t\t\t\t\t<\/div>\n\t\t\t\t<\/div>\n\t\t\t\t\t<\/div>\n\t\t\t\t<\/div>\n\t\t<div class=\"elementor-element elementor-element-564932c e-grid e-con-boxed e-con e-parent\" data-id=\"564932c\" data-element_type=\"container\" data-e-type=\"container\" data-settings=\"{&quot;jet_parallax_layout_list&quot;:[]}\">\n\t\t\t\t\t<div class=\"e-con-inner\">\n\t\t\t\t<div class=\"elementor-element elementor-element-1a6981a elementor-widget elementor-widget-image\" data-id=\"1a6981a\" data-element_type=\"widget\" data-e-type=\"widget\" data-widget_type=\"image.default\">\n\t\t\t\t<div class=\"elementor-widget-container\">\n\t\t\t\t\t\t\t\t\t\t\t\t\t\t\t<img loading=\"lazy\" decoding=\"async\" width=\"300\" height=\"300\" src=\"https:\/\/www.azureva-vacances.com\/wp-content\/uploads\/2026\/04\/logo-label-famille-plus-300x300.jpg\" class=\"attachment-medium size-medium wp-image-116870\" alt=\"Logo du label Famille Plus\" srcset=\"https:\/\/www.azureva-vacances.com\/wp-content\/uploads\/2026\/04\/logo-label-famille-plus-mobile.avif 420w\" sizes=\"auto, (max-width: 420px) 100vw, 100vw\" loading=\"lazy\" \/>\t\t\t\t\t\t\t\t\t\t\t\t\t\t\t<\/div>\n\t\t\t\t<\/div>\n\t\t\t\t<div class=\"elementor-element elementor-element-f6f7faa elementor-widget elementor-widget-text-editor\" data-id=\"f6f7faa\" data-element_type=\"widget\" data-e-type=\"widget\" data-widget_type=\"text-editor.default\">\n\t\t\t\t<div class=\"elementor-widget-container\">\n\t\t\t\t\t\t\t\t\t<h3 class=\"text-text-100 mt-2 -mb-1 text-base font-bold\"><strong><em>Le label Famille Plus<\/em><\/strong><\/h3><p>Le label <strong>Famille Plus<\/strong> est attribu\u00e9 par le minist\u00e8re charg\u00e9 du Tourisme \u00e0 des stations touristiques et h\u00e9bergements qui proposent des services sp\u00e9cifiquement adapt\u00e9s aux familles avec enfants. Pour obtenir ce label, un \u00e9tablissement doit r\u00e9pondre \u00e0 des crit\u00e8res stricts : accueil d\u00e9di\u00e9 aux enfants, activit\u00e9s encadr\u00e9es, tarifs adapt\u00e9s, \u00e9quipements s\u00e9curis\u00e9s. En France, ce label concerne aussi bien des destinations de montagne que des sites baln\u00e9aires ou de campagne. Chez Azureva, plusieurs \u00e9tablissements arborent fi\u00e8rement ce label \u2014 d&#8217;Hendaye aux Alpes en passant par l&#8217;\u00cele d&#8217;Ol\u00e9ron ou Ronce-les-Bains \u2014 en coh\u00e9rence avec notre vocation premi\u00e8re : accueillir les familles dans les meilleures conditions depuis 1951. <a class=\"underline underline underline-offset-2 decoration-1 decoration-current\/40 hover:decoration-current focus:decoration-current\" href=\"https:\/\/www.familleplus.fr\/\" target=\"_blank\" rel=\"noopener\">En savoir plus sur le label Famille Plus<\/a>\u00a0<\/p>\t\t\t\t\t\t\t\t<\/div>\n\t\t\t\t<\/div>\n\t\t\t\t\t<\/div>\n\t\t\t\t<\/div>\n\t\t<div class=\"elementor-element elementor-element-b568335 e-grid e-con-boxed e-con e-parent\" data-id=\"b568335\" data-element_type=\"container\" data-e-type=\"container\" data-settings=\"{&quot;jet_parallax_layout_list&quot;:[]}\">\n\t\t\t\t\t<div class=\"e-con-inner\">\n\t\t\t\t<div class=\"elementor-element elementor-element-8ae0467 elementor-widget elementor-widget-image\" data-id=\"8ae0467\" data-element_type=\"widget\" data-e-type=\"widget\" data-widget_type=\"image.default\">\n\t\t\t\t<div class=\"elementor-widget-container\">\n\t\t\t\t\t\t\t\t\t\t\t\t\t\t\t<img loading=\"lazy\" decoding=\"async\" width=\"300\" height=\"300\" src=\"https:\/\/www.azureva-vacances.com\/wp-content\/uploads\/2026\/04\/logo-label-cle-verte-300x300.jpg\" class=\"attachment-medium size-medium wp-image-116864\" alt=\"Logo du label Cl\u00e9 Verte, h\u00e9bergement touristique durable\" srcset=\"https:\/\/www.azureva-vacances.com\/wp-content\/uploads\/2026\/04\/logo-label-cle-verte-mobile.avif 420w\" sizes=\"auto, (max-width: 420px) 100vw, 100vw\" loading=\"lazy\" \/>\t\t\t\t\t\t\t\t\t\t\t\t\t\t\t<\/div>\n\t\t\t\t<\/div>\n\t\t\t\t<div class=\"elementor-element elementor-element-c6e4a82 elementor-widget elementor-widget-text-editor\" data-id=\"c6e4a82\" data-element_type=\"widget\" data-e-type=\"widget\" data-widget_type=\"text-editor.default\">\n\t\t\t\t<div class=\"elementor-widget-container\">\n\t\t\t\t\t\t\t\t\t<h3><strong><em>Le label Cl\u00e9 Verte<\/em><\/strong><\/h3><p>La <strong>Cl\u00e9 Verte<\/strong> est un label environnemental international, attribu\u00e9 aux h\u00e9bergements et structures de loisirs qui s&#8217;engagent dans une d\u00e9marche de gestion \u00e9cologique responsable. Cr\u00e9\u00e9 en 1994, pr\u00e9sent dans plus de 60 pays, il est d\u00e9cern\u00e9 en France par la Foundation for Environmental Education (FEE). Les crit\u00e8res portent sur la gestion de l&#8217;eau, des d\u00e9chets, de l&#8217;\u00e9nergie, les achats responsables et la sensibilisation des \u00e9quipes et des clients. Un \u00e9tablissement labellis\u00e9 Cl\u00e9 Verte ne se contente pas de &#8220;faire attention&#8221; : il est audit\u00e9 et doit maintenir ses engagements dans la dur\u00e9e. Chez Azureva, des \u00e9tablissements comme Bussang (Vosges), Hendaye (Pays Basque) ou Tr\u00e9gunc (Bretagne) ont obtenu cette distinction. <a class=\"underline underline underline-offset-2 decoration-1 decoration-current\/40 hover:decoration-current focus:decoration-current\" href=\"https:\/\/www.laclefverte.org\/\" target=\"_blank\" rel=\"noopener\">En savoir plus sur le label Cl\u00e9 Verte<\/a><\/p>\t\t\t\t\t\t\t\t<\/div>\n\t\t\t\t<\/div>\n\t\t\t\t\t<\/div>\n\t\t\t\t<\/div>\n\t\t<div class=\"elementor-element elementor-element-e7332e1 e-grid e-con-boxed e-con e-parent\" data-id=\"e7332e1\" data-element_type=\"container\" data-e-type=\"container\" data-settings=\"{&quot;jet_parallax_layout_list&quot;:[]}\">\n\t\t\t\t\t<div class=\"e-con-inner\">\n\t\t\t\t<div class=\"elementor-element elementor-element-0486e02 elementor-widget elementor-widget-image\" data-id=\"0486e02\" data-element_type=\"widget\" data-e-type=\"widget\" data-widget_type=\"image.default\">\n\t\t\t\t<div class=\"elementor-widget-container\">\n\t\t\t\t\t\t\t\t\t\t\t\t\t\t\t<img loading=\"lazy\" decoding=\"async\" width=\"300\" height=\"300\" src=\"https:\/\/www.azureva-vacances.com\/wp-content\/uploads\/2026\/04\/logo-label-accueil-velo-300x300.jpg\" class=\"attachment-medium size-medium wp-image-116852\" alt=\"Logo du label Accueil V\u00e9lo\" srcset=\"https:\/\/www.azureva-vacances.com\/wp-content\/uploads\/2026\/04\/logo-label-accueil-velo-mobile.avif 420w\" sizes=\"auto, (max-width: 420px) 100vw, 100vw\" loading=\"lazy\" \/>\t\t\t\t\t\t\t\t\t\t\t\t\t\t\t<\/div>\n\t\t\t\t<\/div>\n\t\t\t\t<div class=\"elementor-element elementor-element-32cbe5b elementor-widget elementor-widget-text-editor\" data-id=\"32cbe5b\" data-element_type=\"widget\" data-e-type=\"widget\" data-widget_type=\"text-editor.default\">\n\t\t\t\t<div class=\"elementor-widget-container\">\n\t\t\t\t\t\t\t\t\t<h3><strong><em>Le label Accueil V\u00e9lo<\/em><\/strong><\/h3><p><strong>Accueil V\u00e9lo<\/strong> est un label national qui identifie les h\u00e9bergements et services situ\u00e9s \u00e0 moins de 5 km d&#8217;un itin\u00e9raire cyclable, r\u00e9pondant \u00e0 des engagements pr\u00e9cis envers les cyclotouristes : local s\u00e9curis\u00e9 pour les v\u00e9los, mat\u00e9riel d&#8217;entretien de base, informations sur les itin\u00e9raires locaux, petit-d\u00e9jeuner disponible d\u00e8s l&#8217;aube pour les grands d\u00e9parts\u2026 C&#8217;est la r\u00e9f\u00e9rence incontournable pour organiser un s\u00e9jour \u00e0 v\u00e9lo en France, que ce soit sur les grandes voies vertes (La V\u00e9lodyss\u00e9e, La V\u00e9littorale, La Scandib\u00e9rique\u2026) ou sur des itin\u00e9raires r\u00e9gionaux. Chez Azureva, de nombreux \u00e9tablissements sur l&#8217;Atlantique, en Auvergne et en M\u00e9diterran\u00e9e disposent de ce label \u2014 id\u00e9al pour combiner nature, sport et h\u00e9bergement labellis\u00e9. <a class=\"underline underline underline-offset-2 decoration-1 decoration-current\/40 hover:decoration-current focus:decoration-current\" href=\"https:\/\/www.accueil-velo.fr\/\" target=\"_blank\" rel=\"noopener\">En savoir plus sur le label Accueil V\u00e9lo<\/a><\/p><p>\u00a0<\/p>\t\t\t\t\t\t\t\t<\/div>\n\t\t\t\t<\/div>\n\t\t\t\t\t<\/div>\n\t\t\t\t<\/div>\n\t\t<div class=\"elementor-element elementor-element-3be8c75 e-grid e-con-boxed e-con e-parent\" data-id=\"3be8c75\" data-element_type=\"container\" data-e-type=\"container\" data-settings=\"{&quot;jet_parallax_layout_list&quot;:[]}\">\n\t\t\t\t\t<div class=\"e-con-inner\">\n\t\t\t\t<div class=\"elementor-element elementor-element-d605569 elementor-widget elementor-widget-image\" data-id=\"d605569\" data-element_type=\"widget\" data-e-type=\"widget\" data-widget_type=\"image.default\">\n\t\t\t\t<div class=\"elementor-widget-container\">\n\t\t\t\t\t\t\t\t\t\t\t\t\t\t\t<img loading=\"lazy\" decoding=\"async\" width=\"300\" height=\"300\" src=\"https:\/\/www.azureva-vacances.com\/wp-content\/uploads\/2026\/04\/logo-label-green-destinations-300x300.jpg\" class=\"attachment-medium size-medium wp-image-116876\" alt=\"Logo du label Green Destinations\" srcset=\"https:\/\/www.azureva-vacances.com\/wp-content\/uploads\/2026\/04\/logo-label-green-destinations-mobile.avif 420w\" sizes=\"auto, (max-width: 420px) 100vw, 100vw\" loading=\"lazy\" \/>\t\t\t\t\t\t\t\t\t\t\t\t\t\t\t<\/div>\n\t\t\t\t<\/div>\n\t\t\t\t<div class=\"elementor-element elementor-element-0034abd elementor-widget elementor-widget-text-editor\" data-id=\"0034abd\" data-element_type=\"widget\" data-e-type=\"widget\" data-widget_type=\"text-editor.default\">\n\t\t\t\t<div class=\"elementor-widget-container\">\n\t\t\t\t\t\t\t\t\t<h3 class=\"text-text-100 mt-2 -mb-1 text-base font-bold\"><strong><em>Le label Green Destinations<\/em><\/strong><\/h3><p class=\"font-claude-response-body break-words whitespace-normal leading-[1.7]\"><strong>Green Destinations<\/strong> est un programme de certification internationale pour les destinations touristiques durables. Il \u00e9value les pratiques environnementales, sociales et \u00e9conomiques d&#8217;un site touristique selon une centaine de crit\u00e8res r\u00e9partis en plusieurs th\u00e9matiques : nature, culture, environnement social, commerce \u00e9quitable, accessibilit\u00e9\u2026 Les sites labellis\u00e9s re\u00e7oivent un score et peuvent pr\u00e9tendre au titre de &#8220;Top 100 Destinations&#8221; \u00e0 l&#8217;\u00e9chelle mondiale. En France, ce label reste encore peu r\u00e9pandu, ce qui lui conf\u00e8re une valeur distinctive forte. Chez Azureva, les \u00e9tablissements de Hauteville-sur-Mer (Normandie), du Grau-du-Roi &#8211; Port Camargue (Occitanie) et de La Mongie (Hautes-Pyr\u00e9n\u00e9es) ont obtenu cette certification internationale. <a class=\"underline underline underline-offset-2 decoration-1 decoration-current\/40 hover:decoration-current focus:decoration-current\" href=\"https:\/\/greendestinations.org\/\" target=\"_blank\" rel=\"noopener\">En savoir plus sur Green Destinations<\/a>\u00a0<\/p>\t\t\t\t\t\t\t\t<\/div>\n\t\t\t\t<\/div>\n\t\t\t\t\t<\/div>\n\t\t\t\t<\/div>\n\t\t<div class=\"elementor-element elementor-element-e87c578 e-grid e-con-boxed e-con e-parent\" data-id=\"e87c578\" data-element_type=\"container\" data-e-type=\"container\" data-settings=\"{&quot;jet_parallax_layout_list&quot;:[]}\">\n\t\t\t\t\t<div class=\"e-con-inner\">\n\t\t\t\t<div class=\"elementor-element elementor-element-d9dac91 elementor-widget elementor-widget-image\" data-id=\"d9dac91\" data-element_type=\"widget\" data-e-type=\"widget\" data-widget_type=\"image.default\">\n\t\t\t\t<div class=\"elementor-widget-container\">\n\t\t\t\t\t\t\t\t\t\t\t\t\t\t\t<img loading=\"lazy\" decoding=\"async\" width=\"300\" height=\"300\" src=\"https:\/\/www.azureva-vacances.com\/wp-content\/uploads\/2026\/04\/logo-label-handiplage-300x300.jpg\" class=\"attachment-medium size-medium wp-image-116882\" alt=\"Dessin d&apos;un parasol, d&apos;un soleil et d&apos;un fauteuil roulant avec une bou\u00e9e, le tout surmontant l&apos;inscription HANDIPLAGE.\" srcset=\"https:\/\/www.azureva-vacances.com\/wp-content\/uploads\/2026\/04\/logo-label-handiplage-mobile.avif 420w\" sizes=\"auto, (max-width: 420px) 100vw, 100vw\" loading=\"lazy\" \/>\t\t\t\t\t\t\t\t\t\t\t\t\t\t\t<\/div>\n\t\t\t\t<\/div>\n\t\t\t\t<div class=\"elementor-element elementor-element-7aa6dec elementor-widget elementor-widget-text-editor\" data-id=\"7aa6dec\" data-element_type=\"widget\" data-e-type=\"widget\" data-widget_type=\"text-editor.default\">\n\t\t\t\t<div class=\"elementor-widget-container\">\n\t\t\t\t\t\t\t\t\t<h3><em><strong>Le label Handiplage<\/strong><\/em><\/h3><p><strong>Handiplage<\/strong> est un label fran\u00e7ais qui signale les plages accessibles aux personnes en situation de handicap \u2014 qu&#8217;il s&#8217;agisse de handicap moteur, visuel, auditif ou mental. Il recense les \u00e9quipements mis \u00e0 disposition : fauteuils amphibies, tiralo, acc\u00e8s am\u00e9nag\u00e9s, personnel form\u00e9, stationnements adapt\u00e9s\u2026 Ce label est pilot\u00e9 par l&#8217;association Handiplage, en partenariat avec les communes gestionnaires des plages. Pour les familles ou les groupes comptant une personne \u00e0 mobilit\u00e9 r\u00e9duite, choisir un \u00e9tablissement Azureva \u00e0 proximit\u00e9 d&#8217;une plage Handiplage est une garantie d&#8217;inclusivit\u00e9 concr\u00e8te. C&#8217;est le cas notamment \u00e0 Hendaye, Argel\u00e8s-sur-Mer, Cap d&#8217;Agde, Saint-Cyprien, La Londe-les-Maures, Hossegor et Longeville-sur-Mer. <a class=\"underline underline underline-offset-2 decoration-1 decoration-current\/40 hover:decoration-current focus:decoration-current\" href=\"https:\/\/handiplage.fr\/\" target=\"_blank\" rel=\"noopener\">En savoir plus sur le label Handiplage<\/a>\u00a0<\/p>\t\t\t\t\t\t\t\t<\/div>\n\t\t\t\t<\/div>\n\t\t\t\t\t<\/div>\n\t\t\t\t<\/div>\n\t\t<div class=\"elementor-element elementor-element-bd776d1 e-flex e-con-boxed e-con e-parent\" data-id=\"bd776d1\" data-element_type=\"container\" data-e-type=\"container\" data-settings=\"{&quot;jet_parallax_layout_list&quot;:[]}\">\n\t\t\t\t\t<div class=\"e-con-inner\">\n\t\t\t\t<div class=\"elementor-element elementor-element-742479b elementor-widget elementor-widget-spacer\" data-id=\"742479b\" data-element_type=\"widget\" data-e-type=\"widget\" data-widget_type=\"spacer.default\">\n\t\t\t\t<div class=\"elementor-widget-container\">\n\t\t\t\t\t\t\t<div class=\"elementor-spacer\">\n\t\t\t<div class=\"elementor-spacer-inner\"><\/div>\n\t\t<\/div>\n\t\t\t\t\t\t<\/div>\n\t\t\t\t<\/div>\n\t\t\t\t<div class=\"elementor-element elementor-element-2f79b86 elementor-widget elementor-widget-heading\" data-id=\"2f79b86\" data-element_type=\"widget\" data-e-type=\"widget\" data-widget_type=\"heading.default\">\n\t\t\t\t<div class=\"elementor-widget-container\">\n\t\t\t\t\t<h2 class=\"elementor-heading-title elementor-size-default\">FAQ sur les labels et certifications<\/h2>\t\t\t\t<\/div>\n\t\t\t\t<\/div>\n\t\t\t\t<div class=\"elementor-element elementor-element-327bcd7 elementor-widget elementor-widget-text-editor\" data-id=\"327bcd7\" data-element_type=\"widget\" data-e-type=\"widget\" data-widget_type=\"text-editor.default\">\n\t\t\t\t<div class=\"elementor-widget-container\">\n\t\t\t\t\t\t\t\t\t<p data-start=\"353\" data-end=\"500\">Prolongez l\u2019exp\u00e9rience en d\u00e9couvrant le village et la r\u00e9sidence de vacances Azureva de Fournols, nich\u00e9s au c\u0153ur d\u2019un environnement naturel pr\u00e9serv\u00e9. Entre for\u00eats, grand air et activit\u00e9s pour tous, profitez d\u2019un cadre id\u00e9al pour vous ressourcer et partager des moments en famille.<\/p>\t\t\t\t\t\t\t\t<\/div>\n\t\t\t\t<\/div>\n\t\t\t\t<div class=\"elementor-element elementor-element-abd5068 elementor-widget elementor-widget-n-accordion\" data-id=\"abd5068\" data-element_type=\"widget\" data-e-type=\"widget\" data-settings=\"{&quot;default_state&quot;:&quot;expanded&quot;,&quot;max_items_expended&quot;:&quot;one&quot;,&quot;n_accordion_animation_duration&quot;:{&quot;unit&quot;:&quot;ms&quot;,&quot;size&quot;:400,&quot;sizes&quot;:[]}}\" data-widget_type=\"nested-accordion.default\">\n\t\t\t\t<div class=\"elementor-widget-container\">\n\t\t\t\t\t\t\t<div class=\"e-n-accordion\" aria-label=\"Accordion. Open links with Enter or Space, close with Escape, and navigate with Arrow Keys\">\n\t\t\t\t\t\t<details id=\"e-n-accordion-item-1800\" class=\"e-n-accordion-item\" open>\n\t\t\t\t<summary class=\"e-n-accordion-item-title\" data-accordion-index=\"1\" tabindex=\"0\" aria-expanded=\"true\" aria-controls=\"e-n-accordion-item-1800\" >\n\t\t\t\t\t<span class='e-n-accordion-item-title-header'><div class=\"e-n-accordion-item-title-text\"> Qu'est-ce qu'un village vacances labellis\u00e9 ? <\/div><\/span>\n\t\t\t\t\t\t\t<span class='e-n-accordion-item-title-icon'>\n\t\t\t<span class='e-opened' ><svg aria-hidden=\"true\" class=\"e-font-icon-svg e-fas-minus\" viewBox=\"0 0 448 512\" xmlns=\"http:\/\/www.w3.org\/2000\/svg\"><path d=\"M416 208H32c-17.67 0-32 14.33-32 32v32c0 17.67 14.33 32 32 32h384c17.67 0 32-14.33 32-32v-32c0-17.67-14.33-32-32-32z\"><\/path><\/svg><\/span>\n\t\t\t<span class='e-closed'><svg aria-hidden=\"true\" class=\"e-font-icon-svg e-fas-plus\" viewBox=\"0 0 448 512\" xmlns=\"http:\/\/www.w3.org\/2000\/svg\"><path d=\"M416 208H272V64c0-17.67-14.33-32-32-32h-32c-17.67 0-32 14.33-32 32v144H32c-17.67 0-32 14.33-32 32v32c0 17.67 14.33 32 32 32h144v144c0 17.67 14.33 32 32 32h32c17.67 0 32-14.33 32-32V304h144c17.67 0 32-14.33 32-32v-32c0-17.67-14.33-32-32-32z\"><\/path><\/svg><\/span>\n\t\t<\/span>\n\n\t\t\t\t\t\t<\/summary>\n\t\t\t\t<div role=\"region\" aria-labelledby=\"e-n-accordion-item-1800\" class=\"elementor-element elementor-element-cc8e4f9 e-con-full e-flex e-con e-child\" data-id=\"cc8e4f9\" data-element_type=\"container\" data-e-type=\"container\" data-settings=\"{&quot;jet_parallax_layout_list&quot;:[]}\">\n\t\t\t\t<div class=\"elementor-element elementor-element-b80c8e1 elementor-widget elementor-widget-text-editor\" data-id=\"b80c8e1\" data-element_type=\"widget\" data-e-type=\"widget\" data-widget_type=\"text-editor.default\">\n\t\t\t\t<div class=\"elementor-widget-container\">\n\t\t\t\t\t\t\t\t\t<p>Un village vacances labellis\u00e9 est un h\u00e9bergement collectif qui a obtenu une ou plusieurs distinctions officielles, attribu\u00e9es par des organismes ind\u00e9pendants, reconnaissant la qualit\u00e9 de ses services, son engagement environnemental ou son accessibilit\u00e9. Ces labels sont audit\u00e9s r\u00e9guli\u00e8rement et ne sont pas achet\u00e9s : ils r\u00e9compensent des pratiques effectives. Chez Azureva, les labels d\u00e9tenus par nos \u00e9tablissements sont indiqu\u00e9s dans le tableau de cette page.<\/p>\t\t\t\t\t\t\t\t<\/div>\n\t\t\t\t<\/div>\n\t\t\t\t<\/div>\n\t\t\t\t\t<\/details>\n\t\t\t\t\t\t<details id=\"e-n-accordion-item-1801\" class=\"e-n-accordion-item\" >\n\t\t\t\t<summary class=\"e-n-accordion-item-title\" data-accordion-index=\"2\" tabindex=\"-1\" aria-expanded=\"false\" aria-controls=\"e-n-accordion-item-1801\" >\n\t\t\t\t\t<span class='e-n-accordion-item-title-header'><div class=\"e-n-accordion-item-title-text\"> Le classement \u00e9toiles Atout France est-il obligatoire ? <\/div><\/span>\n\t\t\t\t\t\t\t<span class='e-n-accordion-item-title-icon'>\n\t\t\t<span class='e-opened' ><svg aria-hidden=\"true\" class=\"e-font-icon-svg e-fas-minus\" viewBox=\"0 0 448 512\" xmlns=\"http:\/\/www.w3.org\/2000\/svg\"><path d=\"M416 208H32c-17.67 0-32 14.33-32 32v32c0 17.67 14.33 32 32 32h384c17.67 0 32-14.33 32-32v-32c0-17.67-14.33-32-32-32z\"><\/path><\/svg><\/span>\n\t\t\t<span class='e-closed'><svg aria-hidden=\"true\" class=\"e-font-icon-svg e-fas-plus\" viewBox=\"0 0 448 512\" xmlns=\"http:\/\/www.w3.org\/2000\/svg\"><path d=\"M416 208H272V64c0-17.67-14.33-32-32-32h-32c-17.67 0-32 14.33-32 32v144H32c-17.67 0-32 14.33-32 32v32c0 17.67 14.33 32 32 32h144v144c0 17.67 14.33 32 32 32h32c17.67 0 32-14.33 32-32V304h144c17.67 0 32-14.33 32-32v-32c0-17.67-14.33-32-32-32z\"><\/path><\/svg><\/span>\n\t\t<\/span>\n\n\t\t\t\t\t\t<\/summary>\n\t\t\t\t<div role=\"region\" aria-labelledby=\"e-n-accordion-item-1801\" class=\"elementor-element elementor-element-ccb75fd e-con-full e-flex e-con e-child\" data-id=\"ccb75fd\" data-element_type=\"container\" data-e-type=\"container\" data-settings=\"{&quot;jet_parallax_layout_list&quot;:[]}\">\n\t\t\t\t<div class=\"elementor-element elementor-element-abdaa66 elementor-widget elementor-widget-text-editor\" data-id=\"abdaa66\" data-element_type=\"widget\" data-e-type=\"widget\" data-widget_type=\"text-editor.default\">\n\t\t\t\t<div class=\"elementor-widget-container\">\n\t\t\t\t\t\t\t\t\t<p>Non, le classement h\u00f4telier est une d\u00e9marche volontaire. Un \u00e9tablissement peut tout \u00e0 fait accueillir des clients sans classement officiel. Cependant, obtenir des \u00e9toiles Atout France permet d&#8217;apporter une garantie de qualit\u00e9 transparente et v\u00e9rifiable aux vacanciers. Tous les \u00e9tablissements Azureva class\u00e9s ont fait la d\u00e9marche de cet audit officiel.<\/p>\t\t\t\t\t\t\t\t<\/div>\n\t\t\t\t<\/div>\n\t\t\t\t<\/div>\n\t\t\t\t\t<\/details>\n\t\t\t\t\t\t<details id=\"e-n-accordion-item-1802\" class=\"e-n-accordion-item\" >\n\t\t\t\t<summary class=\"e-n-accordion-item-title\" data-accordion-index=\"3\" tabindex=\"-1\" aria-expanded=\"false\" aria-controls=\"e-n-accordion-item-1802\" >\n\t\t\t\t\t<span class='e-n-accordion-item-title-header'><div class=\"e-n-accordion-item-title-text\"> Le label Famille Plus est-il disponible dans toute la France ? <\/div><\/span>\n\t\t\t\t\t\t\t<span class='e-n-accordion-item-title-icon'>\n\t\t\t<span class='e-opened' ><svg aria-hidden=\"true\" class=\"e-font-icon-svg e-fas-minus\" viewBox=\"0 0 448 512\" xmlns=\"http:\/\/www.w3.org\/2000\/svg\"><path d=\"M416 208H32c-17.67 0-32 14.33-32 32v32c0 17.67 14.33 32 32 32h384c17.67 0 32-14.33 32-32v-32c0-17.67-14.33-32-32-32z\"><\/path><\/svg><\/span>\n\t\t\t<span class='e-closed'><svg aria-hidden=\"true\" class=\"e-font-icon-svg e-fas-plus\" viewBox=\"0 0 448 512\" xmlns=\"http:\/\/www.w3.org\/2000\/svg\"><path d=\"M416 208H272V64c0-17.67-14.33-32-32-32h-32c-17.67 0-32 14.33-32 32v144H32c-17.67 0-32 14.33-32 32v32c0 17.67 14.33 32 32 32h144v144c0 17.67 14.33 32 32 32h32c17.67 0 32-14.33 32-32V304h144c17.67 0 32-14.33 32-32v-32c0-17.67-14.33-32-32-32z\"><\/path><\/svg><\/span>\n\t\t<\/span>\n\n\t\t\t\t\t\t<\/summary>\n\t\t\t\t<div role=\"region\" aria-labelledby=\"e-n-accordion-item-1802\" class=\"elementor-element elementor-element-6d16e95 e-con-full e-flex e-con e-child\" data-id=\"6d16e95\" data-element_type=\"container\" data-e-type=\"container\" data-settings=\"{&quot;jet_parallax_layout_list&quot;:[]}\">\n\t\t\t\t<div class=\"elementor-element elementor-element-0d7901b elementor-widget elementor-widget-text-editor\" data-id=\"0d7901b\" data-element_type=\"widget\" data-e-type=\"widget\" data-widget_type=\"text-editor.default\">\n\t\t\t\t<div class=\"elementor-widget-container\">\n\t\t\t\t\t\t\t\t\t<p>Le label Famille Plus concerne \u00e0 la fois des stations touristiques (stations de montagne, stations baln\u00e9aires\u2026) et des h\u00e9bergements individuels. Il existe en France sur des destinations tr\u00e8s vari\u00e9es \u2014 mer, montagne, campagne \u2014 ce qui en fait un rep\u00e8re utile quelle que soit votre destination. Chez Azureva, vous trouverez des \u00e9tablissements labellis\u00e9s Famille Plus sur la c\u00f4te atlantique, en M\u00e9diterran\u00e9e, dans les Alpes et dans le Massif Central.<\/p>\t\t\t\t\t\t\t\t<\/div>\n\t\t\t\t<\/div>\n\t\t\t\t<\/div>\n\t\t\t\t\t<\/details>\n\t\t\t\t\t\t<details id=\"e-n-accordion-item-1803\" class=\"e-n-accordion-item\" >\n\t\t\t\t<summary class=\"e-n-accordion-item-title\" data-accordion-index=\"4\" tabindex=\"-1\" aria-expanded=\"false\" aria-controls=\"e-n-accordion-item-1803\" >\n\t\t\t\t\t<span class='e-n-accordion-item-title-header'><div class=\"e-n-accordion-item-title-text\"> La Cl\u00e9 Verte garantit-elle que l'h\u00e9bergement est \"\u00e9cologique\" ? <\/div><\/span>\n\t\t\t\t\t\t\t<span class='e-n-accordion-item-title-icon'>\n\t\t\t<span class='e-opened' ><svg aria-hidden=\"true\" class=\"e-font-icon-svg e-fas-minus\" viewBox=\"0 0 448 512\" xmlns=\"http:\/\/www.w3.org\/2000\/svg\"><path d=\"M416 208H32c-17.67 0-32 14.33-32 32v32c0 17.67 14.33 32 32 32h384c17.67 0 32-14.33 32-32v-32c0-17.67-14.33-32-32-32z\"><\/path><\/svg><\/span>\n\t\t\t<span class='e-closed'><svg aria-hidden=\"true\" class=\"e-font-icon-svg e-fas-plus\" viewBox=\"0 0 448 512\" xmlns=\"http:\/\/www.w3.org\/2000\/svg\"><path d=\"M416 208H272V64c0-17.67-14.33-32-32-32h-32c-17.67 0-32 14.33-32 32v144H32c-17.67 0-32 14.33-32 32v32c0 17.67 14.33 32 32 32h144v144c0 17.67 14.33 32 32 32h32c17.67 0 32-14.33 32-32V304h144c17.67 0 32-14.33 32-32v-32c0-17.67-14.33-32-32-32z\"><\/path><\/svg><\/span>\n\t\t<\/span>\n\n\t\t\t\t\t\t<\/summary>\n\t\t\t\t<div role=\"region\" aria-labelledby=\"e-n-accordion-item-1803\" class=\"elementor-element elementor-element-e8ce6f6 e-con-full e-flex e-con e-child\" data-id=\"e8ce6f6\" data-element_type=\"container\" data-e-type=\"container\" data-settings=\"{&quot;jet_parallax_layout_list&quot;:[]}\">\n\t\t\t\t<div class=\"elementor-element elementor-element-3b0eaf7 elementor-widget elementor-widget-text-editor\" data-id=\"3b0eaf7\" data-element_type=\"widget\" data-e-type=\"widget\" data-widget_type=\"text-editor.default\">\n\t\t\t\t<div class=\"elementor-widget-container\">\n\t\t\t\t\t\t\t\t\t<p>La Cl\u00e9 Verte atteste d&#8217;une d\u00e9marche environnementale structur\u00e9e et contr\u00f4l\u00e9e, pas d&#8217;une perfection \u00e9cologique absolue. Elle signifie que l&#8217;\u00e9tablissement a mis en place des pratiques concr\u00e8tes \u2014 tri des d\u00e9chets, r\u00e9duction des consommations d&#8217;eau et d&#8217;\u00e9nergie, sensibilisation des clients \u2014 et qu&#8217;il est audit\u00e9 par un organisme ind\u00e9pendant. C&#8217;est un gage s\u00e9rieux d&#8217;engagement, reconnu dans plus de 60 pays.<\/p>\t\t\t\t\t\t\t\t<\/div>\n\t\t\t\t<\/div>\n\t\t\t\t<\/div>\n\t\t\t\t\t<\/details>\n\t\t\t\t\t\t<details id=\"e-n-accordion-item-1804\" class=\"e-n-accordion-item\" >\n\t\t\t\t<summary class=\"e-n-accordion-item-title\" data-accordion-index=\"5\" tabindex=\"-1\" aria-expanded=\"false\" aria-controls=\"e-n-accordion-item-1804\" >\n\t\t\t\t\t<span class='e-n-accordion-item-title-header'><div class=\"e-n-accordion-item-title-text\"> Le Pavillon Bleu concerne-t-il directement l'h\u00e9bergement ou la plage ? <\/div><\/span>\n\t\t\t\t\t\t\t<span class='e-n-accordion-item-title-icon'>\n\t\t\t<span class='e-opened' ><svg aria-hidden=\"true\" class=\"e-font-icon-svg e-fas-minus\" viewBox=\"0 0 448 512\" xmlns=\"http:\/\/www.w3.org\/2000\/svg\"><path d=\"M416 208H32c-17.67 0-32 14.33-32 32v32c0 17.67 14.33 32 32 32h384c17.67 0 32-14.33 32-32v-32c0-17.67-14.33-32-32-32z\"><\/path><\/svg><\/span>\n\t\t\t<span class='e-closed'><svg aria-hidden=\"true\" class=\"e-font-icon-svg e-fas-plus\" viewBox=\"0 0 448 512\" xmlns=\"http:\/\/www.w3.org\/2000\/svg\"><path d=\"M416 208H272V64c0-17.67-14.33-32-32-32h-32c-17.67 0-32 14.33-32 32v144H32c-17.67 0-32 14.33-32 32v32c0 17.67 14.33 32 32 32h144v144c0 17.67 14.33 32 32 32h32c17.67 0 32-14.33 32-32V304h144c17.67 0 32-14.33 32-32v-32c0-17.67-14.33-32-32-32z\"><\/path><\/svg><\/span>\n\t\t<\/span>\n\n\t\t\t\t\t\t<\/summary>\n\t\t\t\t<div role=\"region\" aria-labelledby=\"e-n-accordion-item-1804\" class=\"elementor-element elementor-element-bd65c17 e-con-full e-flex e-con e-child\" data-id=\"bd65c17\" data-element_type=\"container\" data-e-type=\"container\" data-settings=\"{&quot;jet_parallax_layout_list&quot;:[]}\">\n\t\t\t\t<div class=\"elementor-element elementor-element-c5f58e8 elementor-widget elementor-widget-text-editor\" data-id=\"c5f58e8\" data-element_type=\"widget\" data-e-type=\"widget\" data-widget_type=\"text-editor.default\">\n\t\t\t\t<div class=\"elementor-widget-container\">\n\t\t\t\t\t\t\t\t\t<p>Le Pavillon Bleu est attribu\u00e9 principalement aux communes, plages et ports. Lorsqu&#8217;un h\u00e9bergement Azureva indique ce label, cela signifie que l&#8217;\u00e9tablissement est \u00e0 proximit\u00e9 d&#8217;une plage ou d&#8217;un site baln\u00e9aire ayant obtenu cette distinction. C&#8217;est une information utile sur la qualit\u00e9 de l&#8217;environnement littoral dans lequel vous s\u00e9journerez.<\/p>\t\t\t\t\t\t\t\t<\/div>\n\t\t\t\t<\/div>\n\t\t\t\t<\/div>\n\t\t\t\t\t<\/details>\n\t\t\t\t\t\t<details id=\"e-n-accordion-item-1805\" class=\"e-n-accordion-item\" >\n\t\t\t\t<summary class=\"e-n-accordion-item-title\" data-accordion-index=\"6\" tabindex=\"-1\" aria-expanded=\"false\" aria-controls=\"e-n-accordion-item-1805\" >\n\t\t\t\t\t<span class='e-n-accordion-item-title-header'><div class=\"e-n-accordion-item-title-text\"> Qu'est-ce que le label Accueil V\u00e9lo et en quoi est-il utile pour les vacanciers ? <\/div><\/span>\n\t\t\t\t\t\t\t<span class='e-n-accordion-item-title-icon'>\n\t\t\t<span class='e-opened' ><svg aria-hidden=\"true\" class=\"e-font-icon-svg e-fas-minus\" viewBox=\"0 0 448 512\" xmlns=\"http:\/\/www.w3.org\/2000\/svg\"><path d=\"M416 208H32c-17.67 0-32 14.33-32 32v32c0 17.67 14.33 32 32 32h384c17.67 0 32-14.33 32-32v-32c0-17.67-14.33-32-32-32z\"><\/path><\/svg><\/span>\n\t\t\t<span class='e-closed'><svg aria-hidden=\"true\" class=\"e-font-icon-svg e-fas-plus\" viewBox=\"0 0 448 512\" xmlns=\"http:\/\/www.w3.org\/2000\/svg\"><path d=\"M416 208H272V64c0-17.67-14.33-32-32-32h-32c-17.67 0-32 14.33-32 32v144H32c-17.67 0-32 14.33-32 32v32c0 17.67 14.33 32 32 32h144v144c0 17.67 14.33 32 32 32h32c17.67 0 32-14.33 32-32V304h144c17.67 0 32-14.33 32-32v-32c0-17.67-14.33-32-32-32z\"><\/path><\/svg><\/span>\n\t\t<\/span>\n\n\t\t\t\t\t\t<\/summary>\n\t\t\t\t<div role=\"region\" aria-labelledby=\"e-n-accordion-item-1805\" class=\"elementor-element elementor-element-4e41a7c e-con-full e-flex e-con e-child\" data-id=\"4e41a7c\" data-element_type=\"container\" data-e-type=\"container\" data-settings=\"{&quot;jet_parallax_layout_list&quot;:[]}\">\n\t\t\t\t<div class=\"elementor-element elementor-element-95549ec elementor-widget elementor-widget-text-editor\" data-id=\"95549ec\" data-element_type=\"widget\" data-e-type=\"widget\" data-widget_type=\"text-editor.default\">\n\t\t\t\t<div class=\"elementor-widget-container\">\n\t\t\t\t\t\t\t\t\t<p>Le label Accueil V\u00e9lo identifie les h\u00e9bergements situ\u00e9s \u00e0 moins de 5 km d&#8217;un itin\u00e9raire cyclable national ou r\u00e9gional, proposant des services sp\u00e9cifiques aux cyclotouristes : espace s\u00e9curis\u00e9 pour les v\u00e9los, kit de r\u00e9paration, informations sur les itin\u00e9raires\u2026 Si vous envisagez des vacances \u00e0 v\u00e9lo en France \u2014 que ce soit sur la V\u00e9lodyss\u00e9e, la Scandib\u00e9rique ou un itin\u00e9raire r\u00e9gional \u2014 les \u00e9tablissements Azureva labellis\u00e9s Accueil V\u00e9lo sont des \u00e9tapes toutes d\u00e9sign\u00e9es.<\/p>\t\t\t\t\t\t\t\t<\/div>\n\t\t\t\t<\/div>\n\t\t\t\t<\/div>\n\t\t\t\t\t<\/details>\n\t\t\t\t\t\t<details id=\"e-n-accordion-item-1806\" class=\"e-n-accordion-item\" >\n\t\t\t\t<summary class=\"e-n-accordion-item-title\" data-accordion-index=\"7\" tabindex=\"-1\" aria-expanded=\"false\" aria-controls=\"e-n-accordion-item-1806\" >\n\t\t\t\t\t<span class='e-n-accordion-item-title-header'><div class=\"e-n-accordion-item-title-text\"> Quel label choisir pour un s\u00e9jour accessible en situation de handicap ? <\/div><\/span>\n\t\t\t\t\t\t\t<span class='e-n-accordion-item-title-icon'>\n\t\t\t<span class='e-opened' ><svg aria-hidden=\"true\" class=\"e-font-icon-svg e-fas-minus\" viewBox=\"0 0 448 512\" xmlns=\"http:\/\/www.w3.org\/2000\/svg\"><path d=\"M416 208H32c-17.67 0-32 14.33-32 32v32c0 17.67 14.33 32 32 32h384c17.67 0 32-14.33 32-32v-32c0-17.67-14.33-32-32-32z\"><\/path><\/svg><\/span>\n\t\t\t<span class='e-closed'><svg aria-hidden=\"true\" class=\"e-font-icon-svg e-fas-plus\" viewBox=\"0 0 448 512\" xmlns=\"http:\/\/www.w3.org\/2000\/svg\"><path d=\"M416 208H272V64c0-17.67-14.33-32-32-32h-32c-17.67 0-32 14.33-32 32v144H32c-17.67 0-32 14.33-32 32v32c0 17.67 14.33 32 32 32h144v144c0 17.67 14.33 32 32 32h32c17.67 0 32-14.33 32-32V304h144c17.67 0 32-14.33 32-32v-32c0-17.67-14.33-32-32-32z\"><\/path><\/svg><\/span>\n\t\t<\/span>\n\n\t\t\t\t\t\t<\/summary>\n\t\t\t\t<div role=\"region\" aria-labelledby=\"e-n-accordion-item-1806\" class=\"elementor-element elementor-element-8ba1d67 e-con-full e-flex e-con e-child\" data-id=\"8ba1d67\" data-element_type=\"container\" data-e-type=\"container\" data-settings=\"{&quot;jet_parallax_layout_list&quot;:[]}\">\n\t\t\t\t<div class=\"elementor-element elementor-element-76a6f8f elementor-widget elementor-widget-text-editor\" data-id=\"76a6f8f\" data-element_type=\"widget\" data-e-type=\"widget\" data-widget_type=\"text-editor.default\">\n\t\t\t\t<div class=\"elementor-widget-container\">\n\t\t\t\t\t\t\t\t\t<p>Le label Handiplage est le rep\u00e8re le plus pertinent pour les personnes \u00e0 mobilit\u00e9 r\u00e9duite souhaitant acc\u00e9der \u00e0 la plage. Il garantit la pr\u00e9sence d&#8217;\u00e9quipements adapt\u00e9s (fauteuils amphibies, acc\u00e8s am\u00e9nag\u00e9s\u2026) et d&#8217;un personnel sensibilis\u00e9. Pour un h\u00e9bergement lui-m\u00eame accessible, renseignez-vous directement aupr\u00e8s de l&#8217;\u00e9tablissement Azureva concern\u00e9 sur les am\u00e9nagements disponibles dans les chambres et les parties communes.<\/p>\t\t\t\t\t\t\t\t<\/div>\n\t\t\t\t<\/div>\n\t\t\t\t<\/div>\n\t\t\t\t\t<\/details>\n\t\t\t\t\t<\/div>\n\t\t\t\t\t\t<\/div>\n\t\t\t\t<\/div>\n\t\t\t\t\t<\/div>\n\t\t\t\t<\/div>\n\t\t<div class=\"elementor-element elementor-element-017f539 e-flex e-con-boxed e-con e-parent\" data-id=\"017f539\" data-element_type=\"container\" data-e-type=\"container\" data-settings=\"{&quot;jet_parallax_layout_list&quot;:[]}\">\n\t\t\t\t\t<div class=\"e-con-inner\">\n\t\t\t\t<div class=\"elementor-element elementor-element-87e5824 elementor-widget elementor-widget-spacer\" data-id=\"87e5824\" data-element_type=\"widget\" data-e-type=\"widget\" data-widget_type=\"spacer.default\">\n\t\t\t\t<div class=\"elementor-widget-container\">\n\t\t\t\t\t\t\t<div class=\"elementor-spacer\">\n\t\t\t<div class=\"elementor-spacer-inner\"><\/div>\n\t\t<\/div>\n\t\t\t\t\t\t<\/div>\n\t\t\t\t<\/div>\n\t\t\t\t<div class=\"elementor-element elementor-element-f5bf9bd elementor-widget elementor-widget-heading\" data-id=\"f5bf9bd\" data-element_type=\"widget\" data-e-type=\"widget\" data-widget_type=\"heading.default\">\n\t\t\t\t<div class=\"elementor-widget-container\">\n\t\t\t\t\t<h2 class=\"elementor-heading-title elementor-size-default\">En r\u00e9sum\u00e9...<\/h2>\t\t\t\t<\/div>\n\t\t\t\t<\/div>\n\t\t\t\t<div class=\"elementor-element elementor-element-c6a9996 elementor-widget elementor-widget-text-editor\" data-id=\"c6a9996\" data-element_type=\"widget\" data-e-type=\"widget\" data-widget_type=\"text-editor.default\">\n\t\t\t\t<div class=\"elementor-widget-container\">\n\t\t\t\t\t\t\t\t\t<p data-start=\"353\" data-end=\"500\">Cette page pr\u00e9sente l&#8217;ensemble des labels et certifications d\u00e9tenus par les villages vacances, r\u00e9sidences et campings Azureva en France. Sept distinctions sont r\u00e9pertori\u00e9es : le classement officiel par \u00e9toiles d\u00e9livr\u00e9 par Atout France, le label Famille Plus pour les h\u00e9bergements adapt\u00e9s aux familles avec enfants, la Cl\u00e9 Verte pour les \u00e9tablissements engag\u00e9s dans une d\u00e9marche environnementale certifi\u00e9e, le label Accueil V\u00e9lo pour les h\u00e9bergements proches d&#8217;itin\u00e9raires cyclables, la certification internationale Green Destinations pour les sites touristiques durables, le Pavillon Bleu pour les plages et littoraux de qualit\u00e9, et le label Handiplage pour l&#8217;accessibilit\u00e9 des plages aux personnes en situation de handicap. Ces labels couvrent l&#8217;ensemble du r\u00e9seau Azureva : de la Normandie au Pays Basque, de la Bretagne \u00e0 la M\u00e9diterran\u00e9e, des Alpes aux Pyr\u00e9n\u00e9es. Chaque label est attribu\u00e9 par un organisme ind\u00e9pendant, selon des crit\u00e8res objectifs et des contr\u00f4les r\u00e9guliers. Vous pouvez consulter le tableau r\u00e9capitulatif ci-dessus pour identifier, \u00e9tablissement par \u00e9tablissement, les distinctions obtenues et acc\u00e9der directement aux fiches de chaque h\u00e9bergement sur notre site.<\/p>\t\t\t\t\t\t\t\t<\/div>\n\t\t\t\t<\/div>\n\t\t\t\t\t<\/div>\n\t\t\t\t<\/div>\n\t\t<div class=\"elementor-element elementor-element-709714b e-flex e-con-boxed e-con e-parent\" data-id=\"709714b\" data-element_type=\"container\" data-e-type=\"container\" data-settings=\"{&quot;jet_parallax_layout_list&quot;:[]}\">\n\t\t\t\t\t<div class=\"e-con-inner\">\n\t\t\t\t<div class=\"elementor-element elementor-element-ff54430 elementor-widget elementor-widget-spacer\" data-id=\"ff54430\" data-element_type=\"widget\" data-e-type=\"widget\" data-widget_type=\"spacer.default\">\n\t\t\t\t<div class=\"elementor-widget-container\">\n\t\t\t\t\t\t\t<div class=\"elementor-spacer\">\n\t\t\t<div class=\"elementor-spacer-inner\"><\/div>\n\t\t<\/div>\n\t\t\t\t\t\t<\/div>\n\t\t\t\t<\/div>\n\t\t\t\t<div class=\"elementor-element elementor-element-4e6c0e6 elementor-widget-divider--view-line elementor-widget elementor-widget-divider\" data-id=\"4e6c0e6\" data-element_type=\"widget\" data-e-type=\"widget\" data-widget_type=\"divider.default\">\n\t\t\t\t<div class=\"elementor-widget-container\">\n\t\t\t\t\t\t\t<div class=\"elementor-divider\">\n\t\t\t<span class=\"elementor-divider-separator\">\n\t\t\t\t\t\t<\/span>\n\t\t<\/div>\n\t\t\t\t\t\t<\/div>\n\t\t\t\t<\/div>\n\t\t\t\t<div class=\"elementor-element elementor-element-d3560f1 elementor-widget elementor-widget-heading\" data-id=\"d3560f1\" data-element_type=\"widget\" data-e-type=\"widget\" data-widget_type=\"heading.default\">\n\t\t\t\t<div class=\"elementor-widget-container\">\n\t\t\t\t\t<h2 class=\"elementor-heading-title elementor-size-default\">Toutes nos destinations de vacances en France<\/h2>\t\t\t\t<\/div>\n\t\t\t\t<\/div>\n\t\t\t\t\t<\/div>\n\t\t\t\t<\/div>\n\t\t<div class=\"elementor-element elementor-element-262f7ffb e-con-full e-flex e-con e-parent\" data-id=\"262f7ffb\" data-element_type=\"container\" data-e-type=\"container\" data-settings=\"{&quot;background_background&quot;:&quot;classic&quot;,&quot;jet_parallax_layout_list&quot;:[]}\">\n\t\t\t\t<div class=\"elementor-element elementor-element-6de00d14 elementor-widget__width-initial elementor-hidden-mobile elementor-widget elementor-widget-jet-listing-grid\" data-id=\"6de00d14\" data-element_type=\"widget\" data-e-type=\"widget\" id=\"map-aside\" data-settings=\"{&quot;columns&quot;:&quot;3&quot;,&quot;columns_tablet&quot;:&quot;2&quot;,&quot;columns_mobile&quot;:&quot;1&quot;}\" data-widget_type=\"jet-listing-grid.default\">\n\t\t\t\t<div class=\"elementor-widget-container\">\n\t\t\t\t\t<div class=\"jet-listing-grid jet-listing\"><div class=\"jet-listing-not-found jet-listing-grid__items\" data-nav=\"{&quot;enabled&quot;:false,&quot;type&quot;:null,&quot;more_el&quot;:null,&quot;query&quot;:[],&quot;widget_settings&quot;:{&quot;lisitng_id&quot;:255,&quot;posts_num&quot;:1000,&quot;columns&quot;:3,&quot;columns_tablet&quot;:2,&quot;columns_mobile&quot;:1,&quot;column_min_width&quot;:240,&quot;column_min_width_tablet&quot;:240,&quot;column_min_width_mobile&quot;:240,&quot;inline_columns_css&quot;:false,&quot;is_archive_template&quot;:&quot;&quot;,&quot;post_status&quot;:[&quot;publish&quot;],&quot;use_random_posts_num&quot;:&quot;&quot;,&quot;max_posts_num&quot;:9,&quot;not_found_message&quot;:&quot;Aucun r\\u00e9sultat ne correspond \\u00e0 votre recherche&quot;,&quot;is_masonry&quot;:false,&quot;equal_columns_height&quot;:&quot;&quot;,&quot;use_load_more&quot;:&quot;&quot;,&quot;load_more_id&quot;:&quot;&quot;,&quot;load_more_type&quot;:&quot;click&quot;,&quot;load_more_offset&quot;:null,&quot;use_custom_post_types&quot;:&quot;&quot;,&quot;custom_post_types&quot;:[],&quot;hide_widget_if&quot;:&quot;&quot;,&quot;carousel_enabled&quot;:&quot;&quot;,&quot;slides_to_scroll&quot;:&quot;1&quot;,&quot;arrows&quot;:&quot;true&quot;,&quot;arrow_icon&quot;:&quot;fa fa-angle-left&quot;,&quot;dots&quot;:&quot;&quot;,&quot;autoplay&quot;:&quot;true&quot;,&quot;pause_on_hover&quot;:&quot;true&quot;,&quot;autoplay_speed&quot;:5000,&quot;infinite&quot;:&quot;true&quot;,&quot;center_mode&quot;:&quot;&quot;,&quot;effect&quot;:&quot;slide&quot;,&quot;speed&quot;:500,&quot;inject_alternative_items&quot;:&quot;&quot;,&quot;injection_items&quot;:[],&quot;scroll_slider_enabled&quot;:&quot;&quot;,&quot;scroll_slider_on&quot;:[&quot;desktop&quot;,&quot;tablet&quot;,&quot;mobile&quot;],&quot;custom_query&quot;:&quot;yes&quot;,&quot;custom_query_id&quot;:&quot;42&quot;,&quot;_element_id&quot;:&quot;map-aside&quot;,&quot;collapse_first_last_gap&quot;:false,&quot;list_tag_selection&quot;:&quot;&quot;,&quot;list_items_wrapper_tag&quot;:&quot;div&quot;,&quot;list_item_tag&quot;:&quot;div&quot;,&quot;empty_items_wrapper_tag&quot;:&quot;div&quot;}}\" data-listing-source=\"query\" data-listing-id=\"255\" data-query-id=\"42\" data-queried-id=\"116839|WP_Post\">Aucun r\u00e9sultat ne correspond \u00e0 votre recherche<\/div><\/div>\t\t\t\t<\/div>\n\t\t\t\t<\/div>\n\t\t\t\t<div class=\"elementor-element elementor-element-27ea0457 elementor-widget__width-initial elementor-hidden-desktop elementor-hidden-tablet elementor-widget elementor-widget-jet-listing-grid\" data-id=\"27ea0457\" data-element_type=\"widget\" data-e-type=\"widget\" id=\"map-aside-responsive\" data-settings=\"{&quot;columns&quot;:&quot;3&quot;,&quot;columns_tablet&quot;:&quot;1&quot;,&quot;columns_mobile&quot;:&quot;1&quot;}\" data-widget_type=\"jet-listing-grid.default\">\n\t\t\t\t<div class=\"elementor-widget-container\">\n\t\t\t\t\t<div class=\"jet-listing-grid jet-listing\"><div class=\"jet-listing-not-found jet-listing-grid__items\" data-nav=\"{&quot;enabled&quot;:false,&quot;type&quot;:null,&quot;more_el&quot;:null,&quot;query&quot;:[],&quot;widget_settings&quot;:{&quot;lisitng_id&quot;:255,&quot;posts_num&quot;:1000,&quot;columns&quot;:3,&quot;columns_tablet&quot;:1,&quot;columns_mobile&quot;:1,&quot;column_min_width&quot;:240,&quot;column_min_width_tablet&quot;:240,&quot;column_min_width_mobile&quot;:240,&quot;inline_columns_css&quot;:false,&quot;is_archive_template&quot;:&quot;&quot;,&quot;post_status&quot;:[&quot;publish&quot;],&quot;use_random_posts_num&quot;:&quot;&quot;,&quot;max_posts_num&quot;:9,&quot;not_found_message&quot;:&quot;Aucun r\\u00e9sultat ne correspond \\u00e0 votre recherche&quot;,&quot;is_masonry&quot;:false,&quot;equal_columns_height&quot;:&quot;&quot;,&quot;use_load_more&quot;:&quot;&quot;,&quot;load_more_id&quot;:&quot;&quot;,&quot;load_more_type&quot;:&quot;click&quot;,&quot;load_more_offset&quot;:null,&quot;use_custom_post_types&quot;:&quot;&quot;,&quot;custom_post_types&quot;:[],&quot;hide_widget_if&quot;:&quot;&quot;,&quot;carousel_enabled&quot;:&quot;yes&quot;,&quot;slides_to_scroll&quot;:&quot;1&quot;,&quot;arrows&quot;:&quot;true&quot;,&quot;arrow_icon&quot;:&quot;fa fa-angle-left&quot;,&quot;dots&quot;:&quot;&quot;,&quot;autoplay&quot;:&quot;true&quot;,&quot;pause_on_hover&quot;:&quot;true&quot;,&quot;autoplay_speed&quot;:5000,&quot;infinite&quot;:&quot;true&quot;,&quot;center_mode&quot;:&quot;&quot;,&quot;effect&quot;:&quot;slide&quot;,&quot;speed&quot;:500,&quot;inject_alternative_items&quot;:&quot;&quot;,&quot;injection_items&quot;:[],&quot;scroll_slider_enabled&quot;:&quot;&quot;,&quot;scroll_slider_on&quot;:[&quot;desktop&quot;,&quot;tablet&quot;,&quot;mobile&quot;],&quot;custom_query&quot;:&quot;yes&quot;,&quot;custom_query_id&quot;:&quot;42&quot;,&quot;_element_id&quot;:&quot;map-aside-responsive&quot;,&quot;collapse_first_last_gap&quot;:&quot;true&quot;,&quot;list_tag_selection&quot;:&quot;&quot;,&quot;list_items_wrapper_tag&quot;:&quot;div&quot;,&quot;list_item_tag&quot;:&quot;div&quot;,&quot;empty_items_wrapper_tag&quot;:&quot;div&quot;}}\" data-listing-source=\"query\" data-listing-id=\"255\" data-query-id=\"42\" data-queried-id=\"116839|WP_Post\">Aucun r\u00e9sultat ne correspond \u00e0 votre recherche<\/div><\/div>\t\t\t\t<\/div>\n\t\t\t\t<\/div>\n\t\t\t\t<div class=\"elementor-element elementor-element-73aefc95 elementor-widget__width-initial elementor-widget elementor-widget-jet-engine-maps-listing\" data-id=\"73aefc95\" data-element_type=\"widget\" data-e-type=\"widget\" data-widget_type=\"jet-engine-maps-listing.default\">\n\t\t\t\t<div class=\"elementor-widget-container\">\n\t\t\t\t\t<div class=\"jet-map-listing jet-listing-grid--255 popup-has-pin leaflet-provider\" data-init=\"{&quot;zoomControl&quot;:true,&quot;fullscreenControl&quot;:false,&quot;streetViewControl&quot;:false,&quot;mapTypeControl&quot;:true}\" data-markers=\"[]\" data-general=\"{&quot;api&quot;:&quot;https:\\\/\\\/www.azureva-vacances.com\\\/fr\\\/wp-json\\\/jet-engine\\\/v2\\\/get-map-marker-info\\\/&quot;,&quot;restNonce&quot;:&quot;698a75b315&quot;,&quot;listingID&quot;:255,&quot;source&quot;:&quot;posts&quot;,&quot;width&quot;:350,&quot;offset&quot;:50,&quot;clustererImg&quot;:&quot;https:\\\/\\\/www.azureva-vacances.com\\\/wp-content\\\/plugins\\\/jet-engine\\\/includes\\\/modules\\\/maps-listings\\\/assets\\\/lib\\\/markerclustererplus\\\/img\\\/m&quot;,&quot;marker&quot;:{&quot;type&quot;:&quot;icon&quot;,&quot;html&quot;:&quot;&lt;div class=\\&quot;jet-map-marker jet-map-marker-default apply-fill is-svg-icon\\&quot;&gt;&lt;svg class=\\&quot;e-font-icon-svg e-fas-map-marker-alt\\&quot; aria-hidden=\\&quot;true\\&quot; viewBox=\\&quot;0 0 384 512\\&quot; xmlns=\\&quot;http:\\\/\\\/www.w3.org\\\/2000\\\/svg\\&quot;&gt;&lt;path d=\\&quot;M172.268 501.67C26.97 291.031 0 269.413 0 192 0 85.961 85.961 0 192 0s192 85.961 192 192c0 77.413-26.97 99.031-172.268 309.67-9.535 13.774-29.93 13.773-39.464 0zM192 272c44.183 0 80-35.817 80-80s-35.817-80-80-80-80 35.817-80 80 35.817 80 80 80z\\&quot;&gt;&lt;\\\/path&gt;&lt;\\\/svg&gt;&lt;\\\/div&gt;&quot;},&quot;autoCenter&quot;:true,&quot;maxZoom&quot;:18,&quot;minZoom&quot;:4,&quot;customCenter&quot;:false,&quot;customZoom&quot;:11,&quot;popupPreloader&quot;:true,&quot;querySeparator&quot;:&quot;?&quot;,&quot;markerClustering&quot;:true,&quot;customClusterImg&quot;:[],&quot;clusterMaxZoom&quot;:&quot;&quot;,&quot;clusterRadius&quot;:20,&quot;popupOpenOn&quot;:&quot;click&quot;,&quot;centeringOnOpen&quot;:true,&quot;zoomOnOpen&quot;:false,&quot;advanced&quot;:{&quot;zoom_control&quot;:&quot;auto&quot;,&quot;scrollwheel&quot;:true},&quot;user_location_enabled&quot;:false,&quot;user_location_marker&quot;:false,&quot;user_location_label&quot;:&quot;&quot;,&quot;queryID&quot;:42,&quot;querySignature&quot;:&quot;a167fc3e3a446de3cfb813f50e2a2c502e4ad77b8ae86ff708d0cafa858563ad&quot;}\" data-listing-source=\"query\" data-query-id=\"42\" data-queried-id=\"116839|WP_Post\"><\/div>\t\t\t\t<\/div>\n\t\t\t\t<\/div>\n\t\t\t\t<\/div>\n\t\t\t\t<\/div>\n\t\t","protected":false},"excerpt":{"rendered":"<p>Label et certification de village et r\u00e9sidence de vacances en France Choisir un h\u00e9bergement de vacances, c&#8217;est aussi choisir un niveau de qualit\u00e9, d&#8217;engagement environnemental et d&#8217;accueil. Chez Azureva, nos villages vacances, r\u00e9sidences et campings sont r\u00e9partis dans toute la France \u2014 de la c\u00f4te atlantique aux sommets alpins, des plages m\u00e9diterran\u00e9ennes aux for\u00eats vosgienne [&hellip;]<\/p>\n","protected":false},"author":2,"featured_media":0,"parent":0,"menu_order":0,"comment_status":"closed","ping_status":"closed","template":"full-width.php","meta":{"_acf_changed":false,"_yoast_wpseo_focuskw":"","_yoast_wpseo_metadesc":"D\u00e9couvrez les labels et certifications dont disposent nos villages et r\u00e9sidences de vacances en France : oc\u00e9an, mer, campagne et montagne.","rank_math_description":"","rank_math_title":"","rank_math_focus_keyword":"","footnotes":""},"class_list":["post-116839","page","type-page","status-publish","hentry"],"acf":[],"yoast_head":"<!-- This site is optimized with the Yoast SEO plugin v28.0 - https:\/\/yoast.com\/product\/yoast-seo-wordpress\/ -->\n<title>Label et certification de village et r\u00e9sidence de vacances en France<\/title>\n<meta name=\"description\" content=\"D\u00e9couvrez les labels et certifications dont disposent nos villages et r\u00e9sidences de vacances en France : oc\u00e9an, mer, campagne et montagne.\" \/>\n<meta name=\"robots\" content=\"index, follow, max-snippet:-1, max-image-preview:large, max-video-preview:-1\" \/>\n<link rel=\"canonical\" href=\"https:\/\/www.azureva-vacances.com\/fr\/label-certification-vacances-france\/\" \/>\n<meta property=\"og:locale\" content=\"fr_FR\" \/>\n<meta property=\"og:type\" content=\"article\" \/>\n<meta property=\"og:title\" content=\"Label et certification de village et r\u00e9sidence de vacances en France\" \/>\n<meta property=\"og:description\" content=\"D\u00e9couvrez les labels et certifications dont disposent nos villages et r\u00e9sidences de vacances en France : oc\u00e9an, mer, campagne et montagne.\" \/>\n<meta property=\"og:url\" content=\"https:\/\/www.azureva-vacances.com\/fr\/label-certification-vacances-france\/\" \/>\n<meta property=\"og:site_name\" content=\"Azureva Vacances en France\" \/>\n<meta property=\"article:publisher\" content=\"https:\/\/www.facebook.com\/AzurevaVacances\/\" \/>\n<meta property=\"article:modified_time\" content=\"2026-04-09T15:05:13+00:00\" \/>\n<meta property=\"og:image\" content=\"https:\/\/www.azureva-vacances.com\/wp-content\/uploads\/2026\/04\/logo-label-atout-france.jpg\" \/>\n\t<meta property=\"og:image:width\" content=\"400\" \/>\n\t<meta property=\"og:image:height\" content=\"400\" \/>\n\t<meta property=\"og:image:type\" content=\"image\/jpeg\" \/>\n<meta name=\"twitter:card\" content=\"summary_large_image\" \/>\n<meta name=\"twitter:label1\" content=\"Est. reading time\" \/>\n\t<meta name=\"twitter:data1\" content=\"82 minutes\" \/>\n<script type=\"application\/ld+json\" class=\"yoast-schema-graph\">{\"@context\":\"https:\\\/\\\/schema.org\",\"@graph\":[{\"@type\":\"WebPage\",\"@id\":\"https:\\\/\\\/www.azureva-vacances.com\\\/fr\\\/label-certification-vacances-france\\\/\",\"url\":\"https:\\\/\\\/www.azureva-vacances.com\\\/fr\\\/label-certification-vacances-france\\\/\",\"name\":\"Label et certification de village et r\u00e9sidence de vacances en France\",\"isPartOf\":{\"@id\":\"https:\\\/\\\/www.azureva-vacances.com\\\/fr\\\/#website\"},\"primaryImageOfPage\":{\"@id\":\"https:\\\/\\\/www.azureva-vacances.com\\\/fr\\\/label-certification-vacances-france\\\/#primaryimage\"},\"image\":{\"@id\":\"https:\\\/\\\/www.azureva-vacances.com\\\/fr\\\/label-certification-vacances-france\\\/#primaryimage\"},\"thumbnailUrl\":\"https:\\\/\\\/www.azureva-vacances.com\\\/wp-content\\\/uploads\\\/2026\\\/04\\\/logo-label-atout-france-300x300.jpg\",\"datePublished\":\"2026-04-09T10:45:19+00:00\",\"dateModified\":\"2026-04-09T15:05:13+00:00\",\"description\":\"D\u00e9couvrez les labels et certifications dont disposent nos villages et r\u00e9sidences de vacances en France : oc\u00e9an, mer, campagne et montagne.\",\"breadcrumb\":{\"@id\":\"https:\\\/\\\/www.azureva-vacances.com\\\/fr\\\/label-certification-vacances-france\\\/#breadcrumb\"},\"inLanguage\":\"fr\",\"potentialAction\":[{\"@type\":\"ReadAction\",\"target\":[\"https:\\\/\\\/www.azureva-vacances.com\\\/fr\\\/label-certification-vacances-france\\\/\"]}]},{\"@type\":\"ImageObject\",\"inLanguage\":\"fr\",\"@id\":\"https:\\\/\\\/www.azureva-vacances.com\\\/fr\\\/label-certification-vacances-france\\\/#primaryimage\",\"url\":\"https:\\\/\\\/www.azureva-vacances.com\\\/wp-content\\\/uploads\\\/2026\\\/04\\\/logo-label-atout-france-300x300.jpg\",\"contentUrl\":\"https:\\\/\\\/www.azureva-vacances.com\\\/wp-content\\\/uploads\\\/2026\\\/04\\\/logo-label-atout-france-300x300.jpg\"},{\"@type\":\"BreadcrumbList\",\"@id\":\"https:\\\/\\\/www.azureva-vacances.com\\\/fr\\\/label-certification-vacances-france\\\/#breadcrumb\",\"itemListElement\":[{\"@type\":\"ListItem\",\"position\":1,\"name\":\"Accueil\",\"item\":\"https:\\\/\\\/www.azureva-vacances.com\\\/fr\\\/\"},{\"@type\":\"ListItem\",\"position\":2,\"name\":\"Label et certification de village et r\u00e9sidence de vacances en France\"}]},{\"@type\":\"WebSite\",\"@id\":\"https:\\\/\\\/www.azureva-vacances.com\\\/fr\\\/#website\",\"url\":\"https:\\\/\\\/www.azureva-vacances.com\\\/fr\\\/\",\"name\":\"Azureva Vacances\",\"description\":\"\",\"publisher\":{\"@id\":\"https:\\\/\\\/www.azureva-vacances.com\\\/fr\\\/#organization\"},\"potentialAction\":[{\"@type\":\"SearchAction\",\"target\":{\"@type\":\"EntryPoint\",\"urlTemplate\":\"https:\\\/\\\/www.azureva-vacances.com\\\/fr\\\/?s={search_term_string}\"},\"query-input\":{\"@type\":\"PropertyValueSpecification\",\"valueRequired\":true,\"valueName\":\"search_term_string\"}}],\"inLanguage\":\"fr\"},{\"@type\":\"Organization\",\"@id\":\"https:\\\/\\\/www.azureva-vacances.com\\\/fr\\\/#organization\",\"name\":\"Azureva Vacances\",\"url\":\"https:\\\/\\\/www.azureva-vacances.com\\\/fr\\\/\",\"logo\":{\"@type\":\"ImageObject\",\"inLanguage\":\"fr\",\"@id\":\"https:\\\/\\\/www.azureva-vacances.com\\\/fr\\\/#\\\/schema\\\/logo\\\/image\\\/\",\"url\":\"https:\\\/\\\/www.azureva-vacances.com\\\/wp-content\\\/uploads\\\/2025\\\/01\\\/logo.svg\",\"contentUrl\":\"https:\\\/\\\/www.azureva-vacances.com\\\/wp-content\\\/uploads\\\/2025\\\/01\\\/logo.svg\",\"caption\":\"Azureva Vacances\"},\"image\":{\"@id\":\"https:\\\/\\\/www.azureva-vacances.com\\\/fr\\\/#\\\/schema\\\/logo\\\/image\\\/\"},\"sameAs\":[\"https:\\\/\\\/www.facebook.com\\\/AzurevaVacances\\\/\",\"https:\\\/\\\/www.instagram.com\\\/azurevavacances\\\/\",\"https:\\\/\\\/www.tiktok.com\\\/@azureva_vacances\",\"https:\\\/\\\/www.youtube.com\\\/user\\\/vacancesazureva\",\"https:\\\/\\\/www.linkedin.com\\\/company\\\/azureva\\\/mycompany\\\/\"]}]}<\/script>\n<!-- \/ Yoast SEO plugin. -->","yoast_head_json":{"title":"Label et certification de village et r\u00e9sidence de vacances en France","description":"D\u00e9couvrez les labels et certifications dont disposent nos villages et r\u00e9sidences de vacances en France : oc\u00e9an, mer, campagne et montagne.","robots":{"index":"index","follow":"follow","max-snippet":"max-snippet:-1","max-image-preview":"max-image-preview:large","max-video-preview":"max-video-preview:-1"},"canonical":"https:\/\/www.azureva-vacances.com\/fr\/label-certification-vacances-france\/","og_locale":"fr_FR","og_type":"article","og_title":"Label et certification de village et r\u00e9sidence de vacances en France","og_description":"D\u00e9couvrez les labels et certifications dont disposent nos villages et r\u00e9sidences de vacances en France : oc\u00e9an, mer, campagne et montagne.","og_url":"https:\/\/www.azureva-vacances.com\/fr\/label-certification-vacances-france\/","og_site_name":"Azureva Vacances en France","article_publisher":"https:\/\/www.facebook.com\/AzurevaVacances\/","article_modified_time":"2026-04-09T15:05:13+00:00","og_image":[{"width":400,"height":400,"url":"https:\/\/www.azureva-vacances.com\/wp-content\/uploads\/2026\/04\/logo-label-atout-france.jpg","type":"image\/jpeg"}],"twitter_card":"summary_large_image","twitter_misc":{"Est. reading time":"82 minutes"},"schema":{"@context":"https:\/\/schema.org","@graph":[{"@type":"WebPage","@id":"https:\/\/www.azureva-vacances.com\/fr\/label-certification-vacances-france\/","url":"https:\/\/www.azureva-vacances.com\/fr\/label-certification-vacances-france\/","name":"Label et certification de village et r\u00e9sidence de vacances en France","isPartOf":{"@id":"https:\/\/www.azureva-vacances.com\/fr\/#website"},"primaryImageOfPage":{"@id":"https:\/\/www.azureva-vacances.com\/fr\/label-certification-vacances-france\/#primaryimage"},"image":{"@id":"https:\/\/www.azureva-vacances.com\/fr\/label-certification-vacances-france\/#primaryimage"},"thumbnailUrl":"https:\/\/www.azureva-vacances.com\/wp-content\/uploads\/2026\/04\/logo-label-atout-france-300x300.jpg","datePublished":"2026-04-09T10:45:19+00:00","dateModified":"2026-04-09T15:05:13+00:00","description":"D\u00e9couvrez les labels et certifications dont disposent nos villages et r\u00e9sidences de vacances en France : oc\u00e9an, mer, campagne et montagne.","breadcrumb":{"@id":"https:\/\/www.azureva-vacances.com\/fr\/label-certification-vacances-france\/#breadcrumb"},"inLanguage":"fr","potentialAction":[{"@type":"ReadAction","target":["https:\/\/www.azureva-vacances.com\/fr\/label-certification-vacances-france\/"]}]},{"@type":"ImageObject","inLanguage":"fr","@id":"https:\/\/www.azureva-vacances.com\/fr\/label-certification-vacances-france\/#primaryimage","url":"https:\/\/www.azureva-vacances.com\/wp-content\/uploads\/2026\/04\/logo-label-atout-france-300x300.jpg","contentUrl":"https:\/\/www.azureva-vacances.com\/wp-content\/uploads\/2026\/04\/logo-label-atout-france-300x300.jpg"},{"@type":"BreadcrumbList","@id":"https:\/\/www.azureva-vacances.com\/fr\/label-certification-vacances-france\/#breadcrumb","itemListElement":[{"@type":"ListItem","position":1,"name":"Accueil","item":"https:\/\/www.azureva-vacances.com\/fr\/"},{"@type":"ListItem","position":2,"name":"Label et certification de village et r\u00e9sidence de vacances en France"}]},{"@type":"WebSite","@id":"https:\/\/www.azureva-vacances.com\/fr\/#website","url":"https:\/\/www.azureva-vacances.com\/fr\/","name":"Azureva Vacances","description":"","publisher":{"@id":"https:\/\/www.azureva-vacances.com\/fr\/#organization"},"potentialAction":[{"@type":"SearchAction","target":{"@type":"EntryPoint","urlTemplate":"https:\/\/www.azureva-vacances.com\/fr\/?s={search_term_string}"},"query-input":{"@type":"PropertyValueSpecification","valueRequired":true,"valueName":"search_term_string"}}],"inLanguage":"fr"},{"@type":"Organization","@id":"https:\/\/www.azureva-vacances.com\/fr\/#organization","name":"Azureva Vacances","url":"https:\/\/www.azureva-vacances.com\/fr\/","logo":{"@type":"ImageObject","inLanguage":"fr","@id":"https:\/\/www.azureva-vacances.com\/fr\/#\/schema\/logo\/image\/","url":"https:\/\/www.azureva-vacances.com\/wp-content\/uploads\/2025\/01\/logo.svg","contentUrl":"https:\/\/www.azureva-vacances.com\/wp-content\/uploads\/2025\/01\/logo.svg","caption":"Azureva Vacances"},"image":{"@id":"https:\/\/www.azureva-vacances.com\/fr\/#\/schema\/logo\/image\/"},"sameAs":["https:\/\/www.facebook.com\/AzurevaVacances\/","https:\/\/www.instagram.com\/azurevavacances\/","https:\/\/www.tiktok.com\/@azureva_vacances","https:\/\/www.youtube.com\/user\/vacancesazureva","https:\/\/www.linkedin.com\/company\/azureva\/mycompany\/"]}]}},"_links":{"self":[{"href":"https:\/\/www.azureva-vacances.com\/fr\/wp-json\/wp\/v2\/pages\/116839","targetHints":{"allow":["GET"]}}],"collection":[{"href":"https:\/\/www.azureva-vacances.com\/fr\/wp-json\/wp\/v2\/pages"}],"about":[{"href":"https:\/\/www.azureva-vacances.com\/fr\/wp-json\/wp\/v2\/types\/page"}],"author":[{"embeddable":true,"href":"https:\/\/www.azureva-vacances.com\/fr\/wp-json\/wp\/v2\/users\/2"}],"replies":[{"embeddable":true,"href":"https:\/\/www.azureva-vacances.com\/fr\/wp-json\/wp\/v2\/comments?post=116839"}],"version-history":[{"count":5,"href":"https:\/\/www.azureva-vacances.com\/fr\/wp-json\/wp\/v2\/pages\/116839\/revisions"}],"predecessor-version":[{"id":118235,"href":"https:\/\/www.azureva-vacances.com\/fr\/wp-json\/wp\/v2\/pages\/116839\/revisions\/118235"}],"wp:attachment":[{"href":"https:\/\/www.azureva-vacances.com\/fr\/wp-json\/wp\/v2\/media?parent=116839"}],"curies":[{"name":"wp","href":"https:\/\/api.w.org\/{rel}","templated":true}]}}